{"id":1375,"date":"2025-04-10T16:27:01","date_gmt":"2025-04-10T16:27:01","guid":{"rendered":"https:\/\/kurabotanica.com\/blog\/"},"modified":"2025-05-12T13:50:01","modified_gmt":"2025-05-12T13:50:01","slug":"blog","status":"publish","type":"page","link":"https:\/\/kurabotanica.com\/es\/blog\/","title":{"rendered":"Blog"},"content":{"rendered":"\n\t<section class=\"section\" id=\"section_1771355602\">\n\t\t<div class=\"section-bg fill\" >\n\t\t\t\t\t\t\t\t\t\n\t\t\t\n\n\t\t<\/div>\n\n\t\t\n\n\t\t<div class=\"section-content relative\">\n\t\t\t\n<div class=\"row row-collapse\"  id=\"row-667154213\">\n\n\t<div id=\"col-173813886\" class=\"col small-12 large-12\"  >\n\t\t\t\t<div class=\"col-inner\"  >\n\t\t\t\n\t\t\t\n\t<div id=\"text-4267009233\" class=\"text\">\n\t\t\n<p class=\"h1-type\" style=\"font-weight: 100; margin: 0px;\">BLOG<\/p>\n\t\t\n<style>\n#text-4267009233 {\n  text-align: center;\n  color: rgb(0,0,0);\n}\n#text-4267009233 > * {\n  color: rgb(0,0,0);\n}\n<\/style>\n\t<\/div>\n\t\n\t<div id=\"gap-1885610691\" class=\"gap-element clearfix\" style=\"display:block; height:auto;\">\n\t\t\n<style>\n#gap-1885610691 {\n  padding-top: 2rem;\n}\n<\/style>\n\t<\/div>\n\t\n\t\t<\/div>\n\t\t\t\t\t<\/div>\n\n\t\n<\/div>\n\t<div class=\"img has-hover show-for-small x md-x lg-x y md-y lg-y\" id=\"image_572947638\">\n\t\t\t\t\t\t\t\t<div class=\"img-inner image-cover dark\" style=\"padding-top:75%;\">\n\t\t\t<img decoding=\"async\" width=\"1726\" height=\"472\" src=\"https:\/\/kurabotanica.com\/wp-content\/uploads\/2025\/04\/St-Anna-Bay-Kura-Botanica.webp\" class=\"attachment-original size-original\" alt=\"\" srcset=\"https:\/\/kurabotanica.com\/wp-content\/uploads\/2025\/04\/St-Anna-Bay-Kura-Botanica.webp 1726w, https:\/\/kurabotanica.com\/wp-content\/uploads\/2025\/04\/St-Anna-Bay-Kura-Botanica-800x219.webp 800w, https:\/\/kurabotanica.com\/wp-content\/uploads\/2025\/04\/St-Anna-Bay-Kura-Botanica-1400x383.webp 1400w, https:\/\/kurabotanica.com\/wp-content\/uploads\/2025\/04\/St-Anna-Bay-Kura-Botanica-768x210.webp 768w, https:\/\/kurabotanica.com\/wp-content\/uploads\/2025\/04\/St-Anna-Bay-Kura-Botanica-1536x420.webp 1536w\" sizes=\"(max-width: 1726px) 100vw, 1726px\" \/>\t\t\t\t\t\t\n\t\t\t\t\t<\/div>\n\t\t\t\t\t\t\t\t\n<style>\n#image_572947638 {\n  width: 100%;\n}\n<\/style>\n\t<\/div>\n\t\n\t<div class=\"img has-hover hide-for-small x md-x lg-x y md-y lg-y\" id=\"image_1689354676\">\n\t\t\t\t\t\t\t\t<div class=\"img-inner image-cover dark\" style=\"padding-top:30%;\">\n\t\t\t<img decoding=\"async\" width=\"1075\" height=\"650\" src=\"https:\/\/kurabotanica.com\/wp-content\/uploads\/2025\/04\/Carousel-Kura-Botanica-2.webp\" class=\"attachment-original size-original\" alt=\"\" srcset=\"https:\/\/kurabotanica.com\/wp-content\/uploads\/2025\/04\/Carousel-Kura-Botanica-2.webp 1075w, https:\/\/kurabotanica.com\/wp-content\/uploads\/2025\/04\/Carousel-Kura-Botanica-2-662x400.webp 662w, https:\/\/kurabotanica.com\/wp-content\/uploads\/2025\/04\/Carousel-Kura-Botanica-2-768x464.webp 768w\" sizes=\"(max-width: 1075px) 100vw, 1075px\" \/>\t\t\t\t\t\t\n\t\t\t\t\t<\/div>\n\t\t\t\t\t\t\t\t\n<style>\n#image_1689354676 {\n  width: 100%;\n}\n<\/style>\n\t<\/div>\n\t\n\t<div id=\"gap-645757847\" class=\"gap-element clearfix\" style=\"display:block; height:auto;\">\n\t\t\n<style>\n#gap-645757847 {\n  padding-top: 3rem;\n}\n<\/style>\n\t<\/div>\n\t\n<div class=\"row align-center\"  id=\"row-1640574288\">\n\n\t<div id=\"col-1709154586\" class=\"col medium-8 small-12 large-8\"  >\n\t\t\t\t<div class=\"col-inner text-center\"  >\n\t\t\t\n\t\t\t\n\t<div id=\"text-1455125322\" class=\"text\">\n\t\t\n<h2 style=\"text-align: center; color: #cd837a; font-weight: 300; font-size: 1.2rem;\">Kura Botanica Hotel Cura\u00e7ao Blog<\/h2>\n<h1 style=\"text-align: center; font-weight: 300; font-size: 2.5rem; line-height: 3rem; padding-bottom: 0.9rem;\">Gu\u00eda de viaje de Cura\u00e7ao<\/h1>\n<p>\u00bfEst\u00e1 planeando una escapada al Caribe? No busque m\u00e1s all\u00e1 de la vibrante isla de Cura\u00e7ao, una joya escondida conocida por su colorida arquitectura, sus aguas cristalinas y su rico patrimonio cultural. Tanto si eres un amante de la playa, un apasionado de la historia o un amante de la gastronom\u00eda, esta gu\u00eda de viaje de Cura\u00e7ao te ayudar\u00e1 a descubrir las experiencias m\u00e1s inolvidables de la isla.  <\/p>\n<p>Desde el momento de su llegada, Cura\u00e7ao le da la bienvenida con una mezcla \u00fanica de encanto colonial holand\u00e9s y alma isle\u00f1a, haciendo que cada momento sea como un sue\u00f1o.<\/p>\n\t\t\n<style>\n#text-1455125322 {\n  text-align: center;\n}\n<\/style>\n\t<\/div>\n\t\n\t<div id=\"gap-286462759\" class=\"gap-element clearfix\" style=\"display:block; height:auto;\">\n\t\t\n<style>\n#gap-286462759 {\n  padding-top: 2rem;\n}\n<\/style>\n\t<\/div>\n\t\n\t\t<\/div>\n\t\t\t\t\t<\/div>\n\n\t\n<\/div>\n\t\t<\/div>\n\n\t\t\n<style>\n#section_1771355602 {\n  padding-top: 30px;\n  padding-bottom: 30px;\n}\n<\/style>\n\t<\/section>\n\t\n\n\t<section class=\"section\" id=\"section_2029502905\">\n\t\t<div class=\"section-bg fill\" >\n\t\t\t\t\t\t\t\t\t\n\t\t\t\n\n\t\t<\/div>\n\n\t\t\n\n\t\t<div class=\"section-content relative\">\n\t\t\t\n<div class=\"row align-bottom\"  id=\"row-700707065\">\n\n\t<div id=\"col-1119320708\" class=\"col medium-6 small-12 large-6\"  >\n\t\t\t\t<div class=\"col-inner\"  >\n\t\t\t\n\t\t\t\n<h3 style=\"margin: 0px; font-size: 3rem; font-weight: 300;\">Nuestra gu\u00eda de Cura\u00e7ao<\/h3>\n\t\t<\/div>\n\t\t\t\t\t<\/div>\n\n\t\n\n\t<div id=\"col-2145420037\" class=\"col medium-6 small-12 large-6\"  >\n\t\t\t\t<div class=\"col-inner text-right\"  >\n\t\t\t\n\t\t\t\n<a href=\"https:\/\/kurabotanica.com\/es\/category\/curacao-es\/\" class=\"button white is-outline\" >\n\t\t<span>ver m\u00e1s<\/span>\n\t<\/a>\n\n\t\t<\/div>\n\t\t\t\t\t<\/div>\n\n\t\n<\/div>\n\n  \n    <div class=\"row large-columns-4 medium-columns-3 small-columns-1 row-full-width slider row-slider slider-nav-circle slider-nav-push\"  data-flickity-options='{&quot;imagesLoaded&quot;: true, &quot;groupCells&quot;: &quot;100%&quot;, &quot;dragThreshold&quot; : 5, &quot;cellAlign&quot;: &quot;left&quot;,&quot;wrapAround&quot;: true,&quot;prevNextButtons&quot;: true,&quot;percentPosition&quot;: true,&quot;pageDots&quot;: false, &quot;rightToLeft&quot;: false, &quot;autoPlay&quot; : false}' >\n\n  <div class=\"col post-item\" >\n\t\t\t<div class=\"col-inner\">\n\t\t\t\t<div class=\"box box-bounce box-text-bottom box-blog-post has-hover\">\n            \t\t\t\t\t<div class=\"box-image\" >\n  \t\t\t\t\t\t<div class=\"image-overlay-remove image-cover\" style=\"padding-top:100%;\">\n\t\t\t\t\t\t\t<a href=\"https:\/\/kurabotanica.com\/es\/curacao-es\/de-compras-en-los-mercados-de-curacao\/\" class=\"plain\" aria-label=\"De Compras en los Mercados de Cura\u00e7ao\">\n\t\t\t\t\t\t\t\t<img decoding=\"async\" width=\"1020\" height=\"574\" src=\"https:\/\/kurabotanica.com\/wp-content\/uploads\/2025\/05\/Marshe-Nobo-1400x788.webp\" class=\"attachment-large size-large wp-post-image\" alt=\"\" srcset=\"https:\/\/kurabotanica.com\/wp-content\/uploads\/2025\/05\/Marshe-Nobo-1400x788.webp 1400w, https:\/\/kurabotanica.com\/wp-content\/uploads\/2025\/05\/Marshe-Nobo-711x400.webp 711w, https:\/\/kurabotanica.com\/wp-content\/uploads\/2025\/05\/Marshe-Nobo-768x432.webp 768w, https:\/\/kurabotanica.com\/wp-content\/uploads\/2025\/05\/Marshe-Nobo-1536x864.webp 1536w, https:\/\/kurabotanica.com\/wp-content\/uploads\/2025\/05\/Marshe-Nobo.webp 1920w\" sizes=\"(max-width: 1020px) 100vw, 1020px\" \/>\t\t\t\t\t\t\t<\/a>\n  \t\t\t\t\t\t\t<div class=\"overlay\" style=\"background-color: rgba(0, 0, 0, 0.09)\"><\/div>  \t\t\t\t\t\t\t  \t\t\t\t\t\t<\/div>\n  \t\t\t\t\t\t  \t\t\t\t\t<\/div>\n          \t\t\t\t\t<div class=\"box-text show-on-hover hover-bounce text-left is-large\" style=\"padding:5% 0px 10% 0px;\">\n\t\t\t\t\t<div class=\"box-text-inner blog-post-inner\">\n\n\t\t\t\t\t\n\t\t\t\t\t\t\t\t\t\t\t<p class=\"cat-label  is-xxsmall op-7 uppercase\">\n\t\t\t\t\tCuracao \t\t\t\t\t<\/p>\n\t\t\t\t\t\t\t\t\t\t<h5 class=\"post-title is-large \">\n\t\t\t\t\t\t<a href=\"https:\/\/kurabotanica.com\/es\/curacao-es\/de-compras-en-los-mercados-de-curacao\/\" class=\"plain\">De Compras en los Mercados de Cura\u00e7ao<\/a>\n\t\t\t\t\t<\/h5>\n\t\t\t\t\t\t\t\t\t\t<div class=\"is-divider\"><\/div>\n\t\t\t\t\t                    \n\t\t\t\t\t\n\t\t\t\t\t\n\t\t\t\t\t<\/div>\n\t\t\t\t\t<\/div>\n\t\t\t\t\t\t\t\t\t<\/div>\n\t\t\t<\/div>\n\t\t<\/div><div class=\"col post-item\" >\n\t\t\t<div class=\"col-inner\">\n\t\t\t\t<div class=\"box box-bounce box-text-bottom box-blog-post has-hover\">\n            \t\t\t\t\t<div class=\"box-image\" >\n  \t\t\t\t\t\t<div class=\"image-overlay-remove image-cover\" style=\"padding-top:100%;\">\n\t\t\t\t\t\t\t<a href=\"https:\/\/kurabotanica.com\/es\/curacao-es\/playa-de-jan-thiel-curacao\/\" class=\"plain\" aria-label=\"Playa de Jan Thiel Cura\u00e7ao\">\n\t\t\t\t\t\t\t\t<img decoding=\"async\" width=\"1020\" height=\"765\" src=\"https:\/\/kurabotanica.com\/wp-content\/uploads\/2025\/04\/Jan-Thiel-beach-Curacao-1067x800.webp\" class=\"attachment-large size-large wp-post-image\" alt=\"Jan Thiel beach Curacao\" srcset=\"https:\/\/kurabotanica.com\/wp-content\/uploads\/2025\/04\/Jan-Thiel-beach-Curacao-1067x800.webp 1067w, https:\/\/kurabotanica.com\/wp-content\/uploads\/2025\/04\/Jan-Thiel-beach-Curacao-533x400.webp 533w, https:\/\/kurabotanica.com\/wp-content\/uploads\/2025\/04\/Jan-Thiel-beach-Curacao-768x576.webp 768w, https:\/\/kurabotanica.com\/wp-content\/uploads\/2025\/04\/Jan-Thiel-beach-Curacao.webp 1387w\" sizes=\"(max-width: 1020px) 100vw, 1020px\" \/>\t\t\t\t\t\t\t<\/a>\n  \t\t\t\t\t\t\t<div class=\"overlay\" style=\"background-color: rgba(0, 0, 0, 0.09)\"><\/div>  \t\t\t\t\t\t\t  \t\t\t\t\t\t<\/div>\n  \t\t\t\t\t\t  \t\t\t\t\t<\/div>\n          \t\t\t\t\t<div class=\"box-text show-on-hover hover-bounce text-left is-large\" style=\"padding:5% 0px 10% 0px;\">\n\t\t\t\t\t<div class=\"box-text-inner blog-post-inner\">\n\n\t\t\t\t\t\n\t\t\t\t\t\t\t\t\t\t\t<p class=\"cat-label  is-xxsmall op-7 uppercase\">\n\t\t\t\t\tCuracao \t\t\t\t\t<\/p>\n\t\t\t\t\t\t\t\t\t\t<h5 class=\"post-title is-large \">\n\t\t\t\t\t\t<a href=\"https:\/\/kurabotanica.com\/es\/curacao-es\/playa-de-jan-thiel-curacao\/\" class=\"plain\">Playa de Jan Thiel Cura\u00e7ao<\/a>\n\t\t\t\t\t<\/h5>\n\t\t\t\t\t\t\t\t\t\t<div class=\"is-divider\"><\/div>\n\t\t\t\t\t                    \n\t\t\t\t\t\n\t\t\t\t\t\n\t\t\t\t\t<\/div>\n\t\t\t\t\t<\/div>\n\t\t\t\t\t\t\t\t\t<\/div>\n\t\t\t<\/div>\n\t\t<\/div><div class=\"col post-item\" >\n\t\t\t<div class=\"col-inner\">\n\t\t\t\t<div class=\"box box-bounce box-text-bottom box-blog-post has-hover\">\n            \t\t\t\t\t<div class=\"box-image\" >\n  \t\t\t\t\t\t<div class=\"image-overlay-remove image-cover\" style=\"padding-top:100%;\">\n\t\t\t\t\t\t\t<a href=\"https:\/\/kurabotanica.com\/es\/curacao-es\/arte-callejero-en-curacao\/\" class=\"plain\" aria-label=\"Arte callejero en Cura\u00e7ao\">\n\t\t\t\t\t\t\t\t<img decoding=\"async\" width=\"1020\" height=\"573\" src=\"https:\/\/kurabotanica.com\/wp-content\/uploads\/2025\/04\/Street-Art-Curacao-Scharloo-1400x787.webp\" class=\"attachment-large size-large wp-post-image\" alt=\"Street Art Curacao Scharloo\" srcset=\"https:\/\/kurabotanica.com\/wp-content\/uploads\/2025\/04\/Street-Art-Curacao-Scharloo-1400x787.webp 1400w, https:\/\/kurabotanica.com\/wp-content\/uploads\/2025\/04\/Street-Art-Curacao-Scharloo-711x400.webp 711w, https:\/\/kurabotanica.com\/wp-content\/uploads\/2025\/04\/Street-Art-Curacao-Scharloo-768x432.webp 768w, https:\/\/kurabotanica.com\/wp-content\/uploads\/2025\/04\/Street-Art-Curacao-Scharloo-1536x864.webp 1536w, https:\/\/kurabotanica.com\/wp-content\/uploads\/2025\/04\/Street-Art-Curacao-Scharloo.webp 1849w\" sizes=\"(max-width: 1020px) 100vw, 1020px\" \/>\t\t\t\t\t\t\t<\/a>\n  \t\t\t\t\t\t\t<div class=\"overlay\" style=\"background-color: rgba(0, 0, 0, 0.09)\"><\/div>  \t\t\t\t\t\t\t  \t\t\t\t\t\t<\/div>\n  \t\t\t\t\t\t  \t\t\t\t\t<\/div>\n          \t\t\t\t\t<div class=\"box-text show-on-hover hover-bounce text-left is-large\" style=\"padding:5% 0px 10% 0px;\">\n\t\t\t\t\t<div class=\"box-text-inner blog-post-inner\">\n\n\t\t\t\t\t\n\t\t\t\t\t\t\t\t\t\t\t<p class=\"cat-label  is-xxsmall op-7 uppercase\">\n\t\t\t\t\tCuracao \t\t\t\t\t<\/p>\n\t\t\t\t\t\t\t\t\t\t<h5 class=\"post-title is-large \">\n\t\t\t\t\t\t<a href=\"https:\/\/kurabotanica.com\/es\/curacao-es\/arte-callejero-en-curacao\/\" class=\"plain\">Arte callejero en Cura\u00e7ao<\/a>\n\t\t\t\t\t<\/h5>\n\t\t\t\t\t\t\t\t\t\t<div class=\"is-divider\"><\/div>\n\t\t\t\t\t                    \n\t\t\t\t\t\n\t\t\t\t\t\n\t\t\t\t\t<\/div>\n\t\t\t\t\t<\/div>\n\t\t\t\t\t\t\t\t\t<\/div>\n\t\t\t<\/div>\n\t\t<\/div><div class=\"col post-item\" >\n\t\t\t<div class=\"col-inner\">\n\t\t\t\t<div class=\"box box-bounce box-text-bottom box-blog-post has-hover\">\n            \t\t\t\t\t<div class=\"box-image\" >\n  \t\t\t\t\t\t<div class=\"image-overlay-remove image-cover\" style=\"padding-top:100%;\">\n\t\t\t\t\t\t\t<a href=\"https:\/\/kurabotanica.com\/es\/curacao-es\/tipos-de-transporte-publico-en-curacao\/\" class=\"plain\" aria-label=\"Tipos de transporte p\u00fablico en Curacao\">\n\t\t\t\t\t\t\t\t<img decoding=\"async\" width=\"1020\" height=\"681\" src=\"https:\/\/kurabotanica.com\/wp-content\/uploads\/2025\/04\/De-ABC-autobus-bedrijf-Curacao-1198x800.webp\" class=\"attachment-large size-large wp-post-image\" alt=\"De ABC autobus bedrijf Curacao\" srcset=\"https:\/\/kurabotanica.com\/wp-content\/uploads\/2025\/04\/De-ABC-autobus-bedrijf-Curacao-1198x800.webp 1198w, https:\/\/kurabotanica.com\/wp-content\/uploads\/2025\/04\/De-ABC-autobus-bedrijf-Curacao-599x400.webp 599w, https:\/\/kurabotanica.com\/wp-content\/uploads\/2025\/04\/De-ABC-autobus-bedrijf-Curacao-768x513.webp 768w, https:\/\/kurabotanica.com\/wp-content\/uploads\/2025\/04\/De-ABC-autobus-bedrijf-Curacao-1536x1026.webp 1536w, https:\/\/kurabotanica.com\/wp-content\/uploads\/2025\/04\/De-ABC-autobus-bedrijf-Curacao.webp 1557w\" sizes=\"(max-width: 1020px) 100vw, 1020px\" \/>\t\t\t\t\t\t\t<\/a>\n  \t\t\t\t\t\t\t<div class=\"overlay\" style=\"background-color: rgba(0, 0, 0, 0.09)\"><\/div>  \t\t\t\t\t\t\t  \t\t\t\t\t\t<\/div>\n  \t\t\t\t\t\t  \t\t\t\t\t<\/div>\n          \t\t\t\t\t<div class=\"box-text show-on-hover hover-bounce text-left is-large\" style=\"padding:5% 0px 10% 0px;\">\n\t\t\t\t\t<div class=\"box-text-inner blog-post-inner\">\n\n\t\t\t\t\t\n\t\t\t\t\t\t\t\t\t\t\t<p class=\"cat-label  is-xxsmall op-7 uppercase\">\n\t\t\t\t\tCuracao \t\t\t\t\t<\/p>\n\t\t\t\t\t\t\t\t\t\t<h5 class=\"post-title is-large \">\n\t\t\t\t\t\t<a href=\"https:\/\/kurabotanica.com\/es\/curacao-es\/tipos-de-transporte-publico-en-curacao\/\" class=\"plain\">Tipos de transporte p\u00fablico en Curacao<\/a>\n\t\t\t\t\t<\/h5>\n\t\t\t\t\t\t\t\t\t\t<div class=\"is-divider\"><\/div>\n\t\t\t\t\t                    \n\t\t\t\t\t\n\t\t\t\t\t\n\t\t\t\t\t<\/div>\n\t\t\t\t\t<\/div>\n\t\t\t\t\t\t\t\t\t<\/div>\n\t\t\t<\/div>\n\t\t<\/div><div class=\"col post-item\" >\n\t\t\t<div class=\"col-inner\">\n\t\t\t\t<div class=\"box box-bounce box-text-bottom box-blog-post has-hover\">\n            \t\t\t\t\t<div class=\"box-image\" >\n  \t\t\t\t\t\t<div class=\"image-overlay-remove image-cover\" style=\"padding-top:100%;\">\n\t\t\t\t\t\t\t<a href=\"https:\/\/kurabotanica.com\/es\/curacao-es\/regiones-de-curacao\/\" class=\"plain\" aria-label=\"Regiones de Curacao\">\n\t\t\t\t\t\t\t\t<img decoding=\"async\" width=\"1020\" height=\"573\" src=\"https:\/\/kurabotanica.com\/wp-content\/uploads\/2025\/04\/Regions-on-curacao-Otrobanda-1400x787.webp\" class=\"attachment-large size-large wp-post-image\" alt=\"Regions on curacao Otrobanda\" srcset=\"https:\/\/kurabotanica.com\/wp-content\/uploads\/2025\/04\/Regions-on-curacao-Otrobanda-1400x787.webp 1400w, https:\/\/kurabotanica.com\/wp-content\/uploads\/2025\/04\/Regions-on-curacao-Otrobanda-711x400.webp 711w, https:\/\/kurabotanica.com\/wp-content\/uploads\/2025\/04\/Regions-on-curacao-Otrobanda-768x432.webp 768w, https:\/\/kurabotanica.com\/wp-content\/uploads\/2025\/04\/Regions-on-curacao-Otrobanda-1536x864.webp 1536w, https:\/\/kurabotanica.com\/wp-content\/uploads\/2025\/04\/Regions-on-curacao-Otrobanda.webp 1849w\" sizes=\"(max-width: 1020px) 100vw, 1020px\" \/>\t\t\t\t\t\t\t<\/a>\n  \t\t\t\t\t\t\t<div class=\"overlay\" style=\"background-color: rgba(0, 0, 0, 0.09)\"><\/div>  \t\t\t\t\t\t\t  \t\t\t\t\t\t<\/div>\n  \t\t\t\t\t\t  \t\t\t\t\t<\/div>\n          \t\t\t\t\t<div class=\"box-text show-on-hover hover-bounce text-left is-large\" style=\"padding:5% 0px 10% 0px;\">\n\t\t\t\t\t<div class=\"box-text-inner blog-post-inner\">\n\n\t\t\t\t\t\n\t\t\t\t\t\t\t\t\t\t\t<p class=\"cat-label  is-xxsmall op-7 uppercase\">\n\t\t\t\t\tAnimales Curacao \t\t\t\t\t<\/p>\n\t\t\t\t\t\t\t\t\t\t<h5 class=\"post-title is-large \">\n\t\t\t\t\t\t<a href=\"https:\/\/kurabotanica.com\/es\/curacao-es\/regiones-de-curacao\/\" class=\"plain\">Regiones de Curacao<\/a>\n\t\t\t\t\t<\/h5>\n\t\t\t\t\t\t\t\t\t\t<div class=\"is-divider\"><\/div>\n\t\t\t\t\t                    \n\t\t\t\t\t\n\t\t\t\t\t\n\t\t\t\t\t<\/div>\n\t\t\t\t\t<\/div>\n\t\t\t\t\t\t\t\t\t<\/div>\n\t\t\t<\/div>\n\t\t<\/div><div class=\"col post-item\" >\n\t\t\t<div class=\"col-inner\">\n\t\t\t\t<div class=\"box box-bounce box-text-bottom box-blog-post has-hover\">\n            \t\t\t\t\t<div class=\"box-image\" >\n  \t\t\t\t\t\t<div class=\"image-overlay-remove image-cover\" style=\"padding-top:100%;\">\n\t\t\t\t\t\t\t<a href=\"https:\/\/kurabotanica.com\/es\/curacao-es\/pez-leon-curacao\/\" class=\"plain\" aria-label=\"Pez Le\u00f3n Curacao\">\n\t\t\t\t\t\t\t\t<img decoding=\"async\" width=\"1020\" height=\"690\" src=\"https:\/\/kurabotanica.com\/wp-content\/uploads\/2025\/04\/Lion-fish-curacao-1-1183x800.webp\" class=\"attachment-large size-large wp-post-image\" alt=\"Lion fish curacao\" srcset=\"https:\/\/kurabotanica.com\/wp-content\/uploads\/2025\/04\/Lion-fish-curacao-1-1183x800.webp 1183w, https:\/\/kurabotanica.com\/wp-content\/uploads\/2025\/04\/Lion-fish-curacao-1-592x400.webp 592w, https:\/\/kurabotanica.com\/wp-content\/uploads\/2025\/04\/Lion-fish-curacao-1-768x519.webp 768w, https:\/\/kurabotanica.com\/wp-content\/uploads\/2025\/04\/Lion-fish-curacao-1-1536x1039.webp 1536w, https:\/\/kurabotanica.com\/wp-content\/uploads\/2025\/04\/Lion-fish-curacao-1.webp 1538w\" sizes=\"(max-width: 1020px) 100vw, 1020px\" \/>\t\t\t\t\t\t\t<\/a>\n  \t\t\t\t\t\t\t<div class=\"overlay\" style=\"background-color: rgba(0, 0, 0, 0.09)\"><\/div>  \t\t\t\t\t\t\t  \t\t\t\t\t\t<\/div>\n  \t\t\t\t\t\t  \t\t\t\t\t<\/div>\n          \t\t\t\t\t<div class=\"box-text show-on-hover hover-bounce text-left is-large\" style=\"padding:5% 0px 10% 0px;\">\n\t\t\t\t\t<div class=\"box-text-inner blog-post-inner\">\n\n\t\t\t\t\t\n\t\t\t\t\t\t\t\t\t\t\t<p class=\"cat-label  is-xxsmall op-7 uppercase\">\n\t\t\t\t\tAnimales Curacao \t\t\t\t\t<\/p>\n\t\t\t\t\t\t\t\t\t\t<h5 class=\"post-title is-large \">\n\t\t\t\t\t\t<a href=\"https:\/\/kurabotanica.com\/es\/curacao-es\/pez-leon-curacao\/\" class=\"plain\">Pez Le\u00f3n Curacao<\/a>\n\t\t\t\t\t<\/h5>\n\t\t\t\t\t\t\t\t\t\t<div class=\"is-divider\"><\/div>\n\t\t\t\t\t                    \n\t\t\t\t\t\n\t\t\t\t\t\n\t\t\t\t\t<\/div>\n\t\t\t\t\t<\/div>\n\t\t\t\t\t\t\t\t\t<\/div>\n\t\t\t<\/div>\n\t\t<\/div><div class=\"col post-item\" >\n\t\t\t<div class=\"col-inner\">\n\t\t\t\t<div class=\"box box-bounce box-text-bottom box-blog-post has-hover\">\n            \t\t\t\t\t<div class=\"box-image\" >\n  \t\t\t\t\t\t<div class=\"image-overlay-remove image-cover\" style=\"padding-top:100%;\">\n\t\t\t\t\t\t\t<a href=\"https:\/\/kurabotanica.com\/es\/curacao-es\/kura-hulanda-village-curacao\/\" class=\"plain\" aria-label=\"Kura Hulanda Village Curacao\">\n\t\t\t\t\t\t\t\t<img decoding=\"async\" width=\"1000\" height=\"800\" src=\"https:\/\/kurabotanica.com\/wp-content\/uploads\/2025\/04\/Kura-Hulanda-Village-Curacao.webp\" class=\"attachment-large size-large wp-post-image\" alt=\"Kura Hulanda Village Curacao\" srcset=\"https:\/\/kurabotanica.com\/wp-content\/uploads\/2025\/04\/Kura-Hulanda-Village-Curacao.webp 1000w, https:\/\/kurabotanica.com\/wp-content\/uploads\/2025\/04\/Kura-Hulanda-Village-Curacao-500x400.webp 500w, https:\/\/kurabotanica.com\/wp-content\/uploads\/2025\/04\/Kura-Hulanda-Village-Curacao-768x614.webp 768w\" sizes=\"(max-width: 1000px) 100vw, 1000px\" \/>\t\t\t\t\t\t\t<\/a>\n  \t\t\t\t\t\t\t<div class=\"overlay\" style=\"background-color: rgba(0, 0, 0, 0.09)\"><\/div>  \t\t\t\t\t\t\t  \t\t\t\t\t\t<\/div>\n  \t\t\t\t\t\t  \t\t\t\t\t<\/div>\n          \t\t\t\t\t<div class=\"box-text show-on-hover hover-bounce text-left is-large\" style=\"padding:5% 0px 10% 0px;\">\n\t\t\t\t\t<div class=\"box-text-inner blog-post-inner\">\n\n\t\t\t\t\t\n\t\t\t\t\t\t\t\t\t\t\t<p class=\"cat-label  is-xxsmall op-7 uppercase\">\n\t\t\t\t\tCuracao Playas \t\t\t\t\t<\/p>\n\t\t\t\t\t\t\t\t\t\t<h5 class=\"post-title is-large \">\n\t\t\t\t\t\t<a href=\"https:\/\/kurabotanica.com\/es\/curacao-es\/kura-hulanda-village-curacao\/\" class=\"plain\">Kura Hulanda Village Curacao<\/a>\n\t\t\t\t\t<\/h5>\n\t\t\t\t\t\t\t\t\t\t<div class=\"is-divider\"><\/div>\n\t\t\t\t\t                    \n\t\t\t\t\t\n\t\t\t\t\t\n\t\t\t\t\t<\/div>\n\t\t\t\t\t<\/div>\n\t\t\t\t\t\t\t\t\t<\/div>\n\t\t\t<\/div>\n\t\t<\/div><div class=\"col post-item\" >\n\t\t\t<div class=\"col-inner\">\n\t\t\t\t<div class=\"box box-bounce box-text-bottom box-blog-post has-hover\">\n            \t\t\t\t\t<div class=\"box-image\" >\n  \t\t\t\t\t\t<div class=\"image-overlay-remove image-cover\" style=\"padding-top:100%;\">\n\t\t\t\t\t\t\t<a href=\"https:\/\/kurabotanica.com\/es\/curacao-es\/mercados-alimentarios-curacao\/\" class=\"plain\" aria-label=\"Mercados alimentarios Curacao\">\n\t\t\t\t\t\t\t\t<img decoding=\"async\" width=\"979\" height=\"800\" src=\"https:\/\/kurabotanica.com\/wp-content\/uploads\/2025\/04\/Food-Markets-curacao-Krioyo-local-cuisine-979x800.webp\" class=\"attachment-large size-large wp-post-image\" alt=\"Food Markets curacao Krioyo local cuisine\" srcset=\"https:\/\/kurabotanica.com\/wp-content\/uploads\/2025\/04\/Food-Markets-curacao-Krioyo-local-cuisine-979x800.webp 979w, https:\/\/kurabotanica.com\/wp-content\/uploads\/2025\/04\/Food-Markets-curacao-Krioyo-local-cuisine-489x400.webp 489w, https:\/\/kurabotanica.com\/wp-content\/uploads\/2025\/04\/Food-Markets-curacao-Krioyo-local-cuisine-768x628.webp 768w, https:\/\/kurabotanica.com\/wp-content\/uploads\/2025\/04\/Food-Markets-curacao-Krioyo-local-cuisine.webp 1024w\" sizes=\"(max-width: 979px) 100vw, 979px\" \/>\t\t\t\t\t\t\t<\/a>\n  \t\t\t\t\t\t\t<div class=\"overlay\" style=\"background-color: rgba(0, 0, 0, 0.09)\"><\/div>  \t\t\t\t\t\t\t  \t\t\t\t\t\t<\/div>\n  \t\t\t\t\t\t  \t\t\t\t\t<\/div>\n          \t\t\t\t\t<div class=\"box-text show-on-hover hover-bounce text-left is-large\" style=\"padding:5% 0px 10% 0px;\">\n\t\t\t\t\t<div class=\"box-text-inner blog-post-inner\">\n\n\t\t\t\t\t\n\t\t\t\t\t\t\t\t\t\t\t<p class=\"cat-label  is-xxsmall op-7 uppercase\">\n\t\t\t\t\tCuracao \t\t\t\t\t<\/p>\n\t\t\t\t\t\t\t\t\t\t<h5 class=\"post-title is-large \">\n\t\t\t\t\t\t<a href=\"https:\/\/kurabotanica.com\/es\/curacao-es\/mercados-alimentarios-curacao\/\" class=\"plain\">Mercados alimentarios Curacao<\/a>\n\t\t\t\t\t<\/h5>\n\t\t\t\t\t\t\t\t\t\t<div class=\"is-divider\"><\/div>\n\t\t\t\t\t                    \n\t\t\t\t\t\n\t\t\t\t\t\n\t\t\t\t\t<\/div>\n\t\t\t\t\t<\/div>\n\t\t\t\t\t\t\t\t\t<\/div>\n\t\t\t<\/div>\n\t\t<\/div><div class=\"col post-item\" >\n\t\t\t<div class=\"col-inner\">\n\t\t\t\t<div class=\"box box-bounce box-text-bottom box-blog-post has-hover\">\n            \t\t\t\t\t<div class=\"box-image\" >\n  \t\t\t\t\t\t<div class=\"image-overlay-remove image-cover\" style=\"padding-top:100%;\">\n\t\t\t\t\t\t\t<a href=\"https:\/\/kurabotanica.com\/es\/curacao-es\/tiempo-y-clima-en-curacao\/\" class=\"plain\" aria-label=\"Tiempo y Clima en Curacao\">\n\t\t\t\t\t\t\t\t<img decoding=\"async\" width=\"1020\" height=\"679\" src=\"https:\/\/kurabotanica.com\/wp-content\/uploads\/2025\/04\/weather-curacao-3-1201x800.webp\" class=\"attachment-large size-large wp-post-image\" alt=\"weather curacao\" srcset=\"https:\/\/kurabotanica.com\/wp-content\/uploads\/2025\/04\/weather-curacao-3-1201x800.webp 1201w, https:\/\/kurabotanica.com\/wp-content\/uploads\/2025\/04\/weather-curacao-3-600x400.webp 600w, https:\/\/kurabotanica.com\/wp-content\/uploads\/2025\/04\/weather-curacao-3-768x512.webp 768w, https:\/\/kurabotanica.com\/wp-content\/uploads\/2025\/04\/weather-curacao-3-1536x1023.webp 1536w, https:\/\/kurabotanica.com\/wp-content\/uploads\/2025\/04\/weather-curacao-3.webp 1920w\" sizes=\"(max-width: 1020px) 100vw, 1020px\" \/>\t\t\t\t\t\t\t<\/a>\n  \t\t\t\t\t\t\t<div class=\"overlay\" style=\"background-color: rgba(0, 0, 0, 0.09)\"><\/div>  \t\t\t\t\t\t\t  \t\t\t\t\t\t<\/div>\n  \t\t\t\t\t\t  \t\t\t\t\t<\/div>\n          \t\t\t\t\t<div class=\"box-text show-on-hover hover-bounce text-left is-large\" style=\"padding:5% 0px 10% 0px;\">\n\t\t\t\t\t<div class=\"box-text-inner blog-post-inner\">\n\n\t\t\t\t\t\n\t\t\t\t\t\t\t\t\t\t\t<p class=\"cat-label  is-xxsmall op-7 uppercase\">\n\t\t\t\t\tCuracao Playas \t\t\t\t\t<\/p>\n\t\t\t\t\t\t\t\t\t\t<h5 class=\"post-title is-large \">\n\t\t\t\t\t\t<a href=\"https:\/\/kurabotanica.com\/es\/curacao-es\/tiempo-y-clima-en-curacao\/\" class=\"plain\">Tiempo y Clima en Curacao<\/a>\n\t\t\t\t\t<\/h5>\n\t\t\t\t\t\t\t\t\t\t<div class=\"is-divider\"><\/div>\n\t\t\t\t\t                    \n\t\t\t\t\t\n\t\t\t\t\t\n\t\t\t\t\t<\/div>\n\t\t\t\t\t<\/div>\n\t\t\t\t\t\t\t\t\t<\/div>\n\t\t\t<\/div>\n\t\t<\/div><div class=\"col post-item\" >\n\t\t\t<div class=\"col-inner\">\n\t\t\t\t<div class=\"box box-bounce box-text-bottom box-blog-post has-hover\">\n            \t\t\t\t\t<div class=\"box-image\" >\n  \t\t\t\t\t\t<div class=\"image-overlay-remove image-cover\" style=\"padding-top:100%;\">\n\t\t\t\t\t\t\t<a href=\"https:\/\/kurabotanica.com\/es\/playas\/eventos-en-curacao\/\" class=\"plain\" aria-label=\"Eventos en Curacao\">\n\t\t\t\t\t\t\t\t<img decoding=\"async\" width=\"1020\" height=\"697\" src=\"https:\/\/kurabotanica.com\/wp-content\/uploads\/2025\/04\/carnaval-curacao-1171x800.webp\" class=\"attachment-large size-large wp-post-image\" alt=\"carnaval curacao\" srcset=\"https:\/\/kurabotanica.com\/wp-content\/uploads\/2025\/04\/carnaval-curacao-1171x800.webp 1171w, https:\/\/kurabotanica.com\/wp-content\/uploads\/2025\/04\/carnaval-curacao-585x400.webp 585w, https:\/\/kurabotanica.com\/wp-content\/uploads\/2025\/04\/carnaval-curacao-768x525.webp 768w, https:\/\/kurabotanica.com\/wp-content\/uploads\/2025\/04\/carnaval-curacao.webp 1374w\" sizes=\"(max-width: 1020px) 100vw, 1020px\" \/>\t\t\t\t\t\t\t<\/a>\n  \t\t\t\t\t\t\t<div class=\"overlay\" style=\"background-color: rgba(0, 0, 0, 0.09)\"><\/div>  \t\t\t\t\t\t\t  \t\t\t\t\t\t<\/div>\n  \t\t\t\t\t\t  \t\t\t\t\t<\/div>\n          \t\t\t\t\t<div class=\"box-text show-on-hover hover-bounce text-left is-large\" style=\"padding:5% 0px 10% 0px;\">\n\t\t\t\t\t<div class=\"box-text-inner blog-post-inner\">\n\n\t\t\t\t\t\n\t\t\t\t\t\t\t\t\t\t\t<p class=\"cat-label  is-xxsmall op-7 uppercase\">\n\t\t\t\t\tPlayas \t\t\t\t\t<\/p>\n\t\t\t\t\t\t\t\t\t\t<h5 class=\"post-title is-large \">\n\t\t\t\t\t\t<a href=\"https:\/\/kurabotanica.com\/es\/playas\/eventos-en-curacao\/\" class=\"plain\">Eventos en Curacao<\/a>\n\t\t\t\t\t<\/h5>\n\t\t\t\t\t\t\t\t\t\t<div class=\"is-divider\"><\/div>\n\t\t\t\t\t                    \n\t\t\t\t\t\n\t\t\t\t\t\n\t\t\t\t\t<\/div>\n\t\t\t\t\t<\/div>\n\t\t\t\t\t\t\t\t\t<\/div>\n\t\t\t<\/div>\n\t\t<\/div><div class=\"col post-item\" >\n\t\t\t<div class=\"col-inner\">\n\t\t\t\t<div class=\"box box-bounce box-text-bottom box-blog-post has-hover\">\n            \t\t\t\t\t<div class=\"box-image\" >\n  \t\t\t\t\t\t<div class=\"image-overlay-remove image-cover\" style=\"padding-top:100%;\">\n\t\t\t\t\t\t\t<a href=\"https:\/\/kurabotanica.com\/es\/curacao-es\/happy-hours-en-curacao\/\" class=\"plain\" aria-label=\"Happy Hours en Curacao\">\n\t\t\t\t\t\t\t\t<img decoding=\"async\" width=\"1020\" height=\"681\" src=\"https:\/\/kurabotanica.com\/wp-content\/uploads\/2025\/04\/passion-fruit-daiquiri-1280-1199x800.webp\" class=\"attachment-large size-large wp-post-image\" alt=\"passion fruit daiquiri 1280\" srcset=\"https:\/\/kurabotanica.com\/wp-content\/uploads\/2025\/04\/passion-fruit-daiquiri-1280-1199x800.webp 1199w, https:\/\/kurabotanica.com\/wp-content\/uploads\/2025\/04\/passion-fruit-daiquiri-1280-600x400.webp 600w, https:\/\/kurabotanica.com\/wp-content\/uploads\/2025\/04\/passion-fruit-daiquiri-1280-768x512.webp 768w, https:\/\/kurabotanica.com\/wp-content\/uploads\/2025\/04\/passion-fruit-daiquiri-1280.webp 1280w\" sizes=\"(max-width: 1020px) 100vw, 1020px\" \/>\t\t\t\t\t\t\t<\/a>\n  \t\t\t\t\t\t\t<div class=\"overlay\" style=\"background-color: rgba(0, 0, 0, 0.09)\"><\/div>  \t\t\t\t\t\t\t  \t\t\t\t\t\t<\/div>\n  \t\t\t\t\t\t  \t\t\t\t\t<\/div>\n          \t\t\t\t\t<div class=\"box-text show-on-hover hover-bounce text-left is-large\" style=\"padding:5% 0px 10% 0px;\">\n\t\t\t\t\t<div class=\"box-text-inner blog-post-inner\">\n\n\t\t\t\t\t\n\t\t\t\t\t\t\t\t\t\t\t<p class=\"cat-label  is-xxsmall op-7 uppercase\">\n\t\t\t\t\tCuracao \t\t\t\t\t<\/p>\n\t\t\t\t\t\t\t\t\t\t<h5 class=\"post-title is-large \">\n\t\t\t\t\t\t<a href=\"https:\/\/kurabotanica.com\/es\/curacao-es\/happy-hours-en-curacao\/\" class=\"plain\">Happy Hours en Curacao<\/a>\n\t\t\t\t\t<\/h5>\n\t\t\t\t\t\t\t\t\t\t<div class=\"is-divider\"><\/div>\n\t\t\t\t\t                    \n\t\t\t\t\t\n\t\t\t\t\t\n\t\t\t\t\t<\/div>\n\t\t\t\t\t<\/div>\n\t\t\t\t\t\t\t\t\t<\/div>\n\t\t\t<\/div>\n\t\t<\/div><div class=\"col post-item\" >\n\t\t\t<div class=\"col-inner\">\n\t\t\t\t<div class=\"box box-bounce box-text-bottom box-blog-post has-hover\">\n            \t\t\t\t\t<div class=\"box-image\" >\n  \t\t\t\t\t\t<div class=\"image-overlay-remove image-cover\" style=\"padding-top:100%;\">\n\t\t\t\t\t\t\t<a href=\"https:\/\/kurabotanica.com\/es\/curacao-es\/comida-vegetariana-y-vegana-en-curacao\/\" class=\"plain\" aria-label=\"Comida Vegetariana y Vegana en Curacao\">\n\t\t\t\t\t\t\t\t<img decoding=\"async\" width=\"1020\" height=\"647\" src=\"https:\/\/kurabotanica.com\/wp-content\/uploads\/2025\/04\/vegan-food-1920-1262x800.webp\" class=\"attachment-large size-large wp-post-image\" alt=\"vegan food 1920\" srcset=\"https:\/\/kurabotanica.com\/wp-content\/uploads\/2025\/04\/vegan-food-1920-1262x800.webp 1262w, https:\/\/kurabotanica.com\/wp-content\/uploads\/2025\/04\/vegan-food-1920-631x400.webp 631w, https:\/\/kurabotanica.com\/wp-content\/uploads\/2025\/04\/vegan-food-1920-768x487.webp 768w, https:\/\/kurabotanica.com\/wp-content\/uploads\/2025\/04\/vegan-food-1920-1536x974.webp 1536w, https:\/\/kurabotanica.com\/wp-content\/uploads\/2025\/04\/vegan-food-1920.webp 1920w\" sizes=\"(max-width: 1020px) 100vw, 1020px\" \/>\t\t\t\t\t\t\t<\/a>\n  \t\t\t\t\t\t\t<div class=\"overlay\" style=\"background-color: rgba(0, 0, 0, 0.09)\"><\/div>  \t\t\t\t\t\t\t  \t\t\t\t\t\t<\/div>\n  \t\t\t\t\t\t  \t\t\t\t\t<\/div>\n          \t\t\t\t\t<div class=\"box-text show-on-hover hover-bounce text-left is-large\" style=\"padding:5% 0px 10% 0px;\">\n\t\t\t\t\t<div class=\"box-text-inner blog-post-inner\">\n\n\t\t\t\t\t\n\t\t\t\t\t\t\t\t\t\t\t<p class=\"cat-label  is-xxsmall op-7 uppercase\">\n\t\t\t\t\tCuracao \t\t\t\t\t<\/p>\n\t\t\t\t\t\t\t\t\t\t<h5 class=\"post-title is-large \">\n\t\t\t\t\t\t<a href=\"https:\/\/kurabotanica.com\/es\/curacao-es\/comida-vegetariana-y-vegana-en-curacao\/\" class=\"plain\">Comida Vegetariana y Vegana en Curacao<\/a>\n\t\t\t\t\t<\/h5>\n\t\t\t\t\t\t\t\t\t\t<div class=\"is-divider\"><\/div>\n\t\t\t\t\t                    \n\t\t\t\t\t\n\t\t\t\t\t\n\t\t\t\t\t<\/div>\n\t\t\t\t\t<\/div>\n\t\t\t\t\t\t\t\t\t<\/div>\n\t\t\t<\/div>\n\t\t<\/div><div class=\"col post-item\" >\n\t\t\t<div class=\"col-inner\">\n\t\t\t\t<div class=\"box box-bounce box-text-bottom box-blog-post has-hover\">\n            \t\t\t\t\t<div class=\"box-image\" >\n  \t\t\t\t\t\t<div class=\"image-overlay-remove image-cover\" style=\"padding-top:100%;\">\n\t\t\t\t\t\t\t<a href=\"https:\/\/kurabotanica.com\/es\/curacao-es\/nacionalidades-de-curacao\/\" class=\"plain\" aria-label=\"Las Nacionalidades de Curacao\">\n\t\t\t\t\t\t\t\t<img decoding=\"async\" width=\"1020\" height=\"452\" src=\"https:\/\/kurabotanica.com\/wp-content\/uploads\/2025\/04\/The-Nationalities-of-Curacao-Kura-botanica-hotel-guide-blog-1400x620.webp\" class=\"attachment-large size-large wp-post-image\" alt=\"\" srcset=\"https:\/\/kurabotanica.com\/wp-content\/uploads\/2025\/04\/The-Nationalities-of-Curacao-Kura-botanica-hotel-guide-blog-1400x620.webp 1400w, https:\/\/kurabotanica.com\/wp-content\/uploads\/2025\/04\/The-Nationalities-of-Curacao-Kura-botanica-hotel-guide-blog-800x355.webp 800w, https:\/\/kurabotanica.com\/wp-content\/uploads\/2025\/04\/The-Nationalities-of-Curacao-Kura-botanica-hotel-guide-blog-768x340.webp 768w, https:\/\/kurabotanica.com\/wp-content\/uploads\/2025\/04\/The-Nationalities-of-Curacao-Kura-botanica-hotel-guide-blog-1536x681.webp 1536w, https:\/\/kurabotanica.com\/wp-content\/uploads\/2025\/04\/The-Nationalities-of-Curacao-Kura-botanica-hotel-guide-blog.webp 1600w\" sizes=\"(max-width: 1020px) 100vw, 1020px\" \/>\t\t\t\t\t\t\t<\/a>\n  \t\t\t\t\t\t\t<div class=\"overlay\" style=\"background-color: rgba(0, 0, 0, 0.09)\"><\/div>  \t\t\t\t\t\t\t  \t\t\t\t\t\t<\/div>\n  \t\t\t\t\t\t  \t\t\t\t\t<\/div>\n          \t\t\t\t\t<div class=\"box-text show-on-hover hover-bounce text-left is-large\" style=\"padding:5% 0px 10% 0px;\">\n\t\t\t\t\t<div class=\"box-text-inner blog-post-inner\">\n\n\t\t\t\t\t\n\t\t\t\t\t\t\t\t\t\t\t<p class=\"cat-label  is-xxsmall op-7 uppercase\">\n\t\t\t\t\tCuracao \t\t\t\t\t<\/p>\n\t\t\t\t\t\t\t\t\t\t<h5 class=\"post-title is-large \">\n\t\t\t\t\t\t<a href=\"https:\/\/kurabotanica.com\/es\/curacao-es\/nacionalidades-de-curacao\/\" class=\"plain\">Las Nacionalidades de Curacao<\/a>\n\t\t\t\t\t<\/h5>\n\t\t\t\t\t\t\t\t\t\t<div class=\"is-divider\"><\/div>\n\t\t\t\t\t                    \n\t\t\t\t\t\n\t\t\t\t\t\n\t\t\t\t\t<\/div>\n\t\t\t\t\t<\/div>\n\t\t\t\t\t\t\t\t\t<\/div>\n\t\t\t<\/div>\n\t\t<\/div><div class=\"col post-item\" >\n\t\t\t<div class=\"col-inner\">\n\t\t\t\t<div class=\"box box-bounce box-text-bottom box-blog-post has-hover\">\n            \t\t\t\t\t<div class=\"box-image\" >\n  \t\t\t\t\t\t<div class=\"image-overlay-remove image-cover\" style=\"padding-top:100%;\">\n\t\t\t\t\t\t\t<a href=\"https:\/\/kurabotanica.com\/es\/curacao-es\/licor-blue-curacao\/\" class=\"plain\" aria-label=\"Licor Blue Curacao\">\n\t\t\t\t\t\t\t\t<img decoding=\"async\" width=\"768\" height=\"525\" src=\"https:\/\/kurabotanica.com\/wp-content\/uploads\/2025\/04\/Blue-Curacao-bottle-landscape.webp\" class=\"attachment-large size-large wp-post-image\" alt=\"Blue Curacao bottle landscape\" srcset=\"https:\/\/kurabotanica.com\/wp-content\/uploads\/2025\/04\/Blue-Curacao-bottle-landscape.webp 768w, https:\/\/kurabotanica.com\/wp-content\/uploads\/2025\/04\/Blue-Curacao-bottle-landscape-585x400.webp 585w\" sizes=\"(max-width: 768px) 100vw, 768px\" \/>\t\t\t\t\t\t\t<\/a>\n  \t\t\t\t\t\t\t<div class=\"overlay\" style=\"background-color: rgba(0, 0, 0, 0.09)\"><\/div>  \t\t\t\t\t\t\t  \t\t\t\t\t\t<\/div>\n  \t\t\t\t\t\t  \t\t\t\t\t<\/div>\n          \t\t\t\t\t<div class=\"box-text show-on-hover hover-bounce text-left is-large\" style=\"padding:5% 0px 10% 0px;\">\n\t\t\t\t\t<div class=\"box-text-inner blog-post-inner\">\n\n\t\t\t\t\t\n\t\t\t\t\t\t\t\t\t\t\t<p class=\"cat-label  is-xxsmall op-7 uppercase\">\n\t\t\t\t\tCuracao \t\t\t\t\t<\/p>\n\t\t\t\t\t\t\t\t\t\t<h5 class=\"post-title is-large \">\n\t\t\t\t\t\t<a href=\"https:\/\/kurabotanica.com\/es\/curacao-es\/licor-blue-curacao\/\" class=\"plain\">Licor Blue Curacao<\/a>\n\t\t\t\t\t<\/h5>\n\t\t\t\t\t\t\t\t\t\t<div class=\"is-divider\"><\/div>\n\t\t\t\t\t                    \n\t\t\t\t\t\n\t\t\t\t\t\n\t\t\t\t\t<\/div>\n\t\t\t\t\t<\/div>\n\t\t\t\t\t\t\t\t\t<\/div>\n\t\t\t<\/div>\n\t\t<\/div><div class=\"col post-item\" >\n\t\t\t<div class=\"col-inner\">\n\t\t\t\t<div class=\"box box-bounce box-text-bottom box-blog-post has-hover\">\n            \t\t\t\t\t<div class=\"box-image\" >\n  \t\t\t\t\t\t<div class=\"image-overlay-remove image-cover\" style=\"padding-top:100%;\">\n\t\t\t\t\t\t\t<a href=\"https:\/\/kurabotanica.com\/es\/curacao-es\/restaurantes-romanticos-frente-al-mar-en-curacao\/\" class=\"plain\" aria-label=\"Restaurantes Rom\u00e1nticos Frente al Mar en Curacao\">\n\t\t\t\t\t\t\t\t<img decoding=\"async\" width=\"1020\" height=\"765\" src=\"https:\/\/kurabotanica.com\/wp-content\/uploads\/2025\/04\/Romantische-restaurants-aan-het-water-op-Curacao-1067x800.webp\" class=\"attachment-large size-large wp-post-image\" alt=\"Romantische restaurants aan het water op Curacao\" srcset=\"https:\/\/kurabotanica.com\/wp-content\/uploads\/2025\/04\/Romantische-restaurants-aan-het-water-op-Curacao-1067x800.webp 1067w, https:\/\/kurabotanica.com\/wp-content\/uploads\/2025\/04\/Romantische-restaurants-aan-het-water-op-Curacao-533x400.webp 533w, https:\/\/kurabotanica.com\/wp-content\/uploads\/2025\/04\/Romantische-restaurants-aan-het-water-op-Curacao-768x576.webp 768w, https:\/\/kurabotanica.com\/wp-content\/uploads\/2025\/04\/Romantische-restaurants-aan-het-water-op-Curacao.webp 1440w\" sizes=\"(max-width: 1020px) 100vw, 1020px\" \/>\t\t\t\t\t\t\t<\/a>\n  \t\t\t\t\t\t\t<div class=\"overlay\" style=\"background-color: rgba(0, 0, 0, 0.09)\"><\/div>  \t\t\t\t\t\t\t  \t\t\t\t\t\t<\/div>\n  \t\t\t\t\t\t  \t\t\t\t\t<\/div>\n          \t\t\t\t\t<div class=\"box-text show-on-hover hover-bounce text-left is-large\" style=\"padding:5% 0px 10% 0px;\">\n\t\t\t\t\t<div class=\"box-text-inner blog-post-inner\">\n\n\t\t\t\t\t\n\t\t\t\t\t\t\t\t\t\t\t<p class=\"cat-label  is-xxsmall op-7 uppercase\">\n\t\t\t\t\tCuracao \t\t\t\t\t<\/p>\n\t\t\t\t\t\t\t\t\t\t<h5 class=\"post-title is-large \">\n\t\t\t\t\t\t<a href=\"https:\/\/kurabotanica.com\/es\/curacao-es\/restaurantes-romanticos-frente-al-mar-en-curacao\/\" class=\"plain\">Restaurantes Rom\u00e1nticos Frente al Mar en Curacao<\/a>\n\t\t\t\t\t<\/h5>\n\t\t\t\t\t\t\t\t\t\t<div class=\"is-divider\"><\/div>\n\t\t\t\t\t                    \n\t\t\t\t\t\n\t\t\t\t\t\n\t\t\t\t\t<\/div>\n\t\t\t\t\t<\/div>\n\t\t\t\t\t\t\t\t\t<\/div>\n\t\t\t<\/div>\n\t\t<\/div><div class=\"col post-item\" >\n\t\t\t<div class=\"col-inner\">\n\t\t\t\t<div class=\"box box-bounce box-text-bottom box-blog-post has-hover\">\n            \t\t\t\t\t<div class=\"box-image\" >\n  \t\t\t\t\t\t<div class=\"image-overlay-remove image-cover\" style=\"padding-top:100%;\">\n\t\t\t\t\t\t\t<a href=\"https:\/\/kurabotanica.com\/es\/curacao-es\/hay-delfines-en-curacao\/\" class=\"plain\" aria-label=\"\u00bfHay Delfines en Curacao?\">\n\t\t\t\t\t\t\t\t<img decoding=\"async\" width=\"1020\" height=\"765\" src=\"https:\/\/kurabotanica.com\/wp-content\/uploads\/2025\/04\/curacao-hotel-kura-botanica-dolphins-1067x800.webp\" class=\"attachment-large size-large wp-post-image\" alt=\"curacao hotel kura botanica dolphins\" srcset=\"https:\/\/kurabotanica.com\/wp-content\/uploads\/2025\/04\/curacao-hotel-kura-botanica-dolphins-1067x800.webp 1067w, https:\/\/kurabotanica.com\/wp-content\/uploads\/2025\/04\/curacao-hotel-kura-botanica-dolphins-533x400.webp 533w, https:\/\/kurabotanica.com\/wp-content\/uploads\/2025\/04\/curacao-hotel-kura-botanica-dolphins-768x576.webp 768w, https:\/\/kurabotanica.com\/wp-content\/uploads\/2025\/04\/curacao-hotel-kura-botanica-dolphins-1536x1152.webp 1536w, https:\/\/kurabotanica.com\/wp-content\/uploads\/2025\/04\/curacao-hotel-kura-botanica-dolphins.webp 1920w\" sizes=\"(max-width: 1020px) 100vw, 1020px\" \/>\t\t\t\t\t\t\t<\/a>\n  \t\t\t\t\t\t\t<div class=\"overlay\" style=\"background-color: rgba(0, 0, 0, 0.09)\"><\/div>  \t\t\t\t\t\t\t  \t\t\t\t\t\t<\/div>\n  \t\t\t\t\t\t  \t\t\t\t\t<\/div>\n          \t\t\t\t\t<div class=\"box-text show-on-hover hover-bounce text-left is-large\" style=\"padding:5% 0px 10% 0px;\">\n\t\t\t\t\t<div class=\"box-text-inner blog-post-inner\">\n\n\t\t\t\t\t\n\t\t\t\t\t\t\t\t\t\t\t<p class=\"cat-label  is-xxsmall op-7 uppercase\">\n\t\t\t\t\tAnimales Curacao \t\t\t\t\t<\/p>\n\t\t\t\t\t\t\t\t\t\t<h5 class=\"post-title is-large \">\n\t\t\t\t\t\t<a href=\"https:\/\/kurabotanica.com\/es\/curacao-es\/hay-delfines-en-curacao\/\" class=\"plain\">\u00bfHay Delfines en Curacao?<\/a>\n\t\t\t\t\t<\/h5>\n\t\t\t\t\t\t\t\t\t\t<div class=\"is-divider\"><\/div>\n\t\t\t\t\t                    \n\t\t\t\t\t\n\t\t\t\t\t\n\t\t\t\t\t<\/div>\n\t\t\t\t\t<\/div>\n\t\t\t\t\t\t\t\t\t<\/div>\n\t\t\t<\/div>\n\t\t<\/div><div class=\"col post-item\" >\n\t\t\t<div class=\"col-inner\">\n\t\t\t\t<div class=\"box box-bounce box-text-bottom box-blog-post has-hover\">\n            \t\t\t\t\t<div class=\"box-image\" >\n  \t\t\t\t\t\t<div class=\"image-overlay-remove image-cover\" style=\"padding-top:100%;\">\n\t\t\t\t\t\t\t<a href=\"https:\/\/kurabotanica.com\/es\/curacao-es\/viva-curacao-desde-el-agua\/\" class=\"plain\" aria-label=\"Viva Curacao Desde el Agua\">\n\t\t\t\t\t\t\t\t<img decoding=\"async\" width=\"1020\" height=\"680\" src=\"https:\/\/kurabotanica.com\/wp-content\/uploads\/2025\/04\/bluefinn1-1200x800.webp\" class=\"attachment-large size-large wp-post-image\" alt=\"bluefinn1\" srcset=\"https:\/\/kurabotanica.com\/wp-content\/uploads\/2025\/04\/bluefinn1-1200x800.webp 1200w, https:\/\/kurabotanica.com\/wp-content\/uploads\/2025\/04\/bluefinn1-600x400.webp 600w, https:\/\/kurabotanica.com\/wp-content\/uploads\/2025\/04\/bluefinn1-768x512.webp 768w, https:\/\/kurabotanica.com\/wp-content\/uploads\/2025\/04\/bluefinn1.webp 1500w\" sizes=\"(max-width: 1020px) 100vw, 1020px\" \/>\t\t\t\t\t\t\t<\/a>\n  \t\t\t\t\t\t\t<div class=\"overlay\" style=\"background-color: rgba(0, 0, 0, 0.09)\"><\/div>  \t\t\t\t\t\t\t  \t\t\t\t\t\t<\/div>\n  \t\t\t\t\t\t  \t\t\t\t\t<\/div>\n          \t\t\t\t\t<div class=\"box-text show-on-hover hover-bounce text-left is-large\" style=\"padding:5% 0px 10% 0px;\">\n\t\t\t\t\t<div class=\"box-text-inner blog-post-inner\">\n\n\t\t\t\t\t\n\t\t\t\t\t\t\t\t\t\t\t<p class=\"cat-label  is-xxsmall op-7 uppercase\">\n\t\t\t\t\tCuracao Playas \t\t\t\t\t<\/p>\n\t\t\t\t\t\t\t\t\t\t<h5 class=\"post-title is-large \">\n\t\t\t\t\t\t<a href=\"https:\/\/kurabotanica.com\/es\/curacao-es\/viva-curacao-desde-el-agua\/\" class=\"plain\">Viva Curacao Desde el Agua<\/a>\n\t\t\t\t\t<\/h5>\n\t\t\t\t\t\t\t\t\t\t<div class=\"is-divider\"><\/div>\n\t\t\t\t\t                    \n\t\t\t\t\t\n\t\t\t\t\t\n\t\t\t\t\t<\/div>\n\t\t\t\t\t<\/div>\n\t\t\t\t\t\t\t\t\t<\/div>\n\t\t\t<\/div>\n\t\t<\/div><div class=\"col post-item\" >\n\t\t\t<div class=\"col-inner\">\n\t\t\t\t<div class=\"box box-bounce box-text-bottom box-blog-post has-hover\">\n            \t\t\t\t\t<div class=\"box-image\" >\n  \t\t\t\t\t\t<div class=\"image-overlay-remove image-cover\" style=\"padding-top:100%;\">\n\t\t\t\t\t\t\t<a href=\"https:\/\/kurabotanica.com\/es\/curacao-es\/encuentre-hermosos-flamencos-rosados-en-la-isla-de-curazao\/\" class=\"plain\" aria-label=\"Preciosos Flamencos Rosas en la Isla de Curacao\">\n\t\t\t\t\t\t\t\t<img decoding=\"async\" width=\"1020\" height=\"683\" src=\"https:\/\/kurabotanica.com\/wp-content\/uploads\/2025\/04\/flamingos-curacao-1195x800.webp\" class=\"attachment-large size-large wp-post-image\" alt=\"flamingos curacao\" srcset=\"https:\/\/kurabotanica.com\/wp-content\/uploads\/2025\/04\/flamingos-curacao-1195x800.webp 1195w, https:\/\/kurabotanica.com\/wp-content\/uploads\/2025\/04\/flamingos-curacao-597x400.webp 597w, https:\/\/kurabotanica.com\/wp-content\/uploads\/2025\/04\/flamingos-curacao-768x514.webp 768w, https:\/\/kurabotanica.com\/wp-content\/uploads\/2025\/04\/flamingos-curacao.webp 1280w\" sizes=\"(max-width: 1020px) 100vw, 1020px\" \/>\t\t\t\t\t\t\t<\/a>\n  \t\t\t\t\t\t\t<div class=\"overlay\" style=\"background-color: rgba(0, 0, 0, 0.09)\"><\/div>  \t\t\t\t\t\t\t  \t\t\t\t\t\t<\/div>\n  \t\t\t\t\t\t  \t\t\t\t\t<\/div>\n          \t\t\t\t\t<div class=\"box-text show-on-hover hover-bounce text-left is-large\" style=\"padding:5% 0px 10% 0px;\">\n\t\t\t\t\t<div class=\"box-text-inner blog-post-inner\">\n\n\t\t\t\t\t\n\t\t\t\t\t\t\t\t\t\t\t<p class=\"cat-label  is-xxsmall op-7 uppercase\">\n\t\t\t\t\tAnimales Curacao \t\t\t\t\t<\/p>\n\t\t\t\t\t\t\t\t\t\t<h5 class=\"post-title is-large \">\n\t\t\t\t\t\t<a href=\"https:\/\/kurabotanica.com\/es\/curacao-es\/encuentre-hermosos-flamencos-rosados-en-la-isla-de-curazao\/\" class=\"plain\">Preciosos Flamencos Rosas en la Isla de Curacao<\/a>\n\t\t\t\t\t<\/h5>\n\t\t\t\t\t\t\t\t\t\t<div class=\"is-divider\"><\/div>\n\t\t\t\t\t                    \n\t\t\t\t\t\n\t\t\t\t\t\n\t\t\t\t\t<\/div>\n\t\t\t\t\t<\/div>\n\t\t\t\t\t\t\t\t\t<\/div>\n\t\t\t<\/div>\n\t\t<\/div><div class=\"col post-item\" >\n\t\t\t<div class=\"col-inner\">\n\t\t\t\t<div class=\"box box-bounce box-text-bottom box-blog-post has-hover\">\n            \t\t\t\t\t<div class=\"box-image\" >\n  \t\t\t\t\t\t<div class=\"image-overlay-remove image-cover\" style=\"padding-top:100%;\">\n\t\t\t\t\t\t\t<a href=\"https:\/\/kurabotanica.com\/es\/curacao-es\/otrobanda-el-colorido-centro-cultural-de-willemstad-curazao\/\" class=\"plain\" aria-label=\"Otrobanda, el colorido centro cultural de Willemstad, Curacao\">\n\t\t\t\t\t\t\t\t<img decoding=\"async\" width=\"925\" height=\"800\" src=\"https:\/\/kurabotanica.com\/wp-content\/uploads\/2025\/04\/otrobanda-willemstad-curacao-1280-925x800.webp\" class=\"attachment-large size-large wp-post-image\" alt=\"otrobanda willemstad curacao 1280\" srcset=\"https:\/\/kurabotanica.com\/wp-content\/uploads\/2025\/04\/otrobanda-willemstad-curacao-1280-925x800.webp 925w, https:\/\/kurabotanica.com\/wp-content\/uploads\/2025\/04\/otrobanda-willemstad-curacao-1280-463x400.webp 463w, https:\/\/kurabotanica.com\/wp-content\/uploads\/2025\/04\/otrobanda-willemstad-curacao-1280-768x664.webp 768w, https:\/\/kurabotanica.com\/wp-content\/uploads\/2025\/04\/otrobanda-willemstad-curacao-1280.webp 1280w\" sizes=\"(max-width: 925px) 100vw, 925px\" \/>\t\t\t\t\t\t\t<\/a>\n  \t\t\t\t\t\t\t<div class=\"overlay\" style=\"background-color: rgba(0, 0, 0, 0.09)\"><\/div>  \t\t\t\t\t\t\t  \t\t\t\t\t\t<\/div>\n  \t\t\t\t\t\t  \t\t\t\t\t<\/div>\n          \t\t\t\t\t<div class=\"box-text show-on-hover hover-bounce text-left is-large\" style=\"padding:5% 0px 10% 0px;\">\n\t\t\t\t\t<div class=\"box-text-inner blog-post-inner\">\n\n\t\t\t\t\t\n\t\t\t\t\t\t\t\t\t\t\t<p class=\"cat-label  is-xxsmall op-7 uppercase\">\n\t\t\t\t\tCuracao \t\t\t\t\t<\/p>\n\t\t\t\t\t\t\t\t\t\t<h5 class=\"post-title is-large \">\n\t\t\t\t\t\t<a href=\"https:\/\/kurabotanica.com\/es\/curacao-es\/otrobanda-el-colorido-centro-cultural-de-willemstad-curazao\/\" class=\"plain\">Otrobanda, el colorido centro cultural de Willemstad, Curacao<\/a>\n\t\t\t\t\t<\/h5>\n\t\t\t\t\t\t\t\t\t\t<div class=\"is-divider\"><\/div>\n\t\t\t\t\t                    \n\t\t\t\t\t\n\t\t\t\t\t\n\t\t\t\t\t<\/div>\n\t\t\t\t\t<\/div>\n\t\t\t\t\t\t\t\t\t<\/div>\n\t\t\t<\/div>\n\t\t<\/div><div class=\"col post-item\" >\n\t\t\t<div class=\"col-inner\">\n\t\t\t\t<div class=\"box box-bounce box-text-bottom box-blog-post has-hover\">\n            \t\t\t\t\t<div class=\"box-image\" >\n  \t\t\t\t\t\t<div class=\"image-overlay-remove image-cover\" style=\"padding-top:100%;\">\n\t\t\t\t\t\t\t<a href=\"https:\/\/kurabotanica.com\/es\/curacao-es\/comida-autentica-cual-es-la-comida-famosa-de-curacao\/\" class=\"plain\" aria-label=\"Comida Aut\u00e9ntica \u2013 \u00bfCu\u00e1l es la famosa comida de Curacao?\">\n\t\t\t\t\t\t\t\t<img decoding=\"async\" width=\"1020\" height=\"680\" src=\"https:\/\/kurabotanica.com\/wp-content\/uploads\/2025\/04\/curacao-food-1-1200x800.webp\" class=\"attachment-large size-large wp-post-image\" alt=\"curacao food\" srcset=\"https:\/\/kurabotanica.com\/wp-content\/uploads\/2025\/04\/curacao-food-1-1200x800.webp 1200w, https:\/\/kurabotanica.com\/wp-content\/uploads\/2025\/04\/curacao-food-1-600x400.webp 600w, https:\/\/kurabotanica.com\/wp-content\/uploads\/2025\/04\/curacao-food-1-768x512.webp 768w, https:\/\/kurabotanica.com\/wp-content\/uploads\/2025\/04\/curacao-food-1.webp 1280w\" sizes=\"(max-width: 1020px) 100vw, 1020px\" \/>\t\t\t\t\t\t\t<\/a>\n  \t\t\t\t\t\t\t<div class=\"overlay\" style=\"background-color: rgba(0, 0, 0, 0.09)\"><\/div>  \t\t\t\t\t\t\t  \t\t\t\t\t\t<\/div>\n  \t\t\t\t\t\t  \t\t\t\t\t<\/div>\n          \t\t\t\t\t<div class=\"box-text show-on-hover hover-bounce text-left is-large\" style=\"padding:5% 0px 10% 0px;\">\n\t\t\t\t\t<div class=\"box-text-inner blog-post-inner\">\n\n\t\t\t\t\t\n\t\t\t\t\t\t\t\t\t\t\t<p class=\"cat-label  is-xxsmall op-7 uppercase\">\n\t\t\t\t\tCuracao \t\t\t\t\t<\/p>\n\t\t\t\t\t\t\t\t\t\t<h5 class=\"post-title is-large \">\n\t\t\t\t\t\t<a href=\"https:\/\/kurabotanica.com\/es\/curacao-es\/comida-autentica-cual-es-la-comida-famosa-de-curacao\/\" class=\"plain\">Comida Aut\u00e9ntica \u2013 \u00bfCu\u00e1l es la famosa comida de Curacao?<\/a>\n\t\t\t\t\t<\/h5>\n\t\t\t\t\t\t\t\t\t\t<div class=\"is-divider\"><\/div>\n\t\t\t\t\t                    \n\t\t\t\t\t\n\t\t\t\t\t\n\t\t\t\t\t<\/div>\n\t\t\t\t\t<\/div>\n\t\t\t\t\t\t\t\t\t<\/div>\n\t\t\t<\/div>\n\t\t<\/div><div class=\"col post-item\" >\n\t\t\t<div class=\"col-inner\">\n\t\t\t\t<div class=\"box box-bounce box-text-bottom box-blog-post has-hover\">\n            \t\t\t\t\t<div class=\"box-image\" >\n  \t\t\t\t\t\t<div class=\"image-overlay-remove image-cover\" style=\"padding-top:100%;\">\n\t\t\t\t\t\t\t<a href=\"https:\/\/kurabotanica.com\/es\/curacao-es\/caminata-en-el-parque-nacional-de-christoffel\/\" class=\"plain\" aria-label=\"Paseo por el Parque Nacional de Christoffel\">\n\t\t\t\t\t\t\t\t<img decoding=\"async\" width=\"1020\" height=\"464\" src=\"https:\/\/kurabotanica.com\/wp-content\/uploads\/2025\/04\/christoffel-park-curacao-1.webp\" class=\"attachment-large size-large wp-post-image\" alt=\"christoffel-park-curacao-1\" srcset=\"https:\/\/kurabotanica.com\/wp-content\/uploads\/2025\/04\/christoffel-park-curacao-1.webp 1280w, https:\/\/kurabotanica.com\/wp-content\/uploads\/2025\/04\/christoffel-park-curacao-1-800x364.webp 800w, https:\/\/kurabotanica.com\/wp-content\/uploads\/2025\/04\/christoffel-park-curacao-1-768x349.webp 768w\" sizes=\"(max-width: 1020px) 100vw, 1020px\" \/>\t\t\t\t\t\t\t<\/a>\n  \t\t\t\t\t\t\t<div class=\"overlay\" style=\"background-color: rgba(0, 0, 0, 0.09)\"><\/div>  \t\t\t\t\t\t\t  \t\t\t\t\t\t<\/div>\n  \t\t\t\t\t\t  \t\t\t\t\t<\/div>\n          \t\t\t\t\t<div class=\"box-text show-on-hover hover-bounce text-left is-large\" style=\"padding:5% 0px 10% 0px;\">\n\t\t\t\t\t<div class=\"box-text-inner blog-post-inner\">\n\n\t\t\t\t\t\n\t\t\t\t\t\t\t\t\t\t\t<p class=\"cat-label  is-xxsmall op-7 uppercase\">\n\t\t\t\t\tCuracao \t\t\t\t\t<\/p>\n\t\t\t\t\t\t\t\t\t\t<h5 class=\"post-title is-large \">\n\t\t\t\t\t\t<a href=\"https:\/\/kurabotanica.com\/es\/curacao-es\/caminata-en-el-parque-nacional-de-christoffel\/\" class=\"plain\">Paseo por el Parque Nacional de Christoffel<\/a>\n\t\t\t\t\t<\/h5>\n\t\t\t\t\t\t\t\t\t\t<div class=\"is-divider\"><\/div>\n\t\t\t\t\t                    \n\t\t\t\t\t\n\t\t\t\t\t\n\t\t\t\t\t<\/div>\n\t\t\t\t\t<\/div>\n\t\t\t\t\t\t\t\t\t<\/div>\n\t\t\t<\/div>\n\t\t<\/div><div class=\"col post-item\" >\n\t\t\t<div class=\"col-inner\">\n\t\t\t\t<div class=\"box box-bounce box-text-bottom box-blog-post has-hover\">\n            \t\t\t\t\t<div class=\"box-image\" >\n  \t\t\t\t\t\t<div class=\"image-overlay-remove image-cover\" style=\"padding-top:100%;\">\n\t\t\t\t\t\t\t<a href=\"https:\/\/kurabotanica.com\/es\/curacao-es\/alquile-un-coche-para-explorar-la-isla\/\" class=\"plain\" aria-label=\"Alquile un coche en Cura\u00e7ao para explorar la isla\">\n\t\t\t\t\t\t\t\t<img decoding=\"async\" width=\"1020\" height=\"681\" src=\"https:\/\/kurabotanica.com\/wp-content\/uploads\/2025\/04\/curacao-car-rentals-1199x800.webp\" class=\"attachment-large size-large wp-post-image\" alt=\"curacao car rentals\" srcset=\"https:\/\/kurabotanica.com\/wp-content\/uploads\/2025\/04\/curacao-car-rentals-1199x800.webp 1199w, https:\/\/kurabotanica.com\/wp-content\/uploads\/2025\/04\/curacao-car-rentals-600x400.webp 600w, https:\/\/kurabotanica.com\/wp-content\/uploads\/2025\/04\/curacao-car-rentals-768x512.webp 768w, https:\/\/kurabotanica.com\/wp-content\/uploads\/2025\/04\/curacao-car-rentals-1536x1025.webp 1536w, https:\/\/kurabotanica.com\/wp-content\/uploads\/2025\/04\/curacao-car-rentals.webp 1920w\" sizes=\"(max-width: 1020px) 100vw, 1020px\" \/>\t\t\t\t\t\t\t<\/a>\n  \t\t\t\t\t\t\t<div class=\"overlay\" style=\"background-color: rgba(0, 0, 0, 0.09)\"><\/div>  \t\t\t\t\t\t\t  \t\t\t\t\t\t<\/div>\n  \t\t\t\t\t\t  \t\t\t\t\t<\/div>\n          \t\t\t\t\t<div class=\"box-text show-on-hover hover-bounce text-left is-large\" style=\"padding:5% 0px 10% 0px;\">\n\t\t\t\t\t<div class=\"box-text-inner blog-post-inner\">\n\n\t\t\t\t\t\n\t\t\t\t\t\t\t\t\t\t\t<p class=\"cat-label  is-xxsmall op-7 uppercase\">\n\t\t\t\t\tCuracao \t\t\t\t\t<\/p>\n\t\t\t\t\t\t\t\t\t\t<h5 class=\"post-title is-large \">\n\t\t\t\t\t\t<a href=\"https:\/\/kurabotanica.com\/es\/curacao-es\/alquile-un-coche-para-explorar-la-isla\/\" class=\"plain\">Alquile un coche en Cura\u00e7ao para explorar la isla<\/a>\n\t\t\t\t\t<\/h5>\n\t\t\t\t\t\t\t\t\t\t<div class=\"is-divider\"><\/div>\n\t\t\t\t\t                    \n\t\t\t\t\t\n\t\t\t\t\t\n\t\t\t\t\t<\/div>\n\t\t\t\t\t<\/div>\n\t\t\t\t\t\t\t\t\t<\/div>\n\t\t\t<\/div>\n\t\t<\/div><div class=\"col post-item\" >\n\t\t\t<div class=\"col-inner\">\n\t\t\t\t<div class=\"box box-bounce box-text-bottom box-blog-post has-hover\">\n            \t\t\t\t\t<div class=\"box-image\" >\n  \t\t\t\t\t\t<div class=\"image-overlay-remove image-cover\" style=\"padding-top:100%;\">\n\t\t\t\t\t\t\t<a href=\"https:\/\/kurabotanica.com\/es\/curacao-es\/ver-el-centro-historico-de-willemstad\/\" class=\"plain\" aria-label=\"Ver el Centro Hist\u00f3rico de Willemstad\">\n\t\t\t\t\t\t\t\t<img decoding=\"async\" width=\"1020\" height=\"678\" src=\"https:\/\/kurabotanica.com\/wp-content\/uploads\/2025\/04\/hotel-curacao-kura-botanica-image-179.webp\" class=\"attachment-large size-large wp-post-image\" alt=\"hotel-curacao-kura-botanica-image-179\" srcset=\"https:\/\/kurabotanica.com\/wp-content\/uploads\/2025\/04\/hotel-curacao-kura-botanica-image-179.webp 1200w, https:\/\/kurabotanica.com\/wp-content\/uploads\/2025\/04\/hotel-curacao-kura-botanica-image-179-602x400.webp 602w, https:\/\/kurabotanica.com\/wp-content\/uploads\/2025\/04\/hotel-curacao-kura-botanica-image-179-768x511.webp 768w\" sizes=\"(max-width: 1020px) 100vw, 1020px\" \/>\t\t\t\t\t\t\t<\/a>\n  \t\t\t\t\t\t\t<div class=\"overlay\" style=\"background-color: rgba(0, 0, 0, 0.09)\"><\/div>  \t\t\t\t\t\t\t  \t\t\t\t\t\t<\/div>\n  \t\t\t\t\t\t  \t\t\t\t\t<\/div>\n          \t\t\t\t\t<div class=\"box-text show-on-hover hover-bounce text-left is-large\" style=\"padding:5% 0px 10% 0px;\">\n\t\t\t\t\t<div class=\"box-text-inner blog-post-inner\">\n\n\t\t\t\t\t\n\t\t\t\t\t\t\t\t\t\t\t<p class=\"cat-label  is-xxsmall op-7 uppercase\">\n\t\t\t\t\tCuracao \t\t\t\t\t<\/p>\n\t\t\t\t\t\t\t\t\t\t<h5 class=\"post-title is-large \">\n\t\t\t\t\t\t<a href=\"https:\/\/kurabotanica.com\/es\/curacao-es\/ver-el-centro-historico-de-willemstad\/\" class=\"plain\">Ver el Centro Hist\u00f3rico de Willemstad<\/a>\n\t\t\t\t\t<\/h5>\n\t\t\t\t\t\t\t\t\t\t<div class=\"is-divider\"><\/div>\n\t\t\t\t\t                    \n\t\t\t\t\t\n\t\t\t\t\t\n\t\t\t\t\t<\/div>\n\t\t\t\t\t<\/div>\n\t\t\t\t\t\t\t\t\t<\/div>\n\t\t\t<\/div>\n\t\t<\/div><div class=\"col post-item\" >\n\t\t\t<div class=\"col-inner\">\n\t\t\t\t<div class=\"box box-bounce box-text-bottom box-blog-post has-hover\">\n            \t\t\t\t\t<div class=\"box-image\" >\n  \t\t\t\t\t\t<div class=\"image-overlay-remove image-cover\" style=\"padding-top:100%;\">\n\t\t\t\t\t\t\t<a href=\"https:\/\/kurabotanica.com\/es\/curacao-es\/viaje-en-barco-a-klein-curacao\/\" class=\"plain\" aria-label=\"Excursi\u00f3n en barco a Klein Cura\u00e7ao\">\n\t\t\t\t\t\t\t\t<img decoding=\"async\" width=\"1020\" height=\"522\" src=\"https:\/\/kurabotanica.com\/wp-content\/uploads\/2025\/04\/Best-Klein-Curacao-Boat-Trips-01.webp\" class=\"attachment-large size-large wp-post-image\" alt=\"Best Klein Curacao Boat Trips 01\" srcset=\"https:\/\/kurabotanica.com\/wp-content\/uploads\/2025\/04\/Best-Klein-Curacao-Boat-Trips-01.webp 1280w, https:\/\/kurabotanica.com\/wp-content\/uploads\/2025\/04\/Best-Klein-Curacao-Boat-Trips-01-782x400.webp 782w, https:\/\/kurabotanica.com\/wp-content\/uploads\/2025\/04\/Best-Klein-Curacao-Boat-Trips-01-768x393.webp 768w\" sizes=\"(max-width: 1020px) 100vw, 1020px\" \/>\t\t\t\t\t\t\t<\/a>\n  \t\t\t\t\t\t\t<div class=\"overlay\" style=\"background-color: rgba(0, 0, 0, 0.09)\"><\/div>  \t\t\t\t\t\t\t  \t\t\t\t\t\t<\/div>\n  \t\t\t\t\t\t  \t\t\t\t\t<\/div>\n          \t\t\t\t\t<div class=\"box-text show-on-hover hover-bounce text-left is-large\" style=\"padding:5% 0px 10% 0px;\">\n\t\t\t\t\t<div class=\"box-text-inner blog-post-inner\">\n\n\t\t\t\t\t\n\t\t\t\t\t\t\t\t\t\t\t<p class=\"cat-label  is-xxsmall op-7 uppercase\">\n\t\t\t\t\tCuracao \t\t\t\t\t<\/p>\n\t\t\t\t\t\t\t\t\t\t<h5 class=\"post-title is-large \">\n\t\t\t\t\t\t<a href=\"https:\/\/kurabotanica.com\/es\/curacao-es\/viaje-en-barco-a-klein-curacao\/\" class=\"plain\">Excursi\u00f3n en barco a Klein Cura\u00e7ao<\/a>\n\t\t\t\t\t<\/h5>\n\t\t\t\t\t\t\t\t\t\t<div class=\"is-divider\"><\/div>\n\t\t\t\t\t                    \n\t\t\t\t\t\n\t\t\t\t\t\n\t\t\t\t\t<\/div>\n\t\t\t\t\t<\/div>\n\t\t\t\t\t\t\t\t\t<\/div>\n\t\t\t<\/div>\n\t\t<\/div><div class=\"col post-item\" >\n\t\t\t<div class=\"col-inner\">\n\t\t\t\t<div class=\"box box-bounce box-text-bottom box-blog-post has-hover\">\n            \t\t\t\t\t<div class=\"box-image\" >\n  \t\t\t\t\t\t<div class=\"image-overlay-remove image-cover\" style=\"padding-top:100%;\">\n\t\t\t\t\t\t\t<a href=\"https:\/\/kurabotanica.com\/es\/animales\/animales-salvajes-para-ver-en-curacao\/\" class=\"plain\" aria-label=\"Avistamiento de Fauna en Curacao\">\n\t\t\t\t\t\t\t\t<img decoding=\"async\" width=\"1020\" height=\"680\" src=\"https:\/\/kurabotanica.com\/wp-content\/uploads\/2025\/04\/curacao-hotel-kura-botanica-playa-jeremi-Depositphotos_4595790_DS-playa-jeremi-2-1200x800.webp\" class=\"attachment-large size-large wp-post-image\" alt=\"curacao-hotel-kura-botanica-playa-jeremi-Depositphotos_4595790_DS-playa-jeremi\" srcset=\"https:\/\/kurabotanica.com\/wp-content\/uploads\/2025\/04\/curacao-hotel-kura-botanica-playa-jeremi-Depositphotos_4595790_DS-playa-jeremi-2-1200x800.webp 1200w, https:\/\/kurabotanica.com\/wp-content\/uploads\/2025\/04\/curacao-hotel-kura-botanica-playa-jeremi-Depositphotos_4595790_DS-playa-jeremi-2-600x400.webp 600w, https:\/\/kurabotanica.com\/wp-content\/uploads\/2025\/04\/curacao-hotel-kura-botanica-playa-jeremi-Depositphotos_4595790_DS-playa-jeremi-2-768x512.webp 768w, https:\/\/kurabotanica.com\/wp-content\/uploads\/2025\/04\/curacao-hotel-kura-botanica-playa-jeremi-Depositphotos_4595790_DS-playa-jeremi-2-1536x1024.webp 1536w, https:\/\/kurabotanica.com\/wp-content\/uploads\/2025\/04\/curacao-hotel-kura-botanica-playa-jeremi-Depositphotos_4595790_DS-playa-jeremi-2.webp 1920w\" sizes=\"(max-width: 1020px) 100vw, 1020px\" \/>\t\t\t\t\t\t\t<\/a>\n  \t\t\t\t\t\t\t<div class=\"overlay\" style=\"background-color: rgba(0, 0, 0, 0.09)\"><\/div>  \t\t\t\t\t\t\t  \t\t\t\t\t\t<\/div>\n  \t\t\t\t\t\t  \t\t\t\t\t<\/div>\n          \t\t\t\t\t<div class=\"box-text show-on-hover hover-bounce text-left is-large\" style=\"padding:5% 0px 10% 0px;\">\n\t\t\t\t\t<div class=\"box-text-inner blog-post-inner\">\n\n\t\t\t\t\t\n\t\t\t\t\t\t\t\t\t\t\t<p class=\"cat-label  is-xxsmall op-7 uppercase\">\n\t\t\t\t\tAnimales \t\t\t\t\t<\/p>\n\t\t\t\t\t\t\t\t\t\t<h5 class=\"post-title is-large \">\n\t\t\t\t\t\t<a href=\"https:\/\/kurabotanica.com\/es\/animales\/animales-salvajes-para-ver-en-curacao\/\" class=\"plain\">Avistamiento de Fauna en Curacao<\/a>\n\t\t\t\t\t<\/h5>\n\t\t\t\t\t\t\t\t\t\t<div class=\"is-divider\"><\/div>\n\t\t\t\t\t                    \n\t\t\t\t\t\n\t\t\t\t\t\n\t\t\t\t\t<\/div>\n\t\t\t\t\t<\/div>\n\t\t\t\t\t\t\t\t\t<\/div>\n\t\t\t<\/div>\n\t\t<\/div><div class=\"col post-item\" >\n\t\t\t<div class=\"col-inner\">\n\t\t\t\t<div class=\"box box-bounce box-text-bottom box-blog-post has-hover\">\n            \t\t\t\t\t<div class=\"box-image\" >\n  \t\t\t\t\t\t<div class=\"image-overlay-remove image-cover\" style=\"padding-top:100%;\">\n\t\t\t\t\t\t\t<a href=\"https:\/\/kurabotanica.com\/es\/animales\/nadar-con-delfines-en-curacao\/\" class=\"plain\" aria-label=\"Nadar con Delfines en Curacao\">\n\t\t\t\t\t\t\t\t<img decoding=\"async\" width=\"800\" height=\"800\" src=\"https:\/\/kurabotanica.com\/wp-content\/uploads\/2025\/04\/dolphin-sou-1-800x800.webp\" class=\"attachment-large size-large wp-post-image\" alt=\"dolphin-sou-1\" srcset=\"https:\/\/kurabotanica.com\/wp-content\/uploads\/2025\/04\/dolphin-sou-1-800x800.webp 800w, https:\/\/kurabotanica.com\/wp-content\/uploads\/2025\/04\/dolphin-sou-1-400x400.webp 400w, https:\/\/kurabotanica.com\/wp-content\/uploads\/2025\/04\/dolphin-sou-1-280x280.webp 280w, https:\/\/kurabotanica.com\/wp-content\/uploads\/2025\/04\/dolphin-sou-1-768x768.webp 768w, https:\/\/kurabotanica.com\/wp-content\/uploads\/2025\/04\/dolphin-sou-1.webp 1080w\" sizes=\"(max-width: 800px) 100vw, 800px\" \/>\t\t\t\t\t\t\t<\/a>\n  \t\t\t\t\t\t\t<div class=\"overlay\" style=\"background-color: rgba(0, 0, 0, 0.09)\"><\/div>  \t\t\t\t\t\t\t  \t\t\t\t\t\t<\/div>\n  \t\t\t\t\t\t  \t\t\t\t\t<\/div>\n          \t\t\t\t\t<div class=\"box-text show-on-hover hover-bounce text-left is-large\" style=\"padding:5% 0px 10% 0px;\">\n\t\t\t\t\t<div class=\"box-text-inner blog-post-inner\">\n\n\t\t\t\t\t\n\t\t\t\t\t\t\t\t\t\t\t<p class=\"cat-label  is-xxsmall op-7 uppercase\">\n\t\t\t\t\tAnimales \t\t\t\t\t<\/p>\n\t\t\t\t\t\t\t\t\t\t<h5 class=\"post-title is-large \">\n\t\t\t\t\t\t<a href=\"https:\/\/kurabotanica.com\/es\/animales\/nadar-con-delfines-en-curacao\/\" class=\"plain\">Nadar con Delfines en Curacao<\/a>\n\t\t\t\t\t<\/h5>\n\t\t\t\t\t\t\t\t\t\t<div class=\"is-divider\"><\/div>\n\t\t\t\t\t                    \n\t\t\t\t\t\n\t\t\t\t\t\n\t\t\t\t\t<\/div>\n\t\t\t\t\t<\/div>\n\t\t\t\t\t\t\t\t\t<\/div>\n\t\t\t<\/div>\n\t\t<\/div><div class=\"col post-item\" >\n\t\t\t<div class=\"col-inner\">\n\t\t\t\t<div class=\"box box-bounce box-text-bottom box-blog-post has-hover\">\n            \t\t\t\t\t<div class=\"box-image\" >\n  \t\t\t\t\t\t<div class=\"image-overlay-remove image-cover\" style=\"padding-top:100%;\">\n\t\t\t\t\t\t\t<a href=\"https:\/\/kurabotanica.com\/es\/playas\/las-5-playas-mas-bonitas-de-curacao\/\" class=\"plain\" aria-label=\"Las 5 playas M\u00e1s Bonitas de Curacao\">\n\t\t\t\t\t\t\t\t<img decoding=\"async\" width=\"1020\" height=\"765\" src=\"https:\/\/kurabotanica.com\/wp-content\/uploads\/2025\/04\/curacao-hotel-kura-botanica-35990284_tropical-luxury-resort-curacao-with-pirvate-beach-and-palm-trees-luxury-vacation-curacao-1067x800.webp\" class=\"attachment-large size-large wp-post-image\" alt=\"curacao hotel kura botanica 35990284_tropical luxury resort curacao with pirvate beach and palm trees luxury vacation curacao\" srcset=\"https:\/\/kurabotanica.com\/wp-content\/uploads\/2025\/04\/curacao-hotel-kura-botanica-35990284_tropical-luxury-resort-curacao-with-pirvate-beach-and-palm-trees-luxury-vacation-curacao-1067x800.webp 1067w, https:\/\/kurabotanica.com\/wp-content\/uploads\/2025\/04\/curacao-hotel-kura-botanica-35990284_tropical-luxury-resort-curacao-with-pirvate-beach-and-palm-trees-luxury-vacation-curacao-533x400.webp 533w, https:\/\/kurabotanica.com\/wp-content\/uploads\/2025\/04\/curacao-hotel-kura-botanica-35990284_tropical-luxury-resort-curacao-with-pirvate-beach-and-palm-trees-luxury-vacation-curacao-768x576.webp 768w, https:\/\/kurabotanica.com\/wp-content\/uploads\/2025\/04\/curacao-hotel-kura-botanica-35990284_tropical-luxury-resort-curacao-with-pirvate-beach-and-palm-trees-luxury-vacation-curacao-1536x1152.webp 1536w, https:\/\/kurabotanica.com\/wp-content\/uploads\/2025\/04\/curacao-hotel-kura-botanica-35990284_tropical-luxury-resort-curacao-with-pirvate-beach-and-palm-trees-luxury-vacation-curacao.webp 1920w\" sizes=\"(max-width: 1020px) 100vw, 1020px\" \/>\t\t\t\t\t\t\t<\/a>\n  \t\t\t\t\t\t\t<div class=\"overlay\" style=\"background-color: rgba(0, 0, 0, 0.09)\"><\/div>  \t\t\t\t\t\t\t  \t\t\t\t\t\t<\/div>\n  \t\t\t\t\t\t  \t\t\t\t\t<\/div>\n          \t\t\t\t\t<div class=\"box-text show-on-hover hover-bounce text-left is-large\" style=\"padding:5% 0px 10% 0px;\">\n\t\t\t\t\t<div class=\"box-text-inner blog-post-inner\">\n\n\t\t\t\t\t\n\t\t\t\t\t\t\t\t\t\t\t<p class=\"cat-label  is-xxsmall op-7 uppercase\">\n\t\t\t\t\tPlayas \t\t\t\t\t<\/p>\n\t\t\t\t\t\t\t\t\t\t<h5 class=\"post-title is-large \">\n\t\t\t\t\t\t<a href=\"https:\/\/kurabotanica.com\/es\/playas\/las-5-playas-mas-bonitas-de-curacao\/\" class=\"plain\">Las 5 playas M\u00e1s Bonitas de Curacao<\/a>\n\t\t\t\t\t<\/h5>\n\t\t\t\t\t\t\t\t\t\t<div class=\"is-divider\"><\/div>\n\t\t\t\t\t                    \n\t\t\t\t\t\n\t\t\t\t\t\n\t\t\t\t\t<\/div>\n\t\t\t\t\t<\/div>\n\t\t\t\t\t\t\t\t\t<\/div>\n\t\t\t<\/div>\n\t\t<\/div><div class=\"col post-item\" >\n\t\t\t<div class=\"col-inner\">\n\t\t\t\t<div class=\"box box-bounce box-text-bottom box-blog-post has-hover\">\n            \t\t\t\t\t<div class=\"box-image\" >\n  \t\t\t\t\t\t<div class=\"image-overlay-remove image-cover\" style=\"padding-top:100%;\">\n\t\t\t\t\t\t\t<a href=\"https:\/\/kurabotanica.com\/es\/playas\/nadar-con-las-tortugas-en-la-playa-grandi\/\" class=\"plain\" aria-label=\"Nadar con Tortugas en Playa Grandi\">\n\t\t\t\t\t\t\t\t<img decoding=\"async\" width=\"1020\" height=\"680\" src=\"https:\/\/kurabotanica.com\/wp-content\/uploads\/2025\/04\/turtle-swimming-hotel-curacao-kura-botanica-image-64-1-1200x800.webp\" class=\"attachment-large size-large wp-post-image\" alt=\"turtle swimming hotel curacao kura botanica image 64 1\" srcset=\"https:\/\/kurabotanica.com\/wp-content\/uploads\/2025\/04\/turtle-swimming-hotel-curacao-kura-botanica-image-64-1-1200x800.webp 1200w, https:\/\/kurabotanica.com\/wp-content\/uploads\/2025\/04\/turtle-swimming-hotel-curacao-kura-botanica-image-64-1-600x400.webp 600w, https:\/\/kurabotanica.com\/wp-content\/uploads\/2025\/04\/turtle-swimming-hotel-curacao-kura-botanica-image-64-1-768x512.webp 768w, https:\/\/kurabotanica.com\/wp-content\/uploads\/2025\/04\/turtle-swimming-hotel-curacao-kura-botanica-image-64-1.webp 1240w\" sizes=\"(max-width: 1020px) 100vw, 1020px\" \/>\t\t\t\t\t\t\t<\/a>\n  \t\t\t\t\t\t\t<div class=\"overlay\" style=\"background-color: rgba(0, 0, 0, 0.09)\"><\/div>  \t\t\t\t\t\t\t  \t\t\t\t\t\t<\/div>\n  \t\t\t\t\t\t  \t\t\t\t\t<\/div>\n          \t\t\t\t\t<div class=\"box-text show-on-hover hover-bounce text-left is-large\" style=\"padding:5% 0px 10% 0px;\">\n\t\t\t\t\t<div class=\"box-text-inner blog-post-inner\">\n\n\t\t\t\t\t\n\t\t\t\t\t\t\t\t\t\t\t<p class=\"cat-label  is-xxsmall op-7 uppercase\">\n\t\t\t\t\tPlayas \t\t\t\t\t<\/p>\n\t\t\t\t\t\t\t\t\t\t<h5 class=\"post-title is-large \">\n\t\t\t\t\t\t<a href=\"https:\/\/kurabotanica.com\/es\/playas\/nadar-con-las-tortugas-en-la-playa-grandi\/\" class=\"plain\">Nadar con Tortugas en Playa Grandi<\/a>\n\t\t\t\t\t<\/h5>\n\t\t\t\t\t\t\t\t\t\t<div class=\"is-divider\"><\/div>\n\t\t\t\t\t                    \n\t\t\t\t\t\n\t\t\t\t\t\n\t\t\t\t\t<\/div>\n\t\t\t\t\t<\/div>\n\t\t\t\t\t\t\t\t\t<\/div>\n\t\t\t<\/div>\n\t\t<\/div><div class=\"col post-item\" >\n\t\t\t<div class=\"col-inner\">\n\t\t\t\t<div class=\"box box-bounce box-text-bottom box-blog-post has-hover\">\n            \t\t\t\t\t<div class=\"box-image\" >\n  \t\t\t\t\t\t<div class=\"image-overlay-remove image-cover\" style=\"padding-top:100%;\">\n\t\t\t\t\t\t\t<a href=\"https:\/\/kurabotanica.com\/es\/animales\/buceo-en-curazao-las-vacaciones-de-su-vida\/\" class=\"plain\" aria-label=\"Bucear en Curacao: Las Vacaciones de SuVida\">\n\t\t\t\t\t\t\t\t<img decoding=\"async\" width=\"1000\" height=\"800\" src=\"https:\/\/kurabotanica.com\/wp-content\/uploads\/2025\/04\/padi-in-curacao-1-1000x800.webp\" class=\"attachment-large size-large wp-post-image\" alt=\"padi in curacao 1\" srcset=\"https:\/\/kurabotanica.com\/wp-content\/uploads\/2025\/04\/padi-in-curacao-1-1000x800.webp 1000w, https:\/\/kurabotanica.com\/wp-content\/uploads\/2025\/04\/padi-in-curacao-1-500x400.webp 500w, https:\/\/kurabotanica.com\/wp-content\/uploads\/2025\/04\/padi-in-curacao-1-768x614.webp 768w, https:\/\/kurabotanica.com\/wp-content\/uploads\/2025\/04\/padi-in-curacao-1.webp 1280w\" sizes=\"(max-width: 1000px) 100vw, 1000px\" \/>\t\t\t\t\t\t\t<\/a>\n  \t\t\t\t\t\t\t<div class=\"overlay\" style=\"background-color: rgba(0, 0, 0, 0.09)\"><\/div>  \t\t\t\t\t\t\t  \t\t\t\t\t\t<\/div>\n  \t\t\t\t\t\t  \t\t\t\t\t<\/div>\n          \t\t\t\t\t<div class=\"box-text show-on-hover hover-bounce text-left is-large\" style=\"padding:5% 0px 10% 0px;\">\n\t\t\t\t\t<div class=\"box-text-inner blog-post-inner\">\n\n\t\t\t\t\t\n\t\t\t\t\t\t\t\t\t\t\t<p class=\"cat-label  is-xxsmall op-7 uppercase\">\n\t\t\t\t\tAnimales \t\t\t\t\t<\/p>\n\t\t\t\t\t\t\t\t\t\t<h5 class=\"post-title is-large \">\n\t\t\t\t\t\t<a href=\"https:\/\/kurabotanica.com\/es\/animales\/buceo-en-curazao-las-vacaciones-de-su-vida\/\" class=\"plain\">Bucear en Curacao: Las Vacaciones de SuVida<\/a>\n\t\t\t\t\t<\/h5>\n\t\t\t\t\t\t\t\t\t\t<div class=\"is-divider\"><\/div>\n\t\t\t\t\t                    \n\t\t\t\t\t\n\t\t\t\t\t\n\t\t\t\t\t<\/div>\n\t\t\t\t\t<\/div>\n\t\t\t\t\t\t\t\t\t<\/div>\n\t\t\t<\/div>\n\t\t<\/div><div class=\"col post-item\" >\n\t\t\t<div class=\"col-inner\">\n\t\t\t\t<div class=\"box box-bounce box-text-bottom box-blog-post has-hover\">\n            \t\t\t\t\t<div class=\"box-image\" >\n  \t\t\t\t\t\t<div class=\"image-overlay-remove image-cover\" style=\"padding-top:100%;\">\n\t\t\t\t\t\t\t<a href=\"https:\/\/kurabotanica.com\/es\/playas\/buceo-en-curazao-explore-la-belleza-de-la-vida-acuatica-de-curazao\/\" class=\"plain\" aria-label=\"Buceo en Curacao \u2013 Explore la belleza de la vida acu\u00e1tica de Curacao\">\n\t\t\t\t\t\t\t\t<img decoding=\"async\" width=\"1020\" height=\"574\" src=\"https:\/\/kurabotanica.com\/wp-content\/uploads\/2025\/04\/diving-curacao-3-people.webp\" class=\"attachment-large size-large wp-post-image\" alt=\"diving curacao 3 people\" srcset=\"https:\/\/kurabotanica.com\/wp-content\/uploads\/2025\/04\/diving-curacao-3-people.webp 1280w, https:\/\/kurabotanica.com\/wp-content\/uploads\/2025\/04\/diving-curacao-3-people-711x400.webp 711w, https:\/\/kurabotanica.com\/wp-content\/uploads\/2025\/04\/diving-curacao-3-people-768x432.webp 768w\" sizes=\"(max-width: 1020px) 100vw, 1020px\" \/>\t\t\t\t\t\t\t<\/a>\n  \t\t\t\t\t\t\t<div class=\"overlay\" style=\"background-color: rgba(0, 0, 0, 0.09)\"><\/div>  \t\t\t\t\t\t\t  \t\t\t\t\t\t<\/div>\n  \t\t\t\t\t\t  \t\t\t\t\t<\/div>\n          \t\t\t\t\t<div class=\"box-text show-on-hover hover-bounce text-left is-large\" style=\"padding:5% 0px 10% 0px;\">\n\t\t\t\t\t<div class=\"box-text-inner blog-post-inner\">\n\n\t\t\t\t\t\n\t\t\t\t\t\t\t\t\t\t\t<p class=\"cat-label  is-xxsmall op-7 uppercase\">\n\t\t\t\t\tPlayas \t\t\t\t\t<\/p>\n\t\t\t\t\t\t\t\t\t\t<h5 class=\"post-title is-large \">\n\t\t\t\t\t\t<a href=\"https:\/\/kurabotanica.com\/es\/playas\/buceo-en-curazao-explore-la-belleza-de-la-vida-acuatica-de-curazao\/\" class=\"plain\">Buceo en Curacao \u2013 Explore la belleza de la vida acu\u00e1tica de Curacao<\/a>\n\t\t\t\t\t<\/h5>\n\t\t\t\t\t\t\t\t\t\t<div class=\"is-divider\"><\/div>\n\t\t\t\t\t                    \n\t\t\t\t\t\n\t\t\t\t\t\n\t\t\t\t\t<\/div>\n\t\t\t\t\t<\/div>\n\t\t\t\t\t\t\t\t\t<\/div>\n\t\t\t<\/div>\n\t\t<\/div><\/div>\n\t\t<\/div>\n\n\t\t\n<style>\n#section_2029502905 {\n  padding-top: 30px;\n  padding-bottom: 30px;\n}\n<\/style>\n\t<\/section>\n\t\n\n\t<section class=\"section\" id=\"section_294050310\">\n\t\t<div class=\"section-bg fill\" >\n\t\t\t\t\t\t\t\t\t\n\t\t\t\n\n\t\t<\/div>\n\n\t\t\n\n\t\t<div class=\"section-content relative\">\n\t\t\t\n\t<div id=\"gap-459963545\" class=\"gap-element clearfix\" style=\"display:block; height:auto;\">\n\t\t\n<style>\n#gap-459963545 {\n  padding-top: 3rem;\n}\n<\/style>\n\t<\/div>\n\t\n<div class=\"row align-center\"  id=\"row-1436970185\">\n\n\t<div id=\"col-1759069695\" class=\"col medium-4 small-12 large-4\"  >\n\t\t\t\t<div class=\"col-inner\"  >\n\t\t\t\n\t\t\t\n\t<div class=\"img has-hover hide-for-small x md-x lg-x y md-y lg-y\" id=\"image_1745232400\">\n\t\t\t\t\t\t\t\t<div class=\"img-inner dark\" >\n\t\t\t<img decoding=\"async\" width=\"415\" height=\"650\" src=\"https:\/\/kurabotanica.com\/wp-content\/uploads\/2025\/04\/Kura-Botanica-Unesco-heritage-2.webp\" class=\"attachment-large size-large\" alt=\"\" srcset=\"https:\/\/kurabotanica.com\/wp-content\/uploads\/2025\/04\/Kura-Botanica-Unesco-heritage-2.webp 415w, https:\/\/kurabotanica.com\/wp-content\/uploads\/2025\/04\/Kura-Botanica-Unesco-heritage-2-255x400.webp 255w\" sizes=\"(max-width: 415px) 100vw, 415px\" \/>\t\t\t\t\t\t\n\t\t\t\t\t<\/div>\n\t\t\t\t\t\t\t\t\n<style>\n#image_1745232400 {\n  width: 100%;\n}\n<\/style>\n\t<\/div>\n\t\n\t\t<\/div>\n\t\t\t\t\t<\/div>\n\n\t\n\n\t<div id=\"col-2046501393\" class=\"col medium-4 small-12 large-4\"  >\n\t\t\t\t<div class=\"col-inner\"  >\n\t\t\t\n\t\t\t\n\t<div class=\"img has-hover x md-x lg-x y md-y lg-y\" id=\"image_1179794668\">\n\t\t\t\t\t\t\t\t<div class=\"img-inner dark\" >\n\t\t\t<img decoding=\"async\" width=\"415\" height=\"650\" src=\"https:\/\/kurabotanica.com\/wp-content\/uploads\/2025\/04\/Kura-Botanica-Unesco-heritage.webp\" class=\"attachment-large size-large\" alt=\"\" srcset=\"https:\/\/kurabotanica.com\/wp-content\/uploads\/2025\/04\/Kura-Botanica-Unesco-heritage.webp 415w, https:\/\/kurabotanica.com\/wp-content\/uploads\/2025\/04\/Kura-Botanica-Unesco-heritage-255x400.webp 255w\" sizes=\"(max-width: 415px) 100vw, 415px\" \/>\t\t\t\t\t\t\n\t\t\t\t\t<\/div>\n\t\t\t\t\t\t\t\t\n<style>\n#image_1179794668 {\n  width: 100%;\n}\n<\/style>\n\t<\/div>\n\t\n\t\t<\/div>\n\t\t\t\t\t<\/div>\n\n\t\n\n\t<div id=\"col-1727614478\" class=\"col medium-4 small-12 large-4\"  >\n\t\t\t\t<div class=\"col-inner\"  >\n\t\t\t\n\t\t\t\n\t<div class=\"img has-hover hide-for-small x md-x lg-x y md-y lg-y\" id=\"image_735139323\">\n\t\t\t\t\t\t\t\t<div class=\"img-inner dark\" >\n\t\t\t<img decoding=\"async\" width=\"414\" height=\"650\" src=\"https:\/\/kurabotanica.com\/wp-content\/uploads\/2025\/04\/Kura-Botanica-Unesco-heritage-1.webp\" class=\"attachment-large size-large\" alt=\"\" srcset=\"https:\/\/kurabotanica.com\/wp-content\/uploads\/2025\/04\/Kura-Botanica-Unesco-heritage-1.webp 414w, https:\/\/kurabotanica.com\/wp-content\/uploads\/2025\/04\/Kura-Botanica-Unesco-heritage-1-255x400.webp 255w\" sizes=\"(max-width: 414px) 100vw, 414px\" \/>\t\t\t\t\t\t\n\t\t\t\t\t<\/div>\n\t\t\t\t\t\t\t\t\n<style>\n#image_735139323 {\n  width: 100%;\n}\n<\/style>\n\t<\/div>\n\t\n\t\t<\/div>\n\t\t\t\t\t<\/div>\n\n\t\n\n\t<div id=\"col-1343768709\" class=\"col medium-8 small-12 large-8\"  >\n\t\t\t\t<div class=\"col-inner text-center\"  >\n\t\t\t\n\t\t\t\n\t<div id=\"gap-2072345429\" class=\"gap-element clearfix\" style=\"display:block; height:auto;\">\n\t\t\n<style>\n#gap-2072345429 {\n  padding-top: 2rem;\n}\n<\/style>\n\t<\/div>\n\t\n\t<div id=\"text-899197178\" class=\"text\">\n\t\t\n<h4 style=\"text-align: center; font-weight: 300; font-size: 2.5rem; line-height: 3rem;\">Qu\u00e9 hacer en Cura\u00e7ao<\/h4>\n<p><strong>Playas, cultura y aventura<\/strong><\/p>\n<p>Cura\u00e7ao rebosa de cosas que ver y hacer. Empiece el d\u00eda explorando las calles de colores pastel de Willemstad, declarada Patrimonio de la Humanidad por la UNESCO, antes de dirigirse a Playa Kenepa para darse un ba\u00f1o en aguas turquesas. <\/p>\n<p>Los aficionados al submarinismo se enamorar\u00e1n de los arrecifes de coral de la isla, mientras que los amantes del arte pueden explorar las galer\u00edas y murales locales. No olvide probar los aut\u00e9nticos platos curazole\u00f1os, como el \u00abkeshi yena\u00bb, y saborear el licor azul caracter\u00edstico de la isla. Tanto si se queda un fin de semana como una semana entera, no le faltar\u00e1 magia por descubrir.<br \/>\n\t\t\n<style>\n#text-899197178 {\n  text-align: center;\n}\n<\/style>\n\t<\/div>\n\t\n\t<div id=\"gap-391140729\" class=\"gap-element clearfix\" style=\"display:block; height:auto;\">\n\t\t\n<style>\n#gap-391140729 {\n  padding-top: 2rem;\n}\n<\/style>\n\t<\/div>\n\t\n<a href=\"https:\/\/kurabotanica.com\/es\/category\/curacao-es\/\" class=\"button white is-outline\" >\n\t\t<span>M\u00e1s informaci\u00f3n<\/span>\n\t<\/a>\n\n\t\t<\/div>\n\t\t\t\t\t<\/div>\n\n\t\n<\/div>\n\t\t<\/div>\n\n\t\t\n<style>\n#section_294050310 {\n  padding-top: 30px;\n  padding-bottom: 30px;\n  background-color: rgb(254, 254, 254);\n}\n<\/style>\n\t<\/section>\n\t\n\n\t<section class=\"section\" id=\"section_1893960134\">\n\t\t<div class=\"section-bg fill\" >\n\t\t\t\t\t\t\t\t\t\n\t\t\t\n\n\t\t<\/div>\n\n\t\t\n\n\t\t<div class=\"section-content relative\">\n\t\t\t\n\t<div id=\"gap-1482162802\" class=\"gap-element clearfix\" style=\"display:block; height:auto;\">\n\t\t\n<style>\n#gap-1482162802 {\n  padding-top: 3rem;\n}\n<\/style>\n\t<\/div>\n\t\n<div class=\"row align-bottom\"  id=\"row-620466324\">\n\n\t<div id=\"col-1338690837\" class=\"col medium-6 small-12 large-6\"  >\n\t\t\t\t<div class=\"col-inner\"  >\n\t\t\t\n\t\t\t\n<h3 style=\"margin: 0px; font-size: 3rem; font-weight: 300;\">Lo m\u00e1s destacado de Kura Hulanda<\/h3>\n\t\t<\/div>\n\t\t\t\t\t<\/div>\n\n\t\n\n\t<div id=\"col-602816818\" class=\"col medium-6 small-12 large-6\"  >\n\t\t\t\t<div class=\"col-inner text-right\"  >\n\t\t\t\n\t\t\t\n<a href=\"https:\/\/kurabotanica.com\/es\/ubicacion\/\" class=\"button white is-outline lowercase\" >\n\t\t<span>Descubrir Kura Hulanda<\/span>\n\t<\/a>\n\n\t\t<\/div>\n\t\t\t\t\t<\/div>\n\n\t\n<\/div>\n<div class=\"slider-wrapper relative\" id=\"slider-1459705491\" >\n    <div class=\"slider slider-nav-circle slider-nav-large slider-nav-light slider-style-normal\"\n        data-flickity-options='{\n            \"cellAlign\": \"center\",\n            \"imagesLoaded\": true,\n            \"lazyLoad\": 1,\n            \"freeScroll\": false,\n            \"wrapAround\": true,\n            \"autoPlay\": 4000,\n            \"pauseAutoPlayOnHover\" : true,\n            \"prevNextButtons\": false,\n            \"contain\" : true,\n            \"adaptiveHeight\" : true,\n            \"dragThreshold\" : 10,\n            \"percentPosition\": true,\n            \"pageDots\": false,\n            \"rightToLeft\": false,\n            \"draggable\": true,\n            \"selectedAttraction\": 0.1,\n            \"parallax\" : 0,\n            \"friction\": 0.6        }'\n        >\n        \n\n<div class=\"row row-full-width\"  id=\"row-1807366639\">\n\n\n\t<div id=\"col-942232447\" class=\"col medium-3 small-6 large-3\"  >\n\t\t\t\t<div class=\"col-inner\"  >\n\t\t\t\n\t\t\t\n\n\t<div class=\"img has-hover x md-x lg-x y md-y lg-y\" id=\"image_1005344160\">\n\t\t\t\t\t\t\t\t<div class=\"img-inner image-cover dark\" style=\"padding-top:100%;\">\n\t\t\t<img decoding=\"async\" width=\"561\" height=\"650\" src=\"https:\/\/kurabotanica.com\/wp-content\/uploads\/2025\/04\/Moving-Bridge-Kura-Botanica-Curacao.webp\" class=\"attachment-large size-large\" alt=\"\" srcset=\"https:\/\/kurabotanica.com\/wp-content\/uploads\/2025\/04\/Moving-Bridge-Kura-Botanica-Curacao.webp 561w, https:\/\/kurabotanica.com\/wp-content\/uploads\/2025\/04\/Moving-Bridge-Kura-Botanica-Curacao-345x400.webp 345w\" sizes=\"(max-width: 561px) 100vw, 561px\" \/>\t\t\t\t\t\t\n\t\t\t\t\t<\/div>\n\t\t\t\t\t\t\t\t\n<style>\n#image_1005344160 {\n  width: 100%;\n}\n<\/style>\n\t<\/div>\n\t\n\n<div class=\"row row-collapse align-middle\"  id=\"row-247020373\">\n\n\n\t<div id=\"col-1900931339\" class=\"col medium-7 small-12 large-7\"  >\n\t\t\t\t<div class=\"col-inner\"  >\n\t\t\t\n\t\t\t\n\n\t<div id=\"text-3045553772\" class=\"text\">\n\t\t\n\n<p><span style=\"font-size: 1.5rem; color: black;\">Puente m\u00f3vil<\/span><\/br>Puente Reina Emma<\/p>\n\n\t\t\n<style>\n#text-3045553772 {\n  text-align: left;\n}\n<\/style>\n\t<\/div>\n\t\n\n\t\t<\/div>\n\t\t\t\t\t<\/div>\n\n\t\n\n\t<div id=\"col-1775275353\" class=\"col medium-1 small-2 large-1\"  >\n\t\t\t\t<div class=\"col-inner text-center\"  >\n\t\t\t\n\t\t\t\n\n\t<div id=\"text-2315314010\" class=\"text\">\n\t\t\n\n<img decoding=\"async\" style=\"height: 2rem;\" src=\"\/wp-content\/uploads\/2025\/04\/By-walk-Kura-Botanica.png\">\n\t\t\n<style>\n#text-2315314010 {\n  text-align: right;\n}\n<\/style>\n\t<\/div>\n\t\n\n\t\t<\/div>\n\t\t\t\t\t<\/div>\n\n\t\n\n\t<div id=\"col-906010371\" class=\"col medium-4 small-10 large-4\"  >\n\t\t\t\t<div class=\"col-inner text-left\"  >\n\t\t\t\n\t\t\t\n\n\t<div id=\"text-1520443234\" class=\"text\">\n\t\t\n\n<p style=\"text-decoration: underline; margin-left: 1rem;margin-bottom: 0;\">5 minutos<\/p>\n\n\t\t\n<style>\n#text-1520443234 {\n  color: rgb(238, 211, 200);\n}\n#text-1520443234 > * {\n  color: rgb(238, 211, 200);\n}\n<\/style>\n\t<\/div>\n\t\n\n\t\t<\/div>\n\t\t\t\t\t<\/div>\n\n\t\n\n<\/div>\n\n\t\t<\/div>\n\t\t\t\t\t<\/div>\n\n\t\n\n\t<div id=\"col-2118800223\" class=\"col medium-3 small-6 large-3\"  >\n\t\t\t\t<div class=\"col-inner\"  >\n\t\t\t\n\t\t\t\n\n\t<div class=\"img has-hover x md-x lg-x y md-y lg-y\" id=\"image_1797040674\">\n\t\t\t\t\t\t\t\t<div class=\"img-inner image-cover dark\" style=\"padding-top:100%;\">\n\t\t\t<img decoding=\"async\" width=\"561\" height=\"650\" src=\"https:\/\/kurabotanica.com\/wp-content\/uploads\/2025\/04\/Mambo-Beach-Kura-Botanica-Curacao.webp\" class=\"attachment-large size-large\" alt=\"\" srcset=\"https:\/\/kurabotanica.com\/wp-content\/uploads\/2025\/04\/Mambo-Beach-Kura-Botanica-Curacao.webp 561w, https:\/\/kurabotanica.com\/wp-content\/uploads\/2025\/04\/Mambo-Beach-Kura-Botanica-Curacao-345x400.webp 345w\" sizes=\"(max-width: 561px) 100vw, 561px\" \/>\t\t\t\t\t\t\n\t\t\t\t\t<\/div>\n\t\t\t\t\t\t\t\t\n<style>\n#image_1797040674 {\n  width: 100%;\n}\n<\/style>\n\t<\/div>\n\t\n\n<div class=\"row row-collapse align-middle\"  id=\"row-2005843970\">\n\n\n\t<div id=\"col-1482033361\" class=\"col medium-7 small-12 large-7\"  >\n\t\t\t\t<div class=\"col-inner\"  >\n\t\t\t\n\t\t\t\n\n\t<div id=\"text-754574622\" class=\"text\">\n\t\t\n\n<p><span style=\"font-size: 1.5rem; color: black;\">Mambo Beach<\/span><\/br>Playa - Tienda - Comer y beber<\/p>\n\n\t\t\n<style>\n#text-754574622 {\n  text-align: left;\n}\n<\/style>\n\t<\/div>\n\t\n\n\t\t<\/div>\n\t\t\t\t\t<\/div>\n\n\t\n\n\t<div id=\"col-1298522891\" class=\"col medium-1 small-2 large-1\"  >\n\t\t\t\t<div class=\"col-inner text-center\"  >\n\t\t\t\n\t\t\t\n\n\t<div id=\"text-1135713492\" class=\"text\">\n\t\t\n\n<img decoding=\"async\" style=\"height: 1.3rem;\" src=\"\/wp-content\/uploads\/2025\/04\/By-car-Kura-Botanica.png\">\n\t\t\n<style>\n#text-1135713492 {\n  text-align: right;\n}\n<\/style>\n\t<\/div>\n\t\n\n\t\t<\/div>\n\t\t\t\t\t<\/div>\n\n\t\n\n\t<div id=\"col-360427215\" class=\"col medium-4 small-10 large-4\"  >\n\t\t\t\t<div class=\"col-inner text-left\"  >\n\t\t\t\n\t\t\t\n\n\t<div id=\"text-2993619134\" class=\"text\">\n\t\t\n\n<p style=\"text-decoration: underline; margin-left: 1rem;margin-bottom: 0;\">5 minutos<\/p>\n\n\t\t\n<style>\n#text-2993619134 {\n  color: rgb(238, 211, 200);\n}\n#text-2993619134 > * {\n  color: rgb(238, 211, 200);\n}\n<\/style>\n\t<\/div>\n\t\n\n\t\t<\/div>\n\t\t\t\t\t<\/div>\n\n\t\n\n<\/div>\n\n\t\t<\/div>\n\t\t\t\t\t<\/div>\n\n\t\n\n\t<div id=\"col-2054745180\" class=\"col medium-3 small-6 large-3\"  >\n\t\t\t\t<div class=\"col-inner\"  >\n\t\t\t\n\t\t\t\n\n\t<div class=\"img has-hover x md-x lg-x y md-y lg-y\" id=\"image_481468200\">\n\t\t\t\t\t\t\t\t<div class=\"img-inner image-cover dark\" style=\"padding-top:100%;\">\n\t\t\t<img decoding=\"async\" width=\"561\" height=\"650\" src=\"https:\/\/kurabotanica.com\/wp-content\/uploads\/2025\/04\/Pietermaai-Kura-Botanica-Curacao.webp\" class=\"attachment-large size-large\" alt=\"\" srcset=\"https:\/\/kurabotanica.com\/wp-content\/uploads\/2025\/04\/Pietermaai-Kura-Botanica-Curacao.webp 561w, https:\/\/kurabotanica.com\/wp-content\/uploads\/2025\/04\/Pietermaai-Kura-Botanica-Curacao-345x400.webp 345w\" sizes=\"(max-width: 561px) 100vw, 561px\" \/>\t\t\t\t\t\t\n\t\t\t\t\t<\/div>\n\t\t\t\t\t\t\t\t\n<style>\n#image_481468200 {\n  width: 100%;\n}\n<\/style>\n\t<\/div>\n\t\n\n<div class=\"row row-collapse align-middle\"  id=\"row-54088988\">\n\n\n\t<div id=\"col-63504042\" class=\"col medium-7 small-12 large-7\"  >\n\t\t\t\t<div class=\"col-inner\"  >\n\t\t\t\n\t\t\t\n\n\t<div id=\"text-1799677909\" class=\"text\">\n\t\t\n\n<p><span style=\"font-size: 1.5rem; color: black;\">Pietermaai<\/span><\/br>Barrio<\/p>\n\n\t\t\n<style>\n#text-1799677909 {\n  text-align: left;\n}\n<\/style>\n\t<\/div>\n\t\n\n\t\t<\/div>\n\t\t\t\t\t<\/div>\n\n\t\n\n\t<div id=\"col-1271315859\" class=\"col medium-1 small-2 large-1\"  >\n\t\t\t\t<div class=\"col-inner text-center\"  >\n\t\t\t\n\t\t\t\n\n\t<div id=\"text-2404550563\" class=\"text\">\n\t\t\n\n<img decoding=\"async\" style=\"height: 2rem;\" src=\"\/wp-content\/uploads\/2025\/04\/By-walk-Kura-Botanica.png\">\n\t\t\n<style>\n#text-2404550563 {\n  text-align: right;\n}\n<\/style>\n\t<\/div>\n\t\n\n\t\t<\/div>\n\t\t\t\t\t<\/div>\n\n\t\n\n\t<div id=\"col-968295393\" class=\"col medium-4 small-10 large-4\"  >\n\t\t\t\t<div class=\"col-inner text-left\"  >\n\t\t\t\n\t\t\t\n\n\t<div id=\"text-3392806711\" class=\"text\">\n\t\t\n\n<p style=\"text-decoration: underline; margin-left: 1rem;margin-bottom: 0;\">10 minutos<\/p>\n\n\t\t\n<style>\n#text-3392806711 {\n  color: rgb(238, 211, 200);\n}\n#text-3392806711 > * {\n  color: rgb(238, 211, 200);\n}\n<\/style>\n\t<\/div>\n\t\n\n\t\t<\/div>\n\t\t\t\t\t<\/div>\n\n\t\n\n<\/div>\n\n\t\t<\/div>\n\t\t\t\t\t<\/div>\n\n\t\n\n\t<div id=\"col-126386836\" class=\"col medium-3 small-6 large-3\"  >\n\t\t\t\t<div class=\"col-inner\"  >\n\t\t\t\n\t\t\t\n\n\t<div class=\"img has-hover x md-x lg-x y md-y lg-y\" id=\"image_2001139338\">\n\t\t\t\t\t\t\t\t<div class=\"img-inner image-cover dark\" style=\"padding-top:100%;\">\n\t\t\t<img decoding=\"async\" width=\"561\" height=\"650\" src=\"https:\/\/kurabotanica.com\/wp-content\/uploads\/2025\/04\/Zanzibar-Kura-Botanica-Curacao.webp\" class=\"attachment-large size-large\" alt=\"\" srcset=\"https:\/\/kurabotanica.com\/wp-content\/uploads\/2025\/04\/Zanzibar-Kura-Botanica-Curacao.webp 561w, https:\/\/kurabotanica.com\/wp-content\/uploads\/2025\/04\/Zanzibar-Kura-Botanica-Curacao-345x400.webp 345w\" sizes=\"(max-width: 561px) 100vw, 561px\" \/>\t\t\t\t\t\t\n\t\t\t\t\t<\/div>\n\t\t\t\t\t\t\t\t\n<style>\n#image_2001139338 {\n  width: 100%;\n}\n<\/style>\n\t<\/div>\n\t\n\n<div class=\"row row-collapse align-middle\"  id=\"row-1008802277\">\n\n\n\t<div id=\"col-1688725072\" class=\"col medium-7 small-12 large-7\"  >\n\t\t\t\t<div class=\"col-inner\"  >\n\t\t\t\n\t\t\t\n\n\t<div id=\"text-968344257\" class=\"text\">\n\t\t\n\n<p><span style=\"font-size: 1.5rem; color: black;\">Zanz\u00edbar<\/span><\/br>Playa y Restaurante<\/p>\n\n\t\t\n<style>\n#text-968344257 {\n  text-align: left;\n}\n<\/style>\n\t<\/div>\n\t\n\n\t\t<\/div>\n\t\t\t\t\t<\/div>\n\n\t\n\n\t<div id=\"col-1921906852\" class=\"col medium-1 small-2 large-1\"  >\n\t\t\t\t<div class=\"col-inner text-center\"  >\n\t\t\t\n\t\t\t\n\n\t<div id=\"text-1270719668\" class=\"text\">\n\t\t\n\n<img decoding=\"async\" style=\"height: 1.3rem;\" src=\"https:\/\/kurabotanica.com\/wp-content\/uploads\/2025\/04\/By-car-Kura-Botanica.png\">\n\t\t\n<style>\n#text-1270719668 {\n  text-align: right;\n}\n<\/style>\n\t<\/div>\n\t\n\n\t\t<\/div>\n\t\t\t\t\t<\/div>\n\n\t\n\n\t<div id=\"col-2071100295\" class=\"col medium-4 small-10 large-4\"  >\n\t\t\t\t<div class=\"col-inner text-left\"  >\n\t\t\t\n\t\t\t\n\n\t<div id=\"text-2378557338\" class=\"text\">\n\t\t\n\n<p style=\"text-decoration: underline; margin-left: 1rem;margin-bottom: 0;\">10 minutos<\/p>\n\n\t\t\n<style>\n#text-2378557338 {\n  color: rgb(238, 211, 200);\n}\n#text-2378557338 > * {\n  color: rgb(238, 211, 200);\n}\n<\/style>\n\t<\/div>\n\t\n\n\t\t<\/div>\n\t\t\t\t\t<\/div>\n\n\t\n\n<\/div>\n\n\t\t<\/div>\n\t\t\t\t\t<\/div>\n\n\t\n\n<\/div>\n<div class=\"row row-full-width\"  id=\"row-1820199915\">\n\n\n\t<div id=\"col-1238780402\" class=\"col medium-3 small-6 large-3\"  >\n\t\t\t\t<div class=\"col-inner\"  >\n\t\t\t\n\t\t\t\n\n\t<div class=\"img has-hover x md-x lg-x y md-y lg-y\" id=\"image_818086309\">\n\t\t\t\t\t\t\t\t<div class=\"img-inner image-cover dark\" style=\"padding-top:100%;\">\n\t\t\t<img decoding=\"async\" width=\"561\" height=\"650\" src=\"https:\/\/kurabotanica.com\/wp-content\/uploads\/2025\/04\/Mambo-Beach-Kura-Botanica-Curacao.webp\" class=\"attachment-large size-large\" alt=\"\" srcset=\"https:\/\/kurabotanica.com\/wp-content\/uploads\/2025\/04\/Mambo-Beach-Kura-Botanica-Curacao.webp 561w, https:\/\/kurabotanica.com\/wp-content\/uploads\/2025\/04\/Mambo-Beach-Kura-Botanica-Curacao-345x400.webp 345w\" sizes=\"(max-width: 561px) 100vw, 561px\" \/>\t\t\t\t\t\t\n\t\t\t\t\t<\/div>\n\t\t\t\t\t\t\t\t\n<style>\n#image_818086309 {\n  width: 100%;\n}\n<\/style>\n\t<\/div>\n\t\n\n<div class=\"row row-collapse align-middle\"  id=\"row-2132470070\">\n\n\n\t<div id=\"col-1508904155\" class=\"col medium-7 small-12 large-7\"  >\n\t\t\t\t<div class=\"col-inner\"  >\n\t\t\t\n\t\t\t\n\n\t<div id=\"text-3978423808\" class=\"text\">\n\t\t\n\n<p><span style=\"font-size: 1.5rem; color: black;\">Mambo Beach<\/span><\/br>Playa - Tienda - Comer y beber<\/p>\n\n\t\t\n<style>\n#text-3978423808 {\n  text-align: left;\n}\n<\/style>\n\t<\/div>\n\t\n\n\t\t<\/div>\n\t\t\t\t\t<\/div>\n\n\t\n\n\t<div id=\"col-932884859\" class=\"col medium-1 small-2 large-1\"  >\n\t\t\t\t<div class=\"col-inner text-center\"  >\n\t\t\t\n\t\t\t\n\n\t<div id=\"text-3308694487\" class=\"text\">\n\t\t\n\n<img decoding=\"async\" style=\"height: 1.3rem;\" src=\"https:\/\/kurabotanica.com\/wp-content\/uploads\/2025\/04\/By-car-Kura-Botanica.png\">\n\t\t\n<style>\n#text-3308694487 {\n  text-align: right;\n}\n<\/style>\n\t<\/div>\n\t\n\n\t\t<\/div>\n\t\t\t\t\t<\/div>\n\n\t\n\n\t<div id=\"col-764888115\" class=\"col medium-4 small-10 large-4\"  >\n\t\t\t\t<div class=\"col-inner text-left\"  >\n\t\t\t\n\t\t\t\n\n\t<div id=\"text-1714918583\" class=\"text\">\n\t\t\n\n<p style=\"text-decoration: underline; margin-left: 1rem;margin-bottom: 0;\">5 minutos<\/p>\n\n\t\t\n<style>\n#text-1714918583 {\n  color: rgb(238, 211, 200);\n}\n#text-1714918583 > * {\n  color: rgb(238, 211, 200);\n}\n<\/style>\n\t<\/div>\n\t\n\n\t\t<\/div>\n\t\t\t\t\t<\/div>\n\n\t\n\n<\/div>\n\n\t\t<\/div>\n\t\t\t\t\t<\/div>\n\n\t\n\n\t<div id=\"col-783381930\" class=\"col medium-3 small-6 large-3\"  >\n\t\t\t\t<div class=\"col-inner\"  >\n\t\t\t\n\t\t\t\n\n\t<div class=\"img has-hover x md-x lg-x y md-y lg-y\" id=\"image_1521165274\">\n\t\t\t\t\t\t\t\t<div class=\"img-inner image-cover dark\" style=\"padding-top:100%;\">\n\t\t\t<img decoding=\"async\" width=\"561\" height=\"650\" src=\"https:\/\/kurabotanica.com\/wp-content\/uploads\/2025\/04\/Pietermaai-Kura-Botanica-Curacao.webp\" class=\"attachment-large size-large\" alt=\"\" srcset=\"https:\/\/kurabotanica.com\/wp-content\/uploads\/2025\/04\/Pietermaai-Kura-Botanica-Curacao.webp 561w, https:\/\/kurabotanica.com\/wp-content\/uploads\/2025\/04\/Pietermaai-Kura-Botanica-Curacao-345x400.webp 345w\" sizes=\"(max-width: 561px) 100vw, 561px\" \/>\t\t\t\t\t\t\n\t\t\t\t\t<\/div>\n\t\t\t\t\t\t\t\t\n<style>\n#image_1521165274 {\n  width: 100%;\n}\n<\/style>\n\t<\/div>\n\t\n\n<div class=\"row row-collapse align-middle\"  id=\"row-1191952884\">\n\n\n\t<div id=\"col-207203792\" class=\"col medium-7 small-12 large-7\"  >\n\t\t\t\t<div class=\"col-inner\"  >\n\t\t\t\n\t\t\t\n\n\t<div id=\"text-1511303377\" class=\"text\">\n\t\t\n\n<p><span style=\"font-size: 1.5rem; color: black;\">Pietermaai<\/span><\/br>Barrio<\/p>\n\n\t\t\n<style>\n#text-1511303377 {\n  text-align: left;\n}\n<\/style>\n\t<\/div>\n\t\n\n\t\t<\/div>\n\t\t\t\t\t<\/div>\n\n\t\n\n\t<div id=\"col-1993309967\" class=\"col medium-1 small-2 large-1\"  >\n\t\t\t\t<div class=\"col-inner text-center\"  >\n\t\t\t\n\t\t\t\n\n\t<div id=\"text-3172784434\" class=\"text\">\n\t\t\n\n<img decoding=\"async\" style=\"height: 2rem;\" src=\"\/wp-content\/uploads\/2025\/04\/By-walk-Kura-Botanica.png\">\n\t\t\n<style>\n#text-3172784434 {\n  text-align: right;\n}\n<\/style>\n\t<\/div>\n\t\n\n\t\t<\/div>\n\t\t\t\t\t<\/div>\n\n\t\n\n\t<div id=\"col-1384318997\" class=\"col medium-4 small-10 large-4\"  >\n\t\t\t\t<div class=\"col-inner text-left\"  >\n\t\t\t\n\t\t\t\n\n\t<div id=\"text-2773107039\" class=\"text\">\n\t\t\n\n<p style=\"text-decoration: underline; margin-left: 1rem;margin-bottom: 0;\">10 minutos<\/p>\n\n\t\t\n<style>\n#text-2773107039 {\n  color: rgb(238, 211, 200);\n}\n#text-2773107039 > * {\n  color: rgb(238, 211, 200);\n}\n<\/style>\n\t<\/div>\n\t\n\n\t\t<\/div>\n\t\t\t\t\t<\/div>\n\n\t\n\n<\/div>\n\n\t\t<\/div>\n\t\t\t\t\t<\/div>\n\n\t\n\n\t<div id=\"col-1879531822\" class=\"col medium-3 small-6 large-3\"  >\n\t\t\t\t<div class=\"col-inner\"  >\n\t\t\t\n\t\t\t\n\n\t<div class=\"img has-hover x md-x lg-x y md-y lg-y\" id=\"image_539150964\">\n\t\t\t\t\t\t\t\t<div class=\"img-inner image-cover dark\" style=\"padding-top:100%;\">\n\t\t\t<img decoding=\"async\" width=\"561\" height=\"650\" src=\"https:\/\/kurabotanica.com\/wp-content\/uploads\/2025\/04\/Zanzibar-Kura-Botanica-Curacao.webp\" class=\"attachment-large size-large\" alt=\"\" srcset=\"https:\/\/kurabotanica.com\/wp-content\/uploads\/2025\/04\/Zanzibar-Kura-Botanica-Curacao.webp 561w, https:\/\/kurabotanica.com\/wp-content\/uploads\/2025\/04\/Zanzibar-Kura-Botanica-Curacao-345x400.webp 345w\" sizes=\"(max-width: 561px) 100vw, 561px\" \/>\t\t\t\t\t\t\n\t\t\t\t\t<\/div>\n\t\t\t\t\t\t\t\t\n<style>\n#image_539150964 {\n  width: 100%;\n}\n<\/style>\n\t<\/div>\n\t\n\n<div class=\"row row-collapse align-middle\"  id=\"row-475886744\">\n\n\n\t<div id=\"col-1755754338\" class=\"col medium-7 small-12 large-7\"  >\n\t\t\t\t<div class=\"col-inner\"  >\n\t\t\t\n\t\t\t\n\n\t<div id=\"text-2929626870\" class=\"text\">\n\t\t\n\n<p><span style=\"font-size: 1.5rem; color: black;\">Zanz\u00edbar<\/span><\/br>Playa y Restaurante<\/p>\n\n\t\t\n<style>\n#text-2929626870 {\n  text-align: left;\n}\n<\/style>\n\t<\/div>\n\t\n\n\t\t<\/div>\n\t\t\t\t\t<\/div>\n\n\t\n\n\t<div id=\"col-651743031\" class=\"col medium-1 small-2 large-1\"  >\n\t\t\t\t<div class=\"col-inner text-center\"  >\n\t\t\t\n\t\t\t\n\n\t<div id=\"text-4005985381\" class=\"text\">\n\t\t\n\n<img decoding=\"async\" style=\"height: 1.3rem;\" src=\"https:\/\/kurabotanica.com\/wp-content\/uploads\/2025\/04\/By-car-Kura-Botanica.png\">\n\t\t\n<style>\n#text-4005985381 {\n  text-align: right;\n}\n<\/style>\n\t<\/div>\n\t\n\n\t\t<\/div>\n\t\t\t\t\t<\/div>\n\n\t\n\n\t<div id=\"col-979797693\" class=\"col medium-4 small-10 large-4\"  >\n\t\t\t\t<div class=\"col-inner text-left\"  >\n\t\t\t\n\t\t\t\n\n\t<div id=\"text-18610621\" class=\"text\">\n\t\t\n\n<p style=\"text-decoration: underline; margin-left: 1rem;margin-bottom: 0;\">10 minutos<\/p>\n\n\t\t\n<style>\n#text-18610621 {\n  color: rgb(238, 211, 200);\n}\n#text-18610621 > * {\n  color: rgb(238, 211, 200);\n}\n<\/style>\n\t<\/div>\n\t\n\n\t\t<\/div>\n\t\t\t\t\t<\/div>\n\n\t\n\n<\/div>\n\n\t\t<\/div>\n\t\t\t\t\t<\/div>\n\n\t\n\n\t<div id=\"col-415588228\" class=\"col medium-3 small-6 large-3\"  >\n\t\t\t\t<div class=\"col-inner\"  >\n\t\t\t\n\t\t\t\n\n\t<div class=\"img has-hover x md-x lg-x y md-y lg-y\" id=\"image_464210603\">\n\t\t\t\t\t\t\t\t<div class=\"img-inner image-cover dark\" style=\"padding-top:100%;\">\n\t\t\t<img decoding=\"async\" width=\"561\" height=\"650\" src=\"https:\/\/kurabotanica.com\/wp-content\/uploads\/2025\/04\/Blue-Bay-Kura-Botanica-Curacao.webp\" class=\"attachment-large size-large\" alt=\"\" srcset=\"https:\/\/kurabotanica.com\/wp-content\/uploads\/2025\/04\/Blue-Bay-Kura-Botanica-Curacao.webp 561w, https:\/\/kurabotanica.com\/wp-content\/uploads\/2025\/04\/Blue-Bay-Kura-Botanica-Curacao-345x400.webp 345w\" sizes=\"(max-width: 561px) 100vw, 561px\" \/>\t\t\t\t\t\t\n\t\t\t\t\t<\/div>\n\t\t\t\t\t\t\t\t\n<style>\n#image_464210603 {\n  width: 100%;\n}\n<\/style>\n\t<\/div>\n\t\n\n<div class=\"row row-collapse align-middle\"  id=\"row-160448800\">\n\n\n\t<div id=\"col-1356138539\" class=\"col medium-7 small-12 large-7\"  >\n\t\t\t\t<div class=\"col-inner\"  >\n\t\t\t\n\t\t\t\n\n\t<div id=\"text-3670467761\" class=\"text\">\n\t\t\n\n<p><span style=\"font-size: 1.5rem; color: black;\">Blue Bay<\/span><\/br>Playa y Restaurante<\/p>\n\n\t\t\n<style>\n#text-3670467761 {\n  text-align: left;\n}\n<\/style>\n\t<\/div>\n\t\n\n\t\t<\/div>\n\t\t\t\t\t<\/div>\n\n\t\n\n\t<div id=\"col-1209698005\" class=\"col medium-1 small-2 large-1\"  >\n\t\t\t\t<div class=\"col-inner text-center\"  >\n\t\t\t\n\t\t\t\n\n\t<div id=\"text-2883444967\" class=\"text\">\n\t\t\n\n<img decoding=\"async\" style=\"height: 1.3rem;\" src=\"https:\/\/kurabotanica.com\/wp-content\/uploads\/2025\/04\/By-car-Kura-Botanica.png\">\n\t\t\n<style>\n#text-2883444967 {\n  text-align: right;\n}\n<\/style>\n\t<\/div>\n\t\n\n\t\t<\/div>\n\t\t\t\t\t<\/div>\n\n\t\n\n\t<div id=\"col-1215979914\" class=\"col medium-4 small-10 large-4\"  >\n\t\t\t\t<div class=\"col-inner text-left\"  >\n\t\t\t\n\t\t\t\n\n\t<div id=\"text-36223181\" class=\"text\">\n\t\t\n\n<p style=\"text-decoration: underline; margin-left: 1rem;margin-bottom: 0;\">15 minutos<\/p>\n\n\t\t\n<style>\n#text-36223181 {\n  color: rgb(238, 211, 200);\n}\n#text-36223181 > * {\n  color: rgb(238, 211, 200);\n}\n<\/style>\n\t<\/div>\n\t\n\n\t\t<\/div>\n\t\t\t\t\t<\/div>\n\n\t\n\n<\/div>\n\n\t\t<\/div>\n\t\t\t\t\t<\/div>\n\n\t\n\n<\/div>\n\n     <\/div>\n\n     <div class=\"loading-spin dark large centered\"><\/div>\n\n\t<\/div>\n\n\n\t\t<\/div>\n\n\t\t\n<style>\n#section_1893960134 {\n  padding-top: 30px;\n  padding-bottom: 30px;\n}\n<\/style>\n\t<\/section>\n\t\n\n\t<section class=\"section\" id=\"section_992921183\">\n\t\t<div class=\"section-bg fill\" >\n\t\t\t<img decoding=\"async\" width=\"1600\" height=\"1067\" src=\"https:\/\/kurabotanica.com\/wp-content\/uploads\/2025\/07\/Kura-Botanica-Hotel-Curacao-Superior-Junior-Suite-Balcony-9.webp\" class=\"bg attachment- size-\" alt=\"\" \/>\t\t\t\t\t\t<div class=\"section-bg-overlay absolute fill\"><\/div>\n\t\t\t\n\n\t\t<\/div>\n\n\t\t\n\n\t\t<div class=\"section-content relative\">\n\t\t\t\n\n\t<div id=\"gap-2139587455\" class=\"gap-element clearfix\" style=\"display:block; height:auto;\">\n\t\t\n<style>\n#gap-2139587455 {\n  padding-top: 30px;\n}\n<\/style>\n\t<\/div>\n\t\n\n\t<div id=\"text-1677910432\" class=\"text\">\n\t\t\n\n<h3 style=\"font-family: New Spirit;\">Beneficios exclusivos al reservar directo<\/h3>\n\t\t\n<style>\n#text-1677910432 {\n  font-size: 1.05rem;\n  line-height: 0.75;\n  text-align: center;\n  color: rgb(255,255,255);\n}\n#text-1677910432 > * {\n  color: rgb(255,255,255);\n}\n<\/style>\n\t<\/div>\n\t\n\t<div id=\"gap-1173049901\" class=\"gap-element clearfix\" style=\"display:block; height:auto;\">\n\t\t\n<style>\n#gap-1173049901 {\n  padding-top: 20px;\n}\n<\/style>\n\t<\/div>\n\t\n\n<div class=\"row row-collapse align-center\"  id=\"row-378525894\">\n\n\n\t<div id=\"col-1585959327\" class=\"col medium-3 small-6 large-3\"  >\n\t\t\t\t<div class=\"col-inner\"  >\n\t\t\t\n\t\t\t\n\n\t<div id=\"text-3058375963\" class=\"text\">\n\t\t\n\n<p><i class=\"fa-sharp fa-thin fa-champagne-glasses\"><\/i> <span style=\"font-size: 65%;\">Bebida de bienvenida<\/span><\/p>\n\n\t\t\n<style>\n#text-3058375963 {\n  font-size: 1.5rem;\n  line-height: 0.75;\n  text-align: center;\n  color: rgb(255,255,255);\n}\n#text-3058375963 > * {\n  color: rgb(255,255,255);\n}\n<\/style>\n\t<\/div>\n\t\n\t<div id=\"gap-1354584565\" class=\"gap-element clearfix\" style=\"display:block; height:auto;\">\n\t\t\n<style>\n#gap-1354584565 {\n  padding-top: 5px;\n}\n<\/style>\n\t<\/div>\n\t\n\n\n\t\t<\/div>\n\t\t\t\t\n<style>\n#col-1585959327 > .col-inner {\n  padding: 0px 0px 0px 0px;\n  margin: 0px 0px 0px 0px;\n}\n<\/style>\n\t<\/div>\n\n\t\n\n\t<div id=\"col-1927440764\" class=\"col medium-3 small-6 large-3\"  >\n\t\t\t\t<div class=\"col-inner\"  >\n\t\t\t\n\t\t\t\n\n\t<div id=\"text-1827834786\" class=\"text\">\n\t\t\n\n<p><i class=\"fa-sharp fa-thin fa-clock-eleven\"><\/i><span style=\"font-size: 65%;\"> Early check-in*<\/span><\/p>\n\n\t\t\n<style>\n#text-1827834786 {\n  font-size: 1.5rem;\n  line-height: 0.75;\n  text-align: center;\n  color: rgb(255,255,255);\n}\n#text-1827834786 > * {\n  color: rgb(255,255,255);\n}\n<\/style>\n\t<\/div>\n\t\n\t<div id=\"gap-1167445242\" class=\"gap-element clearfix\" style=\"display:block; height:auto;\">\n\t\t\n<style>\n#gap-1167445242 {\n  padding-top: 5px;\n}\n<\/style>\n\t<\/div>\n\t\n\n\n\t\t<\/div>\n\t\t\t\t\n<style>\n#col-1927440764 > .col-inner {\n  padding: 0px 0px 0px 0px;\n  margin: 0px 0px 0px 0px;\n}\n<\/style>\n\t<\/div>\n\n\t\n\n\t<div id=\"col-785238885\" class=\"col medium-3 small-6 large-3\"  >\n\t\t\t\t<div class=\"col-inner\"  >\n\t\t\t\n\t\t\t\n\n\t<div id=\"text-1492005919\" class=\"text\">\n\t\t\n\n<p><i class=\"fa-thin fa-clock-one\"><\/i><span style=\"font-size: 65%;\"> Late check-out*<\/span><\/p>\n\n\t\t\n<style>\n#text-1492005919 {\n  font-size: 1.5rem;\n  line-height: 0.75;\n  text-align: center;\n  color: rgb(255,255,255);\n}\n#text-1492005919 > * {\n  color: rgb(255,255,255);\n}\n<\/style>\n\t<\/div>\n\t\n\t<div id=\"gap-1887151934\" class=\"gap-element clearfix\" style=\"display:block; height:auto;\">\n\t\t\n<style>\n#gap-1887151934 {\n  padding-top: 5px;\n}\n<\/style>\n\t<\/div>\n\t\n\n\n\t\t<\/div>\n\t\t\t\t\n<style>\n#col-785238885 > .col-inner {\n  padding: 0px 0px 0px 0px;\n  margin: 0px 0px 0px 0px;\n}\n<\/style>\n\t<\/div>\n\n\t\n\n\t<div id=\"col-1165766598\" class=\"col medium-3 small-6 large-3\"  >\n\t\t\t\t<div class=\"col-inner\"  >\n\t\t\t\n\t\t\t\n\n\t<div id=\"text-3549470368\" class=\"text\">\n\t\t\n\n<p><i class=\"fa-graphite fa-thin fa-bed\"><\/i><span style=\"font-size: 65%;\"> Upgrade gratis*<\/span><\/p>\n\n\t\t\n<style>\n#text-3549470368 {\n  font-size: 1.5rem;\n  line-height: 0.75;\n  text-align: center;\n  color: rgb(255,255,255);\n}\n#text-3549470368 > * {\n  color: rgb(255,255,255);\n}\n<\/style>\n\t<\/div>\n\t\n\n\t\t<\/div>\n\t\t\t\t\n<style>\n#col-1165766598 > .col-inner {\n  padding: 0px 0px 0px 0px;\n  margin: 0px 0px 0px 0px;\n}\n<\/style>\n\t<\/div>\n\n\t\n\n<\/div>\n\n\t\t<\/div>\n\n\t\t\n<style>\n#section_992921183 {\n  padding-top: 10px;\n  padding-bottom: 10px;\n}\n#section_992921183 .section-bg-overlay {\n  background-color: rgba(205, 131, 122, 0.983);\n}\n<\/style>\n\t<\/section>\n\t\n\n\t<section class=\"section\" id=\"section_1854185689\">\n\t\t<div class=\"section-bg fill\" >\n\t\t\t\t\t\t\t\t\t\n\t\t\t\n\n\t\t<\/div>\n\n\t\t\n\n\t\t<div class=\"section-content relative\">\n\t\t\t\n\n\t<div id=\"gap-1259416450\" class=\"gap-element clearfix\" style=\"display:block; height:auto;\">\n\t\t\n<style>\n#gap-1259416450 {\n  padding-top: 3rem;\n}\n<\/style>\n\t<\/div>\n\t\n\n<div class=\"row row-collapse align-middle align-center\"  id=\"row-1437447288\">\n\n\n\t<div id=\"col-1522840260\" class=\"col small-12 large-12\"  >\n\t\t\t\t<div class=\"col-inner text-center\"  >\n\t\t\t\n\t\t\t\n\n\t<div id=\"text-3629753174\" class=\"text\">\n\t\t\n\n<p style=\"color:#cd837a;\">Hotel Kura Botanica Cura\u00e7ao <\/p>\n<p style=\"font-family:New Spirit;font-size:2.5rem; line-height:2.5rem; margin:1.5rem;\">Estamos deseando que llegue<\/br> para darle la bienvenida.<\/p>\n\t\t\n<style>\n#text-3629753174 {\n  color: rgb(0,0,0);\n}\n#text-3629753174 > * {\n  color: rgb(0,0,0);\n}\n<\/style>\n\t<\/div>\n\t\n\t<div id=\"gap-2063278023\" class=\"gap-element clearfix\" style=\"display:block; height:auto;\">\n\t\t\n<style>\n#gap-2063278023 {\n  padding-top: 20px;\n}\n<\/style>\n\t<\/div>\n\t\n\n<p><a data-clock-pms-wbe-button class=\"button alert\"><span>RESERVE HOY MISMO SU ESTANCIA<\/span><\/a><\/p>\n\n\n\t\t<\/div>\n\t\t\t\t\t<\/div>\n\n\t\n\n<\/div>\n\n\t\t<\/div>\n\n\t\t\n<style>\n#section_1854185689 {\n  padding-top: 30px;\n  padding-bottom: 30px;\n}\n<\/style>\n\t<\/section>\n\t\n","protected":false},"excerpt":{"rendered":"","protected":false},"author":4,"featured_media":817,"parent":0,"menu_order":0,"comment_status":"closed","ping_status":"closed","template":"page-blank.php","meta":{"footnotes":""},"class_list":["post-1375","page","type-page","status-publish","has-post-thumbnail","hentry"],"_links":{"self":[{"href":"https:\/\/kurabotanica.com\/es\/wp-json\/wp\/v2\/pages\/1375","targetHints":{"allow":["GET"]}}],"collection":[{"href":"https:\/\/kurabotanica.com\/es\/wp-json\/wp\/v2\/pages"}],"about":[{"href":"https:\/\/kurabotanica.com\/es\/wp-json\/wp\/v2\/types\/page"}],"author":[{"embeddable":true,"href":"https:\/\/kurabotanica.com\/es\/wp-json\/wp\/v2\/users\/4"}],"replies":[{"embeddable":true,"href":"https:\/\/kurabotanica.com\/es\/wp-json\/wp\/v2\/comments?post=1375"}],"version-history":[{"count":0,"href":"https:\/\/kurabotanica.com\/es\/wp-json\/wp\/v2\/pages\/1375\/revisions"}],"wp:featuredmedia":[{"embeddable":true,"href":"https:\/\/kurabotanica.com\/es\/wp-json\/wp\/v2\/media\/817"}],"wp:attachment":[{"href":"https:\/\/kurabotanica.com\/es\/wp-json\/wp\/v2\/media?parent=1375"}],"curies":[{"name":"wp","href":"https:\/\/api.w.org\/{rel}","templated":true}]}}