{"id":2235,"date":"2026-03-12T10:11:21","date_gmt":"2026-03-12T10:11:21","guid":{"rendered":"https:\/\/kurabotanica.com\/faqs\/"},"modified":"2026-04-30T07:33:26","modified_gmt":"2026-04-30T07:33:26","slug":"faqs","status":"publish","type":"page","link":"https:\/\/kurabotanica.com\/es\/faqs\/","title":{"rendered":"Preguntas frecuentes"},"content":{"rendered":"\n\t<section class=\"section\" id=\"section_1077103661\">\n\t\t<div class=\"section-bg fill\" >\n\t\t\t\t\t\t\t\t\t\n\t\t\t\n\n\t\t<\/div>\n\n\t\t\n\n\t\t<div class=\"section-content relative\">\n\t\t\t\n<div class=\"row row-collapse\"  id=\"row-483565150\">\n\n\t<div id=\"col-1148334149\" class=\"col small-12 large-12\"  >\n\t\t\t\t<div class=\"col-inner\"  >\n\t\t\t\n\t\t\t\n\t<div id=\"gap-728794938\" class=\"gap-element clearfix\" style=\"display:block; height:auto;\">\n\t\t\n<style>\n#gap-728794938 {\n  padding-top: 2rem;\n}\n<\/style>\n\t<\/div>\n\t\n\t<div id=\"text-2423826882\" class=\"text\">\n\t\t\n<p class=\"h1-type\" style=\"font-size:5rem;color:black;\">Preguntas frecuentes<\/p>\n\t\t\n<style>\n#text-2423826882 {\n  font-size: 0.75rem;\n  text-align: center;\n}\n<\/style>\n\t<\/div>\n\t\n\t<div id=\"gap-885440735\" class=\"gap-element clearfix\" style=\"display:block; height:auto;\">\n\t\t\n<style>\n#gap-885440735 {\n  padding-top: 2rem;\n}\n<\/style>\n\t<\/div>\n\t\n\t\t<\/div>\n\t\t\t\t\t<\/div>\n\n\t\n<\/div>\n\t\t<\/div>\n\n\t\t\n<style>\n#section_1077103661 {\n  padding-top: 30px;\n  padding-bottom: 30px;\n}\n<\/style>\n\t<\/section>\n\t\n<div class=\"slider-wrapper relative hide-for-small\" id=\"slider-1115227489\" >\n    <div class=\"slider slider-nav-circle slider-nav-normal slider-nav-light slider-style-normal\"\n        data-flickity-options='{\n            \"cellAlign\": \"center\",\n            \"imagesLoaded\": true,\n            \"lazyLoad\": 1,\n            \"freeScroll\": false,\n            \"wrapAround\": true,\n            \"autoPlay\": 6000,\n            \"pauseAutoPlayOnHover\" : true,\n            \"prevNextButtons\": false,\n            \"contain\" : true,\n            \"adaptiveHeight\" : true,\n            \"dragThreshold\" : 10,\n            \"percentPosition\": true,\n            \"pageDots\": false,\n            \"rightToLeft\": false,\n            \"draggable\": true,\n            \"selectedAttraction\": 0.1,\n            \"parallax\" : 0,\n            \"friction\": 0.6        }'\n        >\n        \n\t<div class=\"img has-hover x md-x lg-x y md-y lg-y\" id=\"image_1355485184\">\n\t\t\t\t\t\t\t\t<div class=\"img-inner image-cover dark\" style=\"padding-top:56.25%;margin:0px 50px 0px 0px;\">\n\t\t\t<img decoding=\"async\" width=\"1070\" height=\"650\" src=\"https:\/\/kurabotanica.com\/wp-content\/uploads\/2025\/04\/Carrusel-Kura-Botanica-Pool-2.webp\" class=\"attachment-original size-original\" alt=\"\" srcset=\"https:\/\/kurabotanica.com\/wp-content\/uploads\/2025\/04\/Carrusel-Kura-Botanica-Pool-2.webp 1070w, https:\/\/kurabotanica.com\/wp-content\/uploads\/2025\/04\/Carrusel-Kura-Botanica-Pool-2-658x400.webp 658w, https:\/\/kurabotanica.com\/wp-content\/uploads\/2025\/04\/Carrusel-Kura-Botanica-Pool-2-768x467.webp 768w\" sizes=\"(max-width: 1070px) 100vw, 1070px\" \/>\t\t\t\t\t\t\n\t\t\t\t\t<\/div>\n\t\t\t\t\t\t\t\t\n<style>\n#image_1355485184 {\n  width: 100%;\n}\n<\/style>\n\t<\/div>\n\t\n\t<div class=\"img has-hover x md-x lg-x y md-y lg-y\" id=\"image_499814985\">\n\t\t\t\t\t\t\t\t<div class=\"img-inner image-cover dark\" style=\"padding-top:56.25%;margin:0px 50px 0px 0px;\">\n\t\t\t<img decoding=\"async\" width=\"1075\" height=\"650\" src=\"https:\/\/kurabotanica.com\/wp-content\/uploads\/2025\/04\/Carousel-Kura-Botanica-2.webp\" class=\"attachment-original size-original\" alt=\"\" srcset=\"https:\/\/kurabotanica.com\/wp-content\/uploads\/2025\/04\/Carousel-Kura-Botanica-2.webp 1075w, https:\/\/kurabotanica.com\/wp-content\/uploads\/2025\/04\/Carousel-Kura-Botanica-2-662x400.webp 662w, https:\/\/kurabotanica.com\/wp-content\/uploads\/2025\/04\/Carousel-Kura-Botanica-2-768x464.webp 768w\" sizes=\"(max-width: 1075px) 100vw, 1075px\" \/>\t\t\t\t\t\t\n\t\t\t\t\t<\/div>\n\t\t\t\t\t\t\t\t\n<style>\n#image_499814985 {\n  width: 100%;\n}\n<\/style>\n\t<\/div>\n\t\n\t<div class=\"img has-hover x md-x lg-x y md-y lg-y\" id=\"image_930329492\">\n\t\t\t\t\t\t\t\t<div class=\"img-inner image-cover dark\" style=\"padding-top:56.25%;margin:0px 50px 0px 0px;\">\n\t\t\t<img decoding=\"async\" width=\"899\" height=\"600\" src=\"https:\/\/kurabotanica.com\/wp-content\/uploads\/2025\/04\/Luxurious-Pool-and-Bar-Kura-Botanica.webp\" class=\"attachment-original size-original\" alt=\"\" srcset=\"https:\/\/kurabotanica.com\/wp-content\/uploads\/2025\/04\/Luxurious-Pool-and-Bar-Kura-Botanica.webp 899w, https:\/\/kurabotanica.com\/wp-content\/uploads\/2025\/04\/Luxurious-Pool-and-Bar-Kura-Botanica-599x400.webp 599w, https:\/\/kurabotanica.com\/wp-content\/uploads\/2025\/04\/Luxurious-Pool-and-Bar-Kura-Botanica-768x513.webp 768w\" sizes=\"(max-width: 899px) 100vw, 899px\" \/>\t\t\t\t\t\t\n\t\t\t\t\t<\/div>\n\t\t\t\t\t\t\t\t\n<style>\n#image_930329492 {\n  width: 100%;\n}\n<\/style>\n\t<\/div>\n\t\n     <\/div>\n\n     <div class=\"loading-spin dark large centered\"><\/div>\n\n\t\n<style>\n#slider-1115227489 .flickity-slider > * {\n  max-width: 750px!important;\n}\n<\/style>\n<\/div>\n\n\n<div class=\"slider-wrapper relative show-for-small\" id=\"slider-891271142\" >\n    <div class=\"slider slider-nav-circle slider-nav-normal slider-nav-light slider-style-normal\"\n        data-flickity-options='{\n            \"cellAlign\": \"center\",\n            \"imagesLoaded\": true,\n            \"lazyLoad\": 1,\n            \"freeScroll\": false,\n            \"wrapAround\": true,\n            \"autoPlay\": 6000,\n            \"pauseAutoPlayOnHover\" : true,\n            \"prevNextButtons\": false,\n            \"contain\" : true,\n            \"adaptiveHeight\" : true,\n            \"dragThreshold\" : 10,\n            \"percentPosition\": true,\n            \"pageDots\": false,\n            \"rightToLeft\": false,\n            \"draggable\": true,\n            \"selectedAttraction\": 0.1,\n            \"parallax\" : 0,\n            \"friction\": 0.6        }'\n        >\n        \n\t<div class=\"img has-hover x md-x lg-x y md-y lg-y\" id=\"image_973764435\">\n\t\t\t\t\t\t\t\t<div class=\"img-inner dark\" >\n\t\t\t<img decoding=\"async\" width=\"1070\" height=\"650\" src=\"https:\/\/kurabotanica.com\/wp-content\/uploads\/2025\/04\/Carrusel-Kura-Botanica-Pool-2.webp\" class=\"attachment-original size-original\" alt=\"\" srcset=\"https:\/\/kurabotanica.com\/wp-content\/uploads\/2025\/04\/Carrusel-Kura-Botanica-Pool-2.webp 1070w, https:\/\/kurabotanica.com\/wp-content\/uploads\/2025\/04\/Carrusel-Kura-Botanica-Pool-2-658x400.webp 658w, https:\/\/kurabotanica.com\/wp-content\/uploads\/2025\/04\/Carrusel-Kura-Botanica-Pool-2-768x467.webp 768w\" sizes=\"(max-width: 1070px) 100vw, 1070px\" \/>\t\t\t\t\t\t\n\t\t\t\t\t<\/div>\n\t\t\t\t\t\t\t\t\n<style>\n#image_973764435 {\n  width: 100%;\n}\n<\/style>\n\t<\/div>\n\t\n\t<div class=\"img has-hover x md-x lg-x y md-y lg-y\" id=\"image_1960697941\">\n\t\t\t\t\t\t\t\t<div class=\"img-inner dark\" >\n\t\t\t<img decoding=\"async\" width=\"1075\" height=\"650\" src=\"https:\/\/kurabotanica.com\/wp-content\/uploads\/2025\/04\/Carousel-Kura-Botanica-2.webp\" class=\"attachment-original size-original\" alt=\"\" srcset=\"https:\/\/kurabotanica.com\/wp-content\/uploads\/2025\/04\/Carousel-Kura-Botanica-2.webp 1075w, https:\/\/kurabotanica.com\/wp-content\/uploads\/2025\/04\/Carousel-Kura-Botanica-2-662x400.webp 662w, https:\/\/kurabotanica.com\/wp-content\/uploads\/2025\/04\/Carousel-Kura-Botanica-2-768x464.webp 768w\" sizes=\"(max-width: 1075px) 100vw, 1075px\" \/>\t\t\t\t\t\t\n\t\t\t\t\t<\/div>\n\t\t\t\t\t\t\t\t\n<style>\n#image_1960697941 {\n  width: 100%;\n}\n<\/style>\n\t<\/div>\n\t\n\t<div class=\"img has-hover x md-x lg-x y md-y lg-y\" id=\"image_333487026\">\n\t\t\t\t\t\t\t\t<div class=\"img-inner dark\" >\n\t\t\t<img decoding=\"async\" width=\"1075\" height=\"650\" src=\"https:\/\/kurabotanica.com\/wp-content\/uploads\/2025\/04\/Carousel-Kura-Botanica.webp\" class=\"attachment-original size-original\" alt=\"\" srcset=\"https:\/\/kurabotanica.com\/wp-content\/uploads\/2025\/04\/Carousel-Kura-Botanica.webp 1075w, https:\/\/kurabotanica.com\/wp-content\/uploads\/2025\/04\/Carousel-Kura-Botanica-662x400.webp 662w, https:\/\/kurabotanica.com\/wp-content\/uploads\/2025\/04\/Carousel-Kura-Botanica-768x464.webp 768w\" sizes=\"(max-width: 1075px) 100vw, 1075px\" \/>\t\t\t\t\t\t\n\t\t\t\t\t<\/div>\n\t\t\t\t\t\t\t\t\n<style>\n#image_333487026 {\n  width: 100%;\n}\n<\/style>\n\t<\/div>\n\t\n     <\/div>\n\n     <div class=\"loading-spin dark large centered\"><\/div>\n\n\t\n<style>\n#slider-891271142 .flickity-slider > * {\n  max-width: 750px!important;\n}\n<\/style>\n<\/div>\n\n\n\t<div id=\"gap-734639656\" class=\"gap-element clearfix\" style=\"display:block; height:auto;\">\n\t\t\n<style>\n#gap-734639656 {\n  padding-top: 1rem;\n}\n<\/style>\n\t<\/div>\n\t\n\n\t<section class=\"section\" id=\"section_2091404311\">\n\t\t<div class=\"section-bg fill\" >\n\t\t\t\t\t\t\t\t\t\n\t\t\t\n\n\t\t<\/div>\n\n\t\t\n\n\t\t<div class=\"section-content relative\">\n\t\t\t\n<div class=\"row row-large\"  id=\"row-419839670\">\n\n\t<div id=\"col-409670685\" class=\"col small-12 large-12\"  >\n\t\t\t\t<div class=\"col-inner text-left\"  >\n\t\t\t\n\t<div class=\"is-border\"\n\t\tstyle=\"border-width:0px 1px 0px 0px;\">\n\t<\/div>\n\t\t\t\n\t<div id=\"text-2871883612\" class=\"text\">\n\t\t\n<h2 style=\"  font-weight: 300; font-size: 1.8rem; line-height: 2rem;\">Sobre el Hotel y la Experiencia<\/h2>\n\t\t\n<style>\n#text-2871883612 {\n  text-align: left;\n}\n<\/style>\n\t<\/div>\n\t\n<div class=\"row\"  id=\"row-540899015\">\n\n\t<div id=\"col-1557168234\" class=\"col medium-6 small-12 large-6\"  >\n\t\t\t\t<div class=\"col-inner\"  >\n\t\t\t\n\t\t\t\n<div class=\"accordion\">\n\t<div id=\"accordion-3556913706\" class=\"accordion-item\">\n\t\t<a id=\"accordion-3556913706-label\" class=\"accordion-title plain\" href=\"#accordion-item-\u00bfel-kura-botanica-hotel-es-solo-para-adultos?\" aria-expanded=\"false\" aria-controls=\"accordion-3556913706-content\">\n\t\t\t<button class=\"toggle\" aria-label=\"Toggle\"><i class=\"icon-angle-down\" aria-hidden=\"true\"><\/i><\/button>\n\t\t\t<span>\u00bfEl Kura Botanica Hotel es solo para adultos?<\/span>\n\t\t<\/a>\n\t\t<div id=\"accordion-3556913706-content\" class=\"accordion-inner\" aria-labelledby=\"accordion-3556913706-label\">\n\t\t\t\n<p>S\u00ed. Kura Botanica Hotel es un hotel boutique solo para adultos (mayores de 21 a\u00f1os). El hotel est\u00e1 dise\u00f1ado para parejas y viajeros individuales que buscan un ambiente tranquilo y refinado. No se permiten ni\u00f1os.   <\/p>\n\t\t<\/div>\n\t<\/div>\n\t\n\t<div id=\"accordion-4062316528\" class=\"accordion-item\">\n\t\t<a id=\"accordion-4062316528-label\" class=\"accordion-title plain\" href=\"#accordion-item-\u00bfqu\u00e9-tipo-de-experiencia-pueden-esperar-los-hu\u00e9spedes?\" aria-expanded=\"false\" aria-controls=\"accordion-4062316528-content\">\n\t\t\t<button class=\"toggle\" aria-label=\"Toggle\"><i class=\"icon-angle-down\" aria-hidden=\"true\"><\/i><\/button>\n\t\t\t<span>\u00bfQu\u00e9 tipo de experiencia pueden esperar los hu\u00e9spedes?<\/span>\n\t\t<\/a>\n\t\t<div id=\"accordion-4062316528-content\" class=\"accordion-inner\" aria-labelledby=\"accordion-4062316528-label\">\n\t\t\t\n<p>Los hu\u00e9spedes pueden esperar una experiencia de hotel boutique de lujo dentro de un sitio declarado Patrimonio de la Humanidad por la UNESCO, ubicado en el centro de Kura Hulanda Village en el hist\u00f3rico Willemstad. El hotel ofrece arquitectura patrimonial, un patio bot\u00e1nico con piscina y un ambiente tranquilo enfocado en adultos, adem\u00e1s de estar rodeado de restaurantes, tiendas, m\u00fasica en vivo y eventos culturales. Kura Botanica se encuentra a poca distancia a pie de los principales puntos de inter\u00e9s de Willemstad, como el Puente flotante Reina Emma (el puente oscilante) y el paseo mar\u00edtimo de Handelskade.  <\/p>\n\t\t<\/div>\n\t<\/div>\n\t\n\t<div id=\"accordion-2813265975\" class=\"accordion-item\">\n\t\t<a id=\"accordion-2813265975-label\" class=\"accordion-title plain\" href=\"#accordion-item-\u00bfse-permiten-mascotas-en-el-kura-botanica-hotel?\" aria-expanded=\"false\" aria-controls=\"accordion-2813265975-content\">\n\t\t\t<button class=\"toggle\" aria-label=\"Toggle\"><i class=\"icon-angle-down\" aria-hidden=\"true\"><\/i><\/button>\n\t\t\t<span>\u00bfSe permiten mascotas en el Kura Botanica Hotel?<\/span>\n\t\t<\/a>\n\t\t<div id=\"accordion-2813265975-content\" class=\"accordion-inner\" aria-labelledby=\"accordion-2813265975-label\">\n\t\t\t\n<p>No. No se permiten mascotas en el Kura Botanica Hotel. <\/p>\n\t\t<\/div>\n\t<\/div>\n\t\n\t<div id=\"accordion-883185558\" class=\"accordion-item\">\n\t\t<a id=\"accordion-883185558-label\" class=\"accordion-title plain\" href=\"#accordion-item-\u00bfse-permite-fumar-en-el-establecimiento?\" aria-expanded=\"false\" aria-controls=\"accordion-883185558-content\">\n\t\t\t<button class=\"toggle\" aria-label=\"Toggle\"><i class=\"icon-angle-down\" aria-hidden=\"true\"><\/i><\/button>\n\t\t\t<span>\u00bfSe permite fumar en el establecimiento?<\/span>\n\t\t<\/a>\n\t\t<div id=\"accordion-883185558-content\" class=\"accordion-inner\" aria-labelledby=\"accordion-883185558-label\">\n\t\t\t\n<p>No se permite fumar en las habitaciones ni en las \u00e1reas p\u00fablicas; sin embargo, hay una zona designada para fumadores en el Bay Garden. Se cobrar\u00e1 una tarifa de limpieza de 100 USD si se fuma dentro de una habitaci\u00f3n. <\/p>\n\t\t<\/div>\n\t<\/div>\n\t\n\t<div id=\"accordion-3541572612\" class=\"accordion-item\">\n\t\t<a id=\"accordion-3541572612-label\" class=\"accordion-title plain\" href=\"#accordion-item-\u00bfhay-horarios-de-silencio-en-el-hotel?\" aria-expanded=\"false\" aria-controls=\"accordion-3541572612-content\">\n\t\t\t<button class=\"toggle\" aria-label=\"Toggle\"><i class=\"icon-angle-down\" aria-hidden=\"true\"><\/i><\/button>\n\t\t\t<span>\u00bfHay horarios de silencio en el hotel?<\/span>\n\t\t<\/a>\n\t\t<div id=\"accordion-3541572612-content\" class=\"accordion-inner\" aria-labelledby=\"accordion-3541572612-label\">\n\t\t\t\n<p>S\u00ed, el horario de silencio se aplica de 23:00 a 9:00 para garantizar un ambiente tranquilo para todos los hu\u00e9spedes.<\/p>\n\t\t<\/div>\n\t<\/div>\n\t\n\t<div id=\"accordion-1885924496\" class=\"accordion-item\">\n\t\t<a id=\"accordion-1885924496-label\" class=\"accordion-title plain\" href=\"#accordion-item-\u00bfes-kura-botanica-adecuado-para-parejas?\" aria-expanded=\"false\" aria-controls=\"accordion-1885924496-content\">\n\t\t\t<button class=\"toggle\" aria-label=\"Toggle\"><i class=\"icon-angle-down\" aria-hidden=\"true\"><\/i><\/button>\n\t\t\t<span>\u00bfEs Kura Botanica adecuado para parejas?<\/span>\n\t\t<\/a>\n\t\t<div id=\"accordion-1885924496-content\" class=\"accordion-inner\" aria-labelledby=\"accordion-1885924496-label\">\n\t\t\t\n<p>S\u00ed. El Kura Botanica Hotel es un hotel boutique solo para adultos (21+) dise\u00f1ado para parejas que buscan una estancia relajada e \u00edntima en un entorno hist\u00f3rico y bot\u00e1nico. El ambiente tranquilo, la ubicaci\u00f3n c\u00e9ntrica y la experiencia boutique personalizada lo hacen ideal para escapadas rom\u00e1nticas y ocasiones especiales. Nuestro equipo puede ayudarle a organizar detalles adicionales en la habitaci\u00f3n, como flores, vino o toques especiales. Tambi\u00e9n se pueden organizar paquetes rom\u00e1nticos para parejas que celebren momentos especiales.    <\/p>\n\t\t<\/div>\n\t<\/div>\n\t\n<\/div>\n\t\t<\/div>\n\t\t\t\t\t<\/div>\n\n\t\n\n\t<div id=\"col-1649928519\" class=\"col medium-6 small-12 large-6\"  >\n\t\t\t\t<div class=\"col-inner\"  >\n\t\t\t\n\t\t\t\n<div class=\"accordion\">\n\t<div id=\"accordion-334561687\" class=\"accordion-item\">\n\t\t<a id=\"accordion-334561687-label\" class=\"accordion-title plain\" href=\"#accordion-item-\u00bfel-kura-botanica-hotel-es-adecuado-para-n\u00f3madas-digitales-o-trabajadores-remotos?\" aria-expanded=\"false\" aria-controls=\"accordion-334561687-content\">\n\t\t\t<button class=\"toggle\" aria-label=\"Toggle\"><i class=\"icon-angle-down\" aria-hidden=\"true\"><\/i><\/button>\n\t\t\t<span>\u00bfEl Kura Botanica Hotel es adecuado para n\u00f3madas digitales o trabajadores remotos?<\/span>\n\t\t<\/a>\n\t\t<div id=\"accordion-334561687-content\" class=\"accordion-inner\" aria-labelledby=\"accordion-334561687-label\">\n\t\t\t\n<p>S\u00ed. Kura Botanica Hotel es adecuado para n\u00f3madas digitales y trabajadores remotos. El hotel ofrece Wi-Fi de alta velocidad gratuito en toda la propiedad, y todas las habitaciones incluyen un escritorio o espacio de trabajo. El hotel est\u00e1 ubicado en el centro de Willemstad, donde los hu\u00e9spedes encontrar\u00e1n m\u00faltiples caf\u00e9s, restaurantes y lugares adecuados para trabajar que son populares entre los trabajadores remotos.   <\/p>\n\t\t<\/div>\n\t<\/div>\n\t\n\t<div id=\"accordion-2438372300\" class=\"accordion-item\">\n\t\t<a id=\"accordion-2438372300-label\" class=\"accordion-title plain\" href=\"#accordion-item-\u00bfes-el-kura-botanica-hotel-adecuado-para-estancias-largas?\" aria-expanded=\"false\" aria-controls=\"accordion-2438372300-content\">\n\t\t\t<button class=\"toggle\" aria-label=\"Toggle\"><i class=\"icon-angle-down\" aria-hidden=\"true\"><\/i><\/button>\n\t\t\t<span>\u00bfEs el Kura Botanica Hotel adecuado para estancias largas?<\/span>\n\t\t<\/a>\n\t\t<div id=\"accordion-2438372300-content\" class=\"accordion-inner\" aria-labelledby=\"accordion-2438372300-label\">\n\t\t\t\n<p>S\u00ed. El Kura Botanica Hotel es adecuado para estancias largas, especialmente para hu\u00e9spedes que desean una estancia boutique c\u00f3moda en una ubicaci\u00f3n c\u00e9ntrica con f\u00e1cil acceso a restaurantes, tiendas y atracciones culturales. <\/p>\n\t\t<\/div>\n\t<\/div>\n\t\n\t<div id=\"accordion-454332039\" class=\"accordion-item\">\n\t\t<a id=\"accordion-454332039-label\" class=\"accordion-title plain\" href=\"#accordion-item-\u00bfel-hotel-es-tranquilo-a-pesar-de-estar-en-un-animado-pueblo-hist\u00f3rico?\" aria-expanded=\"false\" aria-controls=\"accordion-454332039-content\">\n\t\t\t<button class=\"toggle\" aria-label=\"Toggle\"><i class=\"icon-angle-down\" aria-hidden=\"true\"><\/i><\/button>\n\t\t\t<span>\u00bfEl hotel es tranquilo a pesar de estar en un animado pueblo hist\u00f3rico?<\/span>\n\t\t<\/a>\n\t\t<div id=\"accordion-454332039-content\" class=\"accordion-inner\" aria-labelledby=\"accordion-454332039-label\">\n\t\t\t\n<p>S\u00ed. Aunque est\u00e1 ubicado en una zona cultural animada, el hotel est\u00e1 dise\u00f1ado como un refugio bot\u00e1nico tranquilo. Se respetan las horas de silencio entre las 23:00 y las 09:00. Ocasionalmente pueden ocurrir eventos o actividades en los alrededores, lo cual est\u00e1 fuera del control del hotel.   <\/p>\n\t\t<\/div>\n\t<\/div>\n\t\n\t<div id=\"accordion-1831853223\" class=\"accordion-item\">\n\t\t<a id=\"accordion-1831853223-label\" class=\"accordion-title plain\" href=\"#accordion-item-\u00bfes-kura-botanica-un-hotel-de-lujo?\" aria-expanded=\"false\" aria-controls=\"accordion-1831853223-content\">\n\t\t\t<button class=\"toggle\" aria-label=\"Toggle\"><i class=\"icon-angle-down\" aria-hidden=\"true\"><\/i><\/button>\n\t\t\t<span>\u00bfEs Kura Botanica un hotel de lujo?<\/span>\n\t\t<\/a>\n\t\t<div id=\"accordion-1831853223-content\" class=\"accordion-inner\" aria-labelledby=\"accordion-1831853223-label\">\n\t\t\t\n<p>Kura Botanica ofrece una experiencia boutique de lujo centrada en el confort, la arquitectura patrimonial y el servicio personalizado.<\/p>\n\t\t<\/div>\n\t<\/div>\n\t\n\t<div id=\"accordion-80255731\" class=\"accordion-item\">\n\t\t<a id=\"accordion-80255731-label\" class=\"accordion-title plain\" href=\"#accordion-item-\u00bfes-kura-botanica-un-hotel-boutique-o-un-resort?\" aria-expanded=\"false\" aria-controls=\"accordion-80255731-content\">\n\t\t\t<button class=\"toggle\" aria-label=\"Toggle\"><i class=\"icon-angle-down\" aria-hidden=\"true\"><\/i><\/button>\n\t\t\t<span>\u00bfEs Kura Botanica un hotel boutique o un resort?<\/span>\n\t\t<\/a>\n\t\t<div id=\"accordion-80255731-content\" class=\"accordion-inner\" aria-labelledby=\"accordion-80255731-label\">\n\t\t\t\n<p>Kura Botanica es un hotel boutique que ofrece una estancia a peque\u00f1a escala, personalizada y solo para adultos, en lugar de la experiencia de un gran complejo tur\u00edstico.<\/p>\n\t\t<\/div>\n\t<\/div>\n\t\n<\/div>\n\t\t<\/div>\n\t\t\t\t\t<\/div>\n\n\t\n<\/div>\n\t<div id=\"text-1272831157\" class=\"text\">\n\t\t\n<h2 style=\"  font-weight: 300; font-size: 1.8rem; line-height: 2rem;\">Habitaciones y Alojamiento<\/h2>\n\t\t\n<style>\n#text-1272831157 {\n  text-align: left;\n}\n<\/style>\n\t<\/div>\n\t\n<div class=\"row\"  id=\"row-1111078773\">\n\n\t<div id=\"col-702542960\" class=\"col medium-6 small-12 large-6\"  >\n\t\t\t\t<div class=\"col-inner\"  >\n\t\t\t\n\t\t\t\n<div class=\"accordion\">\n\t<div id=\"accordion-4051358994\" class=\"accordion-item\">\n\t\t<a id=\"accordion-4051358994-label\" class=\"accordion-title plain\" href=\"#accordion-item-\u00bfqu\u00e9-tipos-de-habitaciones-est\u00e1n-disponibles-en-el-kura-botanica-hotel?\" aria-expanded=\"false\" aria-controls=\"accordion-4051358994-content\">\n\t\t\t<button class=\"toggle\" aria-label=\"Toggle\"><i class=\"icon-angle-down\" aria-hidden=\"true\"><\/i><\/button>\n\t\t\t<span>\u00bfQu\u00e9 tipos de habitaciones est\u00e1n disponibles en el Kura Botanica Hotel?<\/span>\n\t\t<\/a>\n\t\t<div id=\"accordion-4051358994-content\" class=\"accordion-inner\" aria-labelledby=\"accordion-4051358994-label\">\n\t\t\t\n<p style=\"text-align: left;\">Kura Botanica Hotel ofrece una colecci\u00f3n de habitaciones y suites \u00fanicas ubicadas en edificios hist\u00f3ricos bellamente restaurados. Los tipos de habitaci\u00f3n incluyen: <\/p>\n<ul style=\"text-align: left;\">\n<li><strong>Habitaci\u00f3n King<\/strong><\/li>\n<li><strong>Habitaci\u00f3n King \u2013 Vista a la Bah\u00eda<\/strong><\/li>\n<li><strong>Habitaci\u00f3n Superior King<\/strong><\/li>\n<li><strong>Suite Junior<\/strong><\/li>\n<li><strong>Suite Junior Superior (con ba\u00f1era o balc\u00f3n privado)<\/strong><\/li>\n<li><strong>Suites tem\u00e1ticas \/ Suites especiales<\/strong><\/li>\n<\/ul>\n<p style=\"text-align: left;\">Cada habitaci\u00f3n est\u00e1 dise\u00f1ada de forma individual y refleja el encanto hist\u00f3rico y el car\u00e1cter bot\u00e1nico de la propiedad. La disponibilidad de habitaciones puede variar seg\u00fan la fecha. <\/p>\n\t\t<\/div>\n\t<\/div>\n\t\n\t<div id=\"accordion-1122290790\" class=\"accordion-item\">\n\t\t<a id=\"accordion-1122290790-label\" class=\"accordion-title plain\" href=\"#accordion-item-\u00bfqu\u00e9-comodidades-incluyen-las-habitaciones?\" aria-expanded=\"false\" aria-controls=\"accordion-1122290790-content\">\n\t\t\t<button class=\"toggle\" aria-label=\"Toggle\"><i class=\"icon-angle-down\" aria-hidden=\"true\"><\/i><\/button>\n\t\t\t<span>\u00bfQu\u00e9 comodidades incluyen las habitaciones?<\/span>\n\t\t<\/a>\n\t\t<div id=\"accordion-1122290790-content\" class=\"accordion-inner\" aria-labelledby=\"accordion-1122290790-label\">\n\t\t\t\n<p style=\"text-align: left;\">Todas las habitaciones suelen incluir:<\/p>\n<ul>\n<li style=\"text-align: left;\">Cama king-size<\/li>\n<li style=\"text-align: left;\">Aire acondicionado<\/li>\n<li style=\"text-align: left;\">Ba\u00f1o privado con ducha<\/li>\n<li style=\"text-align: left;\">Art\u00edculos de aseo gratuitos y secador de pelo<\/li>\n<li style=\"text-align: left;\">Televisi\u00f3n de pantalla plana<\/li>\n<li style=\"text-align: left;\">Refrigerador<\/li>\n<li style=\"text-align: left;\">Cafetera y tetera<\/li>\n<li style=\"text-align: left;\">Wi-Fi de alta velocidad gratuito<\/li>\n<\/ul>\n<p style=\"text-align: left;\">Algunas habitaciones ofrecen <strong>balcones privados, terrazas o vistas a la bah\u00eda.<\/strong><\/p>\n\t\t<\/div>\n\t<\/div>\n\t\n\t<div id=\"accordion-3798137329\" class=\"accordion-item\">\n\t\t<a id=\"accordion-3798137329-label\" class=\"accordion-title plain\" href=\"#accordion-item-\u00bfqu\u00e9-tipo-de-camas-ofrece-el-hotel?\" aria-expanded=\"false\" aria-controls=\"accordion-3798137329-content\">\n\t\t\t<button class=\"toggle\" aria-label=\"Toggle\"><i class=\"icon-angle-down\" aria-hidden=\"true\"><\/i><\/button>\n\t\t\t<span>\u00bfQu\u00e9 tipo de camas ofrece el hotel?<\/span>\n\t\t<\/a>\n\t\t<div id=\"accordion-3798137329-content\" class=\"accordion-inner\" aria-labelledby=\"accordion-3798137329-label\">\n\t\t\t\n<p>Todas las habitaciones cuentan con camas king-size, dise\u00f1adas para el confort y la relajaci\u00f3n.<\/p>\n\t\t<\/div>\n\t<\/div>\n\t\n\t<div id=\"accordion-1190403588\" class=\"accordion-item\">\n\t\t<a id=\"accordion-1190403588-label\" class=\"accordion-title plain\" href=\"#accordion-item-\u00bfes-posible-tener-dos-camas-separadas?\" aria-expanded=\"false\" aria-controls=\"accordion-1190403588-content\">\n\t\t\t<button class=\"toggle\" aria-label=\"Toggle\"><i class=\"icon-angle-down\" aria-hidden=\"true\"><\/i><\/button>\n\t\t\t<span>\u00bfEs posible tener dos camas separadas?<\/span>\n\t\t<\/a>\n\t\t<div id=\"accordion-1190403588-content\" class=\"accordion-inner\" aria-labelledby=\"accordion-1190403588-label\">\n\t\t\t\n<p>Se puede organizar un n\u00famero limitado de habitaciones con dos camas individuales separadas. Por favor, cont\u00e1ctenos con antelaci\u00f3n para realizar su solicitud. Esta opci\u00f3n est\u00e1 sujeta a disponibilidad y no puede garantizarse.  <\/p>\n\t\t<\/div>\n\t<\/div>\n\t\n\t<div id=\"accordion-1931238558\" class=\"accordion-item\">\n\t\t<a id=\"accordion-1931238558-label\" class=\"accordion-title plain\" href=\"#accordion-item-\u00bfhay-habitaciones-con-terrazas-o-balcones-privados?\" aria-expanded=\"false\" aria-controls=\"accordion-1931238558-content\">\n\t\t\t<button class=\"toggle\" aria-label=\"Toggle\"><i class=\"icon-angle-down\" aria-hidden=\"true\"><\/i><\/button>\n\t\t\t<span>\u00bfHay habitaciones con terrazas o balcones privados?<\/span>\n\t\t<\/a>\n\t\t<div id=\"accordion-1931238558-content\" class=\"accordion-inner\" aria-labelledby=\"accordion-1931238558-label\">\n\t\t\t\n<p>S\u00ed, algunas habitaciones seleccionadas cuentan con balcones privados. La disponibilidad depende del tipo de habitaci\u00f3n. <\/p>\n\t\t<\/div>\n\t<\/div>\n\t\n\t<div id=\"accordion-3279316170\" class=\"accordion-item\">\n\t\t<a id=\"accordion-3279316170-label\" class=\"accordion-title plain\" href=\"#accordion-item-\u00bfhay-una-caja-fuerte-en-la-habitaci\u00f3n-para-objetos-de-valor?\" aria-expanded=\"false\" aria-controls=\"accordion-3279316170-content\">\n\t\t\t<button class=\"toggle\" aria-label=\"Toggle\"><i class=\"icon-angle-down\" aria-hidden=\"true\"><\/i><\/button>\n\t\t\t<span>\u00bfHay una caja fuerte en la habitaci\u00f3n para objetos de valor?<\/span>\n\t\t<\/a>\n\t\t<div id=\"accordion-3279316170-content\" class=\"accordion-inner\" aria-labelledby=\"accordion-3279316170-label\">\n\t\t\t\n<p>S\u00ed, cada habitaci\u00f3n est\u00e1 equipada con una caja fuerte segura para sus objetos de valor.<\/p>\n\t\t<\/div>\n\t<\/div>\n\t\n\t<div id=\"accordion-1518274995\" class=\"accordion-item\">\n\t\t<a id=\"accordion-1518274995-label\" class=\"accordion-title plain\" href=\"#accordion-item-\u00bfhay-una-peque\u00f1a-nevera-o-minibar-en-la-habitaci\u00f3n?\" aria-expanded=\"false\" aria-controls=\"accordion-1518274995-content\">\n\t\t\t<button class=\"toggle\" aria-label=\"Toggle\"><i class=\"icon-angle-down\" aria-hidden=\"true\"><\/i><\/button>\n\t\t\t<span>\u00bfHay una peque\u00f1a nevera o minibar en la habitaci\u00f3n?<\/span>\n\t\t<\/a>\n\t\t<div id=\"accordion-1518274995-content\" class=\"accordion-inner\" aria-labelledby=\"accordion-1518274995-label\">\n\t\t\t\n<p>S\u00ed, cada habitaci\u00f3n incluye una peque\u00f1a nevera para su comodidad. El minibar no forma parte de los servicios proporcionados. <\/p>\n\t\t<\/div>\n\t<\/div>\n\t\n<\/div>\n\t\t<\/div>\n\t\t\t\t\t<\/div>\n\n\t\n\n\t<div id=\"col-83907822\" class=\"col medium-6 small-12 large-6\"  >\n\t\t\t\t<div class=\"col-inner\"  >\n\t\t\t\n\t\t\t\n<div class=\"accordion\">\n\t<div id=\"accordion-2831080011\" class=\"accordion-item\">\n\t\t<a id=\"accordion-2831080011-label\" class=\"accordion-title plain\" href=\"#accordion-item-\u00bfhay-espacios-de-trabajo-tranquilos-o-escritorios-en-las-habitaciones-para-viajeros-de-negocios?\" aria-expanded=\"false\" aria-controls=\"accordion-2831080011-content\">\n\t\t\t<button class=\"toggle\" aria-label=\"Toggle\"><i class=\"icon-angle-down\" aria-hidden=\"true\"><\/i><\/button>\n\t\t\t<span>\u00bfHay espacios de trabajo tranquilos o escritorios en las habitaciones para viajeros de negocios?<\/span>\n\t\t<\/a>\n\t\t<div id=\"accordion-2831080011-content\" class=\"accordion-inner\" aria-labelledby=\"accordion-2831080011-label\">\n\t\t\t\n<p>S\u00ed, cada habitaci\u00f3n est\u00e1 equipada con un escritorio y un espacio de trabajo adecuado para uso empresarial o personal.<\/p>\n\t\t<\/div>\n\t<\/div>\n\t\n\t<div id=\"accordion-2647142730\" class=\"accordion-item\">\n\t\t<a id=\"accordion-2647142730-label\" class=\"accordion-title plain\" href=\"#accordion-item-\u00bfel-hotel-proporciona-planchas-o-tablas-de-planchar?\" aria-expanded=\"false\" aria-controls=\"accordion-2647142730-content\">\n\t\t\t<button class=\"toggle\" aria-label=\"Toggle\"><i class=\"icon-angle-down\" aria-hidden=\"true\"><\/i><\/button>\n\t\t\t<span>\u00bfEl hotel proporciona planchas o tablas de planchar?<\/span>\n\t\t<\/a>\n\t\t<div id=\"accordion-2647142730-content\" class=\"accordion-inner\" aria-labelledby=\"accordion-2647142730-label\">\n\t\t\t\n<p>S\u00ed, todas las habitaciones est\u00e1n equipadas con plancha y tabla de planchar.<\/p>\n\t\t<\/div>\n\t<\/div>\n\t\n\t<div id=\"accordion-1588131059\" class=\"accordion-item\">\n\t\t<a id=\"accordion-1588131059-label\" class=\"accordion-title plain\" href=\"#accordion-item-\u00bfel-hotel-proporciona-agua-embotellada-en-las-habitaciones?\" aria-expanded=\"false\" aria-controls=\"accordion-1588131059-content\">\n\t\t\t<button class=\"toggle\" aria-label=\"Toggle\"><i class=\"icon-angle-down\" aria-hidden=\"true\"><\/i><\/button>\n\t\t\t<span>\u00bfEl hotel proporciona agua embotellada en las habitaciones?<\/span>\n\t\t<\/a>\n\t\t<div id=\"accordion-1588131059-content\" class=\"accordion-inner\" aria-labelledby=\"accordion-1588131059-label\">\n\t\t\t\n<p>S\u00ed, se proporciona una botella de agua de cortes\u00eda el primer d\u00eda de su estancia. El agua embotellada adicional est\u00e1 disponible bajo petici\u00f3n. <\/p>\n\t\t<\/div>\n\t<\/div>\n\t\n\t<div id=\"accordion-434874266\" class=\"accordion-item\">\n\t\t<a id=\"accordion-434874266-label\" class=\"accordion-title plain\" href=\"#accordion-item-\u00bfes-potable-el-agua-del-grifo-en-el-hotel?\" aria-expanded=\"false\" aria-controls=\"accordion-434874266-content\">\n\t\t\t<button class=\"toggle\" aria-label=\"Toggle\"><i class=\"icon-angle-down\" aria-hidden=\"true\"><\/i><\/button>\n\t\t\t<span>\u00bfEs potable el agua del grifo en el hotel?<\/span>\n\t\t<\/a>\n\t\t<div id=\"accordion-434874266-content\" class=\"accordion-inner\" aria-labelledby=\"accordion-434874266-label\">\n\t\t\t\n<p>S\u00ed, el agua del grifo en Curazao es potable y segura para beber en todo el hotel.<\/p>\n\t\t<\/div>\n\t<\/div>\n\t\n\t<div id=\"accordion-1142208727\" class=\"accordion-item\">\n\t\t<a id=\"accordion-1142208727-label\" class=\"accordion-title plain\" href=\"#accordion-item-\u00bfpuedo-solicitar-servicios-adicionales-en-mi-habitaci\u00f3n,-como-almohadas-extra?\" aria-expanded=\"false\" aria-controls=\"accordion-1142208727-content\">\n\t\t\t<button class=\"toggle\" aria-label=\"Toggle\"><i class=\"icon-angle-down\" aria-hidden=\"true\"><\/i><\/button>\n\t\t\t<span>\u00bfPuedo solicitar servicios adicionales en mi habitaci\u00f3n, como almohadas extra?<\/span>\n\t\t<\/a>\n\t\t<div id=\"accordion-1142208727-content\" class=\"accordion-inner\" aria-labelledby=\"accordion-1142208727-label\">\n\t\t\t\n<p>S\u00ed, se pueden solicitar almohadas adicionales, mantas u otros servicios; por favor, cont\u00e1ctenos con antelaci\u00f3n para que podamos atender sus necesidades.<\/p>\n\t\t<\/div>\n\t<\/div>\n\t\n\t<div id=\"accordion-1566244153\" class=\"accordion-item\">\n\t\t<a id=\"accordion-1566244153-label\" class=\"accordion-title plain\" href=\"#accordion-item-\u00bfpuedo-organizar-una-decoraci\u00f3n-rom\u00e1ntica-o-una-sorpresa-especial-en-mi-habitaci\u00f3n?\" aria-expanded=\"false\" aria-controls=\"accordion-1566244153-content\">\n\t\t\t<button class=\"toggle\" aria-label=\"Toggle\"><i class=\"icon-angle-down\" aria-hidden=\"true\"><\/i><\/button>\n\t\t\t<span>\u00bfPuedo organizar una decoraci\u00f3n rom\u00e1ntica o una sorpresa especial en mi habitaci\u00f3n?<\/span>\n\t\t<\/a>\n\t\t<div id=\"accordion-1566244153-content\" class=\"accordion-inner\" aria-labelledby=\"accordion-1566244153-label\">\n\t\t\t\n<p>\u00a1S\u00ed! Por favor, cont\u00e1ctenos con antelaci\u00f3n para hablar sobre opciones como arreglos florales, vino u otros detalles especiales. Haremos todo lo posible para que su estancia sea memorable.  <\/p>\n\t\t<\/div>\n\t<\/div>\n\t\n<\/div>\n\t\t<\/div>\n\t\t\t\t\t<\/div>\n\n\t\n<\/div>\n\t<div id=\"gap-1478047003\" class=\"gap-element clearfix\" style=\"display:block; height:auto;\">\n\t\t\n<style>\n#gap-1478047003 {\n  padding-top: 1rem;\n}\n<\/style>\n\t<\/div>\n\t\n<div class=\"row\"  id=\"row-357803739\">\n\n\t<div id=\"col-1511503647\" class=\"col medium-6 small-12 large-6\"  >\n\t\t\t\t<div class=\"col-inner\"  >\n\t\t\t\n\t\t\t\n\t<div id=\"text-325350300\" class=\"text\">\n\t\t\n<h2 style=\"  font-weight: 300; font-size: 1.8rem; line-height: 2rem;\">Sostenibilidad y Patrimonio<\/h2>\n\t\t\n<style>\n#text-325350300 {\n  text-align: left;\n}\n<\/style>\n\t<\/div>\n\t\n<div class=\"accordion\">\n\t<div id=\"accordion-2408518556\" class=\"accordion-item\">\n\t\t<a id=\"accordion-2408518556-label\" class=\"accordion-title plain\" href=\"#accordion-item-\u00bfkura-botanica-cuenta-con-iniciativas-de-sostenibilidad?\" aria-expanded=\"false\" aria-controls=\"accordion-2408518556-content\">\n\t\t\t<button class=\"toggle\" aria-label=\"Toggle\"><i class=\"icon-angle-down\" aria-hidden=\"true\"><\/i><\/button>\n\t\t\t<span>\u00bfKura Botanica cuenta con iniciativas de sostenibilidad?<\/span>\n\t\t<\/a>\n\t\t<div id=\"accordion-2408518556-content\" class=\"accordion-inner\" aria-labelledby=\"accordion-2408518556-label\">\n\t\t\t\n<p>S\u00ed. El hotel se centra en preservar edificios hist\u00f3ricos, trabajar con socios locales y operar con respeto por el medio ambiente y la comunidad. <\/p>\n\t\t<\/div>\n\t<\/div>\n\t\n\t<div id=\"accordion-3363805692\" class=\"accordion-item\">\n\t\t<a id=\"accordion-3363805692-label\" class=\"accordion-title plain\" href=\"#accordion-item-\u00bfc\u00f3mo-preserva-el-hotel-sus-edificios-patrimoniales-de-la-unesco?\" aria-expanded=\"false\" aria-controls=\"accordion-3363805692-content\">\n\t\t\t<button class=\"toggle\" aria-label=\"Toggle\"><i class=\"icon-angle-down\" aria-hidden=\"true\"><\/i><\/button>\n\t\t\t<span>\u00bfC\u00f3mo preserva el hotel sus edificios patrimoniales de la UNESCO?<\/span>\n\t\t<\/a>\n\t\t<div id=\"accordion-3363805692-content\" class=\"accordion-inner\" aria-labelledby=\"accordion-3363805692-label\">\n\t\t\t\n<p>El hotel funciona dentro de edificios hist\u00f3ricos protegidos. Las labores de restauraci\u00f3n y mantenimiento siguen las directrices de conservaci\u00f3n del patrimonio, garantizando al mismo tiempo el confort moderno. <\/p>\n\t\t<\/div>\n\t<\/div>\n\t\n<\/div>\n\t\t<\/div>\n\t\t\t\t\t<\/div>\n\n\t\n\n\t<div id=\"col-1115812586\" class=\"col medium-6 small-12 large-6\"  >\n\t\t\t\t<div class=\"col-inner\"  >\n\t\t\t\n\t\t\t\n\t<div id=\"text-630118853\" class=\"text\">\n\t\t\n<h2 style=\"  font-weight: 300; font-size: 1.8rem; line-height: 2rem;\">Negocios \/ Trabajo remoto<\/h2>\n\t\t\n<style>\n#text-630118853 {\n  text-align: left;\n}\n<\/style>\n\t<\/div>\n\t\n<div class=\"accordion\">\n\t<div id=\"accordion-2631370716\" class=\"accordion-item\">\n\t\t<a id=\"accordion-2631370716-label\" class=\"accordion-title plain\" href=\"#accordion-item-\u00bfel-wi-fi-es-r\u00e1pido-y-fiable?\" aria-expanded=\"false\" aria-controls=\"accordion-2631370716-content\">\n\t\t\t<button class=\"toggle\" aria-label=\"Toggle\"><i class=\"icon-angle-down\" aria-hidden=\"true\"><\/i><\/button>\n\t\t\t<span>\u00bfEl Wi-Fi es r\u00e1pido y fiable?<\/span>\n\t\t<\/a>\n\t\t<div id=\"accordion-2631370716-content\" class=\"accordion-inner\" aria-labelledby=\"accordion-2631370716-label\">\n\t\t\t\n<p>S\u00ed. Hay Wi-Fi de alta velocidad gratuito disponible en toda la propiedad y en todas las habitaciones. <\/p>\n\t\t<\/div>\n\t<\/div>\n\t\n\t<div id=\"accordion-1073153764\" class=\"accordion-item\">\n\t\t<a id=\"accordion-1073153764-label\" class=\"accordion-title plain\" href=\"#accordion-item-\u00bfel-hotel-es-adecuado-para-el-trabajo-remoto?\" aria-expanded=\"false\" aria-controls=\"accordion-1073153764-content\">\n\t\t\t<button class=\"toggle\" aria-label=\"Toggle\"><i class=\"icon-angle-down\" aria-hidden=\"true\"><\/i><\/button>\n\t\t\t<span>\u00bfEl hotel es adecuado para el trabajo remoto?<\/span>\n\t\t<\/a>\n\t\t<div id=\"accordion-1073153764-content\" class=\"accordion-inner\" aria-labelledby=\"accordion-1073153764-label\">\n\t\t\t\n<p>S\u00ed. El Wi-Fi fiable, los escritorios en la habitaci\u00f3n y un ambiente tranquilo solo para adultos hacen que el hotel sea adecuado para el trabajo remoto. <\/p>\n\t\t<\/div>\n\t<\/div>\n\t\n\t<div id=\"accordion-292279867\" class=\"accordion-item\">\n\t\t<a id=\"accordion-292279867-label\" class=\"accordion-title plain\" href=\"#accordion-item-\u00bfhay-zonas-tranquilas-para-trabajar-o-espacios-de-co-working-cerca?\" aria-expanded=\"false\" aria-controls=\"accordion-292279867-content\">\n\t\t\t<button class=\"toggle\" aria-label=\"Toggle\"><i class=\"icon-angle-down\" aria-hidden=\"true\"><\/i><\/button>\n\t\t\t<span>\u00bfHay zonas tranquilas para trabajar o espacios de co-working cerca?<\/span>\n\t\t<\/a>\n\t\t<div id=\"accordion-292279867-content\" class=\"accordion-inner\" aria-labelledby=\"accordion-292279867-label\">\n\t\t\t\n<p>S\u00ed. El hotel cuenta con zonas tranquilas y hay muchos caf\u00e9s y lugares adecuados para trabajar a poca distancia a pie. <\/p>\n\t\t<\/div>\n\t<\/div>\n\t\n<\/div>\n\t\t<\/div>\n\t\t\t\t\t<\/div>\n\n\t\n<\/div>\n\t<div id=\"text-4138323615\" class=\"text\">\n\t\t\n<h2 style=\"  font-weight: 300; font-size: 1.8rem; line-height: 2rem;\">Restauraci\u00f3n, Bar y Opciones en la Habitaci\u00f3n<\/h2>\n\t\t\n<style>\n#text-4138323615 {\n  text-align: left;\n}\n<\/style>\n\t<\/div>\n\t\n<div class=\"row\"  id=\"row-2133928906\">\n\n\t<div id=\"col-833114230\" class=\"col medium-6 small-12 large-6\"  >\n\t\t\t\t<div class=\"col-inner\"  >\n\t\t\t\n\t\t\t\n<div class=\"accordion\">\n\t<div id=\"accordion-2883250792\" class=\"accordion-item\">\n\t\t<a id=\"accordion-2883250792-label\" class=\"accordion-title plain\" href=\"#accordion-item-\u00bfel-hotel-tiene-restaurante-y\/o-bar?\" aria-expanded=\"false\" aria-controls=\"accordion-2883250792-content\">\n\t\t\t<button class=\"toggle\" aria-label=\"Toggle\"><i class=\"icon-angle-down\" aria-hidden=\"true\"><\/i><\/button>\n\t\t\t<span>\u00bfEl hotel tiene restaurante y\/o bar?<\/span>\n\t\t<\/a>\n\t\t<div id=\"accordion-2883250792-content\" class=\"accordion-inner\" aria-labelledby=\"accordion-2883250792-label\">\n\t\t\t\n<p>S\u00ed. El hotel cuenta con un <strong>bar\/sal\u00f3n<\/strong> en el lugar, y los hu\u00e9spedes tienen acceso a varios restaurantes dentro de <strong>Kura Hulanda Village,<\/strong> que ofrecen una variedad de cocina local e internacional. <\/p>\n\t\t<\/div>\n\t<\/div>\n\t\n\t<div id=\"accordion-35689733\" class=\"accordion-item\">\n\t\t<a id=\"accordion-35689733-label\" class=\"accordion-title plain\" href=\"#accordion-item-\u00bfel-desayuno-est\u00e1-incluido?\" aria-expanded=\"false\" aria-controls=\"accordion-35689733-content\">\n\t\t\t<button class=\"toggle\" aria-label=\"Toggle\"><i class=\"icon-angle-down\" aria-hidden=\"true\"><\/i><\/button>\n\t\t\t<span>\u00bfEl desayuno est\u00e1 incluido?<\/span>\n\t\t<\/a>\n\t\t<div id=\"accordion-35689733-content\" class=\"accordion-inner\" aria-labelledby=\"accordion-35689733-label\">\n\t\t\t\n<p>La inclusi\u00f3n del desayuno depende de la tarifa reservada. Algunas tarifas incluyen el desayuno, mientras que otras lo ofrecen por un cargo adicional. Los detalles se muestran claramente durante el proceso de reserva.  <\/p>\n\t\t<\/div>\n\t<\/div>\n\t\n\t<div id=\"accordion-4197365378\" class=\"accordion-item\">\n\t\t<a id=\"accordion-4197365378-label\" class=\"accordion-title plain\" href=\"#accordion-item-\u00bfel-hotel-ofrece-desayuno?\" aria-expanded=\"false\" aria-controls=\"accordion-4197365378-content\">\n\t\t\t<button class=\"toggle\" aria-label=\"Toggle\"><i class=\"icon-angle-down\" aria-hidden=\"true\"><\/i><\/button>\n\t\t\t<span>\u00bfEl hotel ofrece desayuno?<\/span>\n\t\t<\/a>\n\t\t<div id=\"accordion-4197365378-content\" class=\"accordion-inner\" aria-labelledby=\"accordion-4197365378-label\">\n\t\t\t\n<p>S\u00ed. Sin embargo, el desayuno se sirve en un hotel vecino a poca distancia a pie. <\/p>\n\t\t<\/div>\n\t<\/div>\n\t\n\t<div id=\"accordion-1407035741\" class=\"accordion-item\">\n\t\t<a id=\"accordion-1407035741-label\" class=\"accordion-title plain\" href=\"#accordion-item-\u00bftiene-el-hotel-una-piscina?\" aria-expanded=\"false\" aria-controls=\"accordion-1407035741-content\">\n\t\t\t<button class=\"toggle\" aria-label=\"Toggle\"><i class=\"icon-angle-down\" aria-hidden=\"true\"><\/i><\/button>\n\t\t\t<span>\u00bfTiene el hotel una piscina?<\/span>\n\t\t<\/a>\n\t\t<div id=\"accordion-1407035741-content\" class=\"accordion-inner\" aria-labelledby=\"accordion-1407035741-label\">\n\t\t\t\n<p>S\u00ed. Kura Botanica Hotel cuenta con una piscina al aire libre, abierta todos los d\u00edas de 8:00 AM a 8:00 PM. <\/p>\n\t\t<\/div>\n\t<\/div>\n\t\n\t<div id=\"accordion-1978501626\" class=\"accordion-item\">\n\t\t<a id=\"accordion-1978501626-label\" class=\"accordion-title plain\" href=\"#accordion-item-\u00bftiene-el-hotel-un-gimnasio?\" aria-expanded=\"false\" aria-controls=\"accordion-1978501626-content\">\n\t\t\t<button class=\"toggle\" aria-label=\"Toggle\"><i class=\"icon-angle-down\" aria-hidden=\"true\"><\/i><\/button>\n\t\t\t<span>\u00bfTiene el hotel un gimnasio?<\/span>\n\t\t<\/a>\n\t\t<div id=\"accordion-1978501626-content\" class=\"accordion-inner\" aria-labelledby=\"accordion-1978501626-label\">\n\t\t\t\n<p>No hay ning\u00fan gimnasio disponible<\/p>\n\t\t<\/div>\n\t<\/div>\n\t\n<\/div>\n\t\t<\/div>\n\t\t\t\t\t<\/div>\n\n\t\n\n\t<div id=\"col-648243668\" class=\"col medium-6 small-12 large-6\"  >\n\t\t\t\t<div class=\"col-inner\"  >\n\t\t\t\n\t\t\t\n<div class=\"accordion\">\n\t<div id=\"accordion-3381264903\" class=\"accordion-item\">\n\t\t<a id=\"accordion-3381264903-label\" class=\"accordion-title plain\" href=\"#accordion-item-\u00bfhay-servicio-de-habitaciones-disponible-y-cu\u00e1les-son-los-horarios?\" aria-expanded=\"false\" aria-controls=\"accordion-3381264903-content\">\n\t\t\t<button class=\"toggle\" aria-label=\"Toggle\"><i class=\"icon-angle-down\" aria-hidden=\"true\"><\/i><\/button>\n\t\t\t<span>\u00bfHay servicio de habitaciones disponible y cu\u00e1les son los horarios?<\/span>\n\t\t<\/a>\n\t\t<div id=\"accordion-3381264903-content\" class=\"accordion-inner\" aria-labelledby=\"accordion-3381264903-label\">\n\t\t\t\n<p>No hay servicio de habitaciones. Aunque el hotel no ofrece el servicio de habitaciones tradicional, se puede organizar la comida en la habitaci\u00f3n a trav\u00e9s de restaurantes asociados cercanos.  Furthermore, the pool bar is open daily from 2:00 PM (14:00) until 10:00 PM (22:00). <\/p>\n\t\t<\/div>\n\t<\/div>\n\t\n\t<div id=\"accordion-1434698080\" class=\"accordion-item\">\n\t\t<a id=\"accordion-1434698080-label\" class=\"accordion-title plain\" href=\"#accordion-item-\u00bfpuedo-organizar-comida-en-la-habitaci\u00f3n-desde-restaurantes-cercanos?\" aria-expanded=\"false\" aria-controls=\"accordion-1434698080-content\">\n\t\t\t<button class=\"toggle\" aria-label=\"Toggle\"><i class=\"icon-angle-down\" aria-hidden=\"true\"><\/i><\/button>\n\t\t\t<span>\u00bfPuedo organizar comida en la habitaci\u00f3n desde restaurantes cercanos?<\/span>\n\t\t<\/a>\n\t\t<div id=\"accordion-1434698080-content\" class=\"accordion-inner\" aria-labelledby=\"accordion-1434698080-label\">\n\t\t\t\n<p>S\u00ed, colaboramos con restaurantes cercanos cuidadosamente seleccionados, lo que le permite realizar pedidos para entrega directamente en el establecimiento.<\/p>\n\t\t<\/div>\n\t<\/div>\n\t\n\t<div id=\"accordion-4067533464\" class=\"accordion-item\">\n\t\t<a id=\"accordion-4067533464-label\" class=\"accordion-title plain\" href=\"#accordion-item-\u00bfse-pueden-atender-dietas-especiales-(vegana,-sin-gluten,-etc.)?\" aria-expanded=\"false\" aria-controls=\"accordion-4067533464-content\">\n\t\t\t<button class=\"toggle\" aria-label=\"Toggle\"><i class=\"icon-angle-down\" aria-hidden=\"true\"><\/i><\/button>\n\t\t\t<span>\u00bfSe pueden atender dietas especiales (vegana, sin gluten, etc.)?<\/span>\n\t\t<\/a>\n\t\t<div id=\"accordion-4067533464-content\" class=\"accordion-inner\" aria-labelledby=\"accordion-4067533464-label\">\n\t\t\t\n<p>S\u00ed, algunos restaurantes cercanos ofrecen opciones veganas, vegetarianas y sin gluten. La disponibilidad puede ser limitada. <\/p>\n\t\t<\/div>\n\t<\/div>\n\t\n<\/div>\n\t\t<\/div>\n\t\t\t\t\t<\/div>\n\n\t\n<\/div>\n\t<div id=\"text-898942945\" class=\"text\">\n\t\t\n<h2 style=\"  font-weight: 300; font-size: 1.8rem; line-height: 2rem;\">Bienestar, Piscina y Fitness<\/h2>\n\t\t\n<style>\n#text-898942945 {\n  text-align: left;\n}\n<\/style>\n\t<\/div>\n\t\n<div class=\"row\"  id=\"row-1743435419\">\n\n\t<div id=\"col-252957946\" class=\"col medium-6 small-12 large-6\"  >\n\t\t\t\t<div class=\"col-inner\"  >\n\t\t\t\n\t\t\t\n<div class=\"accordion\">\n\t<div id=\"accordion-4009690351\" class=\"accordion-item\">\n\t\t<a id=\"accordion-4009690351-label\" class=\"accordion-title plain\" href=\"#accordion-item-\u00bfqu\u00e9-comodidades-ofrece-el-hotel?\" aria-expanded=\"false\" aria-controls=\"accordion-4009690351-content\">\n\t\t\t<button class=\"toggle\" aria-label=\"Toggle\"><i class=\"icon-angle-down\" aria-hidden=\"true\"><\/i><\/button>\n\t\t\t<span>\u00bfQu\u00e9 comodidades ofrece el hotel?<\/span>\n\t\t<\/a>\n\t\t<div id=\"accordion-4009690351-content\" class=\"accordion-inner\" aria-labelledby=\"accordion-4009690351-label\">\n\t\t\t\n<p style=\"text-align: left;\">Los hu\u00e9spedes pueden disfrutar de:<\/p>\n<ul>\n<li style=\"text-align: left;\">Piscina al aire libre con tumbonas<\/li>\n<li style=\"text-align: left;\">Bar de la piscina<\/li>\n<li style=\"text-align: left;\">Jardines bot\u00e1nicos exuberantes y zonas de relajaci\u00f3n<\/li>\n<li style=\"text-align: left;\">Spa de servicio completo y tratamientos de bienestar<\/li>\n<li style=\"text-align: left;\">Gimnasio abierto las 24 horas<\/li>\n<li style=\"text-align: left;\">Wi-Fi gratuito en toda la propiedad<\/li>\n<li style=\"text-align: left;\">Servicios de conserjer\u00eda<\/li>\n<li style=\"text-align: left;\">Servicio de limpieza diario<\/li>\n<\/ul>\n\t\t<\/div>\n\t<\/div>\n\t\n\t<div id=\"accordion-3641914350\" class=\"accordion-item\">\n\t\t<a id=\"accordion-3641914350-label\" class=\"accordion-title plain\" href=\"#accordion-item-\u00bfqu\u00e9-instalaciones-hay-disponibles-en-el-gimnasio?\" aria-expanded=\"false\" aria-controls=\"accordion-3641914350-content\">\n\t\t\t<button class=\"toggle\" aria-label=\"Toggle\"><i class=\"icon-angle-down\" aria-hidden=\"true\"><\/i><\/button>\n\t\t\t<span>\u00bfQu\u00e9 instalaciones hay disponibles en el gimnasio?<\/span>\n\t\t<\/a>\n\t\t<div id=\"accordion-3641914350-content\" class=\"accordion-inner\" aria-labelledby=\"accordion-3641914350-label\">\n\t\t\t\n<p>No hay ning\u00fan gimnasio disponible<\/p>\n\t\t<\/div>\n\t<\/div>\n\t\n\t<div id=\"accordion-3619760751\" class=\"accordion-item\">\n\t\t<a id=\"accordion-3619760751-label\" class=\"accordion-title plain\" href=\"#accordion-item-\u00bfse-ofrecen-clases-de-fitness-en-el-gimnasio?\" aria-expanded=\"false\" aria-controls=\"accordion-3619760751-content\">\n\t\t\t<button class=\"toggle\" aria-label=\"Toggle\"><i class=\"icon-angle-down\" aria-hidden=\"true\"><\/i><\/button>\n\t\t\t<span>\u00bfSe ofrecen clases de fitness en el gimnasio?<\/span>\n\t\t<\/a>\n\t\t<div id=\"accordion-3619760751-content\" class=\"accordion-inner\" aria-labelledby=\"accordion-3619760751-label\">\n\t\t\t\n<p>No hay ning\u00fan gimnasio disponible<\/p>\n\t\t<\/div>\n\t<\/div>\n\t\n\t<div id=\"accordion-568968995\" class=\"accordion-item\">\n\t\t<a id=\"accordion-568968995-label\" class=\"accordion-title plain\" href=\"#accordion-item-\u00bfqu\u00e9-tipo-de-tratamientos-hay-disponibles-en-el-spa?\" aria-expanded=\"false\" aria-controls=\"accordion-568968995-content\">\n\t\t\t<button class=\"toggle\" aria-label=\"Toggle\"><i class=\"icon-angle-down\" aria-hidden=\"true\"><\/i><\/button>\n\t\t\t<span>\u00bfQu\u00e9 tipo de tratamientos hay disponibles en el spa?<\/span>\n\t\t<\/a>\n\t\t<div id=\"accordion-568968995-content\" class=\"accordion-inner\" aria-labelledby=\"accordion-568968995-label\">\n\t\t\t\n<p>El spa ofrece una selecci\u00f3n de tratamientos de bienestar, que incluyen masajes y terapias de relajaci\u00f3n.<\/p>\n\t\t<\/div>\n\t<\/div>\n\t\n\t<div id=\"accordion-4051006065\" class=\"accordion-item\">\n\t\t<a id=\"accordion-4051006065-label\" class=\"accordion-title plain\" href=\"#accordion-item-\u00bfes-necesario-reservar-los-servicios-de-spa-con-antelaci\u00f3n?\" aria-expanded=\"false\" aria-controls=\"accordion-4051006065-content\">\n\t\t\t<button class=\"toggle\" aria-label=\"Toggle\"><i class=\"icon-angle-down\" aria-hidden=\"true\"><\/i><\/button>\n\t\t\t<span>\u00bfEs necesario reservar los servicios de spa con antelaci\u00f3n?<\/span>\n\t\t<\/a>\n\t\t<div id=\"accordion-4051006065-content\" class=\"accordion-inner\" aria-labelledby=\"accordion-4051006065-label\">\n\t\t\t\n<p>S\u00ed, se recomienda reservar con antelaci\u00f3n para garantizar la disponibilidad.<\/p>\n\t\t<\/div>\n\t<\/div>\n\t\n<\/div>\n\t\t<\/div>\n\t\t\t\t\t<\/div>\n\n\t\n\n\t<div id=\"col-1299524675\" class=\"col medium-6 small-12 large-6\"  >\n\t\t\t\t<div class=\"col-inner\"  >\n\t\t\t\n\t\t\t\n<div class=\"accordion\">\n\t<div id=\"accordion-3410402705\" class=\"accordion-item\">\n\t\t<a id=\"accordion-3410402705-label\" class=\"accordion-title plain\" href=\"#accordion-item-\u00bfhay-paquetes-especiales-para-las-ofertas-de-spa-y-bienestar?\" aria-expanded=\"false\" aria-controls=\"accordion-3410402705-content\">\n\t\t\t<button class=\"toggle\" aria-label=\"Toggle\"><i class=\"icon-angle-down\" aria-hidden=\"true\"><\/i><\/button>\n\t\t\t<span>\u00bfHay paquetes especiales para las ofertas de spa y bienestar?<\/span>\n\t\t<\/a>\n\t\t<div id=\"accordion-3410402705-content\" class=\"accordion-inner\" aria-labelledby=\"accordion-3410402705-label\">\n\t\t\t\n<p>Los paquetes de spa y bienestar pueden estar disponibles de vez en cuando. Por favor, cont\u00e1ctenos para conocer las ofertas actuales. <\/p>\n\t\t<\/div>\n\t<\/div>\n\t\n\t<div id=\"accordion-3104299328\" class=\"accordion-item\">\n\t\t<a id=\"accordion-3104299328-label\" class=\"accordion-title plain\" href=\"#accordion-item-\u00bfhay-sombrillas-o-parasoles-disponibles-junto-a-la-piscina?\" aria-expanded=\"false\" aria-controls=\"accordion-3104299328-content\">\n\t\t\t<button class=\"toggle\" aria-label=\"Toggle\"><i class=\"icon-angle-down\" aria-hidden=\"true\"><\/i><\/button>\n\t\t\t<span>\u00bfHay sombrillas o parasoles disponibles junto a la piscina?<\/span>\n\t\t<\/a>\n\t\t<div id=\"accordion-3104299328-content\" class=\"accordion-inner\" aria-labelledby=\"accordion-3104299328-label\">\n\t\t\t\n<p>S\u00ed, se proporcionan sombrillas y parasoles para la comodidad de los hu\u00e9spedes en la zona de la piscina.<\/p>\n\t\t<\/div>\n\t<\/div>\n\t\n\t<div id=\"accordion-3792717603\" class=\"accordion-item\">\n\t\t<a id=\"accordion-3792717603-label\" class=\"accordion-title plain\" href=\"#accordion-item-\u00bfse-proporcionan-toallas-de-playa-o-esterillas-para-excursiones-fuera-del-establecimiento?\" aria-expanded=\"false\" aria-controls=\"accordion-3792717603-content\">\n\t\t\t<button class=\"toggle\" aria-label=\"Toggle\"><i class=\"icon-angle-down\" aria-hidden=\"true\"><\/i><\/button>\n\t\t\t<span>\u00bfSe proporcionan toallas de playa o esterillas para excursiones fuera del establecimiento?<\/span>\n\t\t<\/a>\n\t\t<div id=\"accordion-3792717603-content\" class=\"accordion-inner\" aria-labelledby=\"accordion-3792717603-label\">\n\t\t\t\n<p>S\u00ed, las toallas de piscina pueden utilizarse para ir a la playa. Las toallas pueden canjearse por unas limpias en la recepci\u00f3n. Tenga en cuenta que el extrav\u00edo de las toallas puede conllevar un cargo por reposici\u00f3n.  <\/p>\n\t\t<\/div>\n\t<\/div>\n\t\n<\/div>\n\t\t<\/div>\n\t\t\t\t\t<\/div>\n\n\t\n<\/div>\n<div class=\"row\"  id=\"row-642377234\">\n\n\t<div id=\"col-317104186\" class=\"col medium-6 small-12 large-6\"  >\n\t\t\t\t<div class=\"col-inner\"  >\n\t\t\t\n\t\t\t\n\t<div id=\"text-1398101128\" class=\"text\">\n\t\t\n<h2 style=\"  font-weight: 300; font-size: 1.8rem; line-height: 2rem;\">Accessibility<\/h2>\n\t\t\n<style>\n#text-1398101128 {\n  text-align: left;\n}\n<\/style>\n\t<\/div>\n\t\n<div class=\"accordion\">\n\t<div id=\"accordion-116953075\" class=\"accordion-item\">\n\t\t<a id=\"accordion-116953075-label\" class=\"accordion-title plain\" href=\"#accordion-item-\u00bfes-el-hotel-accesible-para-hu\u00e9spedes-con-necesidades-de-movilidad?\" aria-expanded=\"false\" aria-controls=\"accordion-116953075-content\">\n\t\t\t<button class=\"toggle\" aria-label=\"Toggle\"><i class=\"icon-angle-down\" aria-hidden=\"true\"><\/i><\/button>\n\t\t\t<span>\u00bfEs el hotel accesible para hu\u00e9spedes con necesidades de movilidad?<\/span>\n\t\t<\/a>\n\t\t<div id=\"accordion-116953075-content\" class=\"accordion-inner\" aria-labelledby=\"accordion-116953075-label\">\n\t\t\t\n<p>No. Debido a la naturaleza hist\u00f3rica de la propiedad, el Kura Botanica Hotel no es completamente accesible para hu\u00e9spedes con necesidades de movilidad. Todos los edificios son monumentos protegidos y no pueden modificarse estructuralmente.  <\/p>\n\t\t<\/div>\n\t<\/div>\n\t\n\t<div id=\"accordion-1492812703\" class=\"accordion-item\">\n\t\t<a id=\"accordion-1492812703-label\" class=\"accordion-title plain\" href=\"#accordion-item-\u00bftienen-habitaciones-accesibles-para-personas-con-discapacidad?\" aria-expanded=\"false\" aria-controls=\"accordion-1492812703-content\">\n\t\t\t<button class=\"toggle\" aria-label=\"Toggle\"><i class=\"icon-angle-down\" aria-hidden=\"true\"><\/i><\/button>\n\t\t\t<span>\u00bfTienen habitaciones accesibles para personas con discapacidad?<\/span>\n\t\t<\/a>\n\t\t<div id=\"accordion-1492812703-content\" class=\"accordion-inner\" aria-labelledby=\"accordion-1492812703-label\">\n\t\t\t\n<p>Aunque no disponemos de habitaciones totalmente accesibles, animamos a los hu\u00e9spedes a ponerse en contacto con nosotros directamente antes de reservar. Nuestro equipo estar\u00e1 encantado de analizar sus necesidades individuales y explorar las opciones de alojamiento posibles siempre que sea viable. <\/p>\n\t\t<\/div>\n\t<\/div>\n\t\n<\/div>\n\t\t<\/div>\n\t\t\t\t\t<\/div>\n\n\t\n\n\t<div id=\"col-1604253637\" class=\"col medium-6 small-12 large-6\"  >\n\t\t\t\t<div class=\"col-inner\"  >\n\t\t\t\n\t\t\t\n\t<div id=\"text-48619021\" class=\"text\">\n\t\t\n<h2 style=\"  font-weight: 300; font-size: 1.8rem; line-height: 2rem;\">Reserva directa<\/h2>\n\t\t\n<style>\n#text-48619021 {\n  text-align: left;\n}\n<\/style>\n\t<\/div>\n\t\n<div class=\"accordion\">\n\t<div id=\"accordion-943151205\" class=\"accordion-item\">\n\t\t<a id=\"accordion-943151205-label\" class=\"accordion-title plain\" href=\"#accordion-item-\u00bfpor-qu\u00e9-reservar-directamente-con-kura-botanica-hotel?\" aria-expanded=\"false\" aria-controls=\"accordion-943151205-content\">\n\t\t\t<button class=\"toggle\" aria-label=\"Toggle\"><i class=\"icon-angle-down\" aria-hidden=\"true\"><\/i><\/button>\n\t\t\t<span>\u00bfPor qu\u00e9 reservar directamente con Kura Botanica Hotel?<\/span>\n\t\t<\/a>\n\t\t<div id=\"accordion-943151205-content\" class=\"accordion-inner\" aria-labelledby=\"accordion-943151205-label\">\n\t\t\t\n<p>Reservar directamente a trav\u00e9s del sitio web oficial garantiza una disponibilidad precisa, comunicaci\u00f3n directa con el equipo del hotel y acceso a beneficios exclusivos disponibles \u00fanicamente para reservas directas.<\/p>\n\t\t<\/div>\n\t<\/div>\n\t\n\t<div id=\"accordion-718481491\" class=\"accordion-item\">\n\t\t<a id=\"accordion-718481491-label\" class=\"accordion-title plain\" href=\"#accordion-item-\u00bfhay-beneficios-por-reservar-directamente?\" aria-expanded=\"false\" aria-controls=\"accordion-718481491-content\">\n\t\t\t<button class=\"toggle\" aria-label=\"Toggle\"><i class=\"icon-angle-down\" aria-hidden=\"true\"><\/i><\/button>\n\t\t\t<span>\u00bfHay beneficios por reservar directamente?<\/span>\n\t\t<\/a>\n\t\t<div id=\"accordion-718481491-content\" class=\"accordion-inner\" aria-labelledby=\"accordion-718481491-label\">\n\t\t\t\n<p>S\u00ed. Los hu\u00e9spedes que reservan a trav\u00e9s del sitio web oficial reciben beneficios exclusivos del sitio web que no est\u00e1n disponibles a trav\u00e9s de plataformas de terceros. Estos pueden incluir una bebida de bienvenida, registro de entrada temprano, salida tard\u00eda o posibles mejoras de categor\u00eda (sujeto a disponibilidad).  <\/p>\n\t\t<\/div>\n\t<\/div>\n\t\n\t<div id=\"accordion-3685467319\" class=\"accordion-item\">\n\t\t<a id=\"accordion-3685467319-label\" class=\"accordion-title plain\" href=\"#accordion-item-\u00bfofrecen-tarifas-especiales-o-beneficios-por-reservar-directamente?\" aria-expanded=\"false\" aria-controls=\"accordion-3685467319-content\">\n\t\t\t<button class=\"toggle\" aria-label=\"Toggle\"><i class=\"icon-angle-down\" aria-hidden=\"true\"><\/i><\/button>\n\t\t\t<span>\u00bfOfrecen tarifas especiales o beneficios por reservar directamente?<\/span>\n\t\t<\/a>\n\t\t<div id=\"accordion-3685467319-content\" class=\"accordion-inner\" aria-labelledby=\"accordion-3685467319-label\">\n\t\t\t\n<p>S\u00ed. Los beneficios exclusivos del sitio web pueden incluir ventajas como una bebida de bienvenida, registro de entrada temprano, salida tard\u00eda o posibles mejoras de categor\u00eda. Para estancias de 7 noches o m\u00e1s, pueden aplicarse beneficios adicionales.  <\/p>\n\t\t<\/div>\n\t<\/div>\n\t\n<\/div>\n\t\t<\/div>\n\t\t\t\t\t<\/div>\n\n\t\n<\/div>\n\t<div id=\"text-2880447329\" class=\"text\">\n\t\t\n<h2 style=\"  font-weight: 300; font-size: 1.8rem; line-height: 2rem;\">Reservas, Registro y Pol\u00edticas<\/h2>\n\t\t\n<style>\n#text-2880447329 {\n  text-align: left;\n}\n<\/style>\n\t<\/div>\n\t\n<div class=\"row\"  id=\"row-1557407681\">\n\n\t<div id=\"col-90494420\" class=\"col medium-6 small-12 large-6\"  >\n\t\t\t\t<div class=\"col-inner\"  >\n\t\t\t\n\t\t\t\n<div class=\"accordion\">\n\t<div id=\"accordion-3805103315\" class=\"accordion-item\">\n\t\t<a id=\"accordion-3805103315-label\" class=\"accordion-title plain\" href=\"#accordion-item-\u00bfcu\u00e1les-son-las-horas-de-entrada-y-salida?\" aria-expanded=\"false\" aria-controls=\"accordion-3805103315-content\">\n\t\t\t<button class=\"toggle\" aria-label=\"Toggle\"><i class=\"icon-angle-down\" aria-hidden=\"true\"><\/i><\/button>\n\t\t\t<span>\u00bfCu\u00e1les son las horas de entrada y salida?<\/span>\n\t\t<\/a>\n\t\t<div id=\"accordion-3805103315-content\" class=\"accordion-inner\" aria-labelledby=\"accordion-3805103315-label\">\n\t\t\t\n<ul>\n<li style=\"text-align: left;\"><strong>Registro de entrada<\/strong>: A partir de las 3:00 PM<\/li>\n<li style=\"text-align: left;\"><strong>Registro de salida<\/strong>: Hasta las 12:00 PM<\/li>\n<\/ul>\n<p>El registro de entrada temprano o la salida tard\u00eda est\u00e1n sujetos a disponibilidad y pueden incurrir en cargos adicionales.<\/p>\n\t\t<\/div>\n\t<\/div>\n\t\n\t<div id=\"accordion-2686200868\" class=\"accordion-item\">\n\t\t<a id=\"accordion-2686200868-label\" class=\"accordion-title plain\" href=\"#accordion-item-\u00bfa-qu\u00e9-hora-puedo-hacer-el-registro-de-entrada?\" aria-expanded=\"false\" aria-controls=\"accordion-2686200868-content\">\n\t\t\t<button class=\"toggle\" aria-label=\"Toggle\"><i class=\"icon-angle-down\" aria-hidden=\"true\"><\/i><\/button>\n\t\t\t<span>\u00bfA qu\u00e9 hora puedo hacer el registro de entrada?<\/span>\n\t\t<\/a>\n\t\t<div id=\"accordion-2686200868-content\" class=\"accordion-inner\" aria-labelledby=\"accordion-2686200868-label\">\n\t\t\t\n<p>El registro de entrada comienza a las 3:00 PM y est\u00e1 disponible hasta las 11:00 PM. Si prev\u00e9 llegar despu\u00e9s de las 11:00 PM, por favor p\u00f3ngase en contacto con nosotros con antelaci\u00f3n para que podamos hacer los arreglos necesarios. <\/p>\n\t\t<\/div>\n\t<\/div>\n\t\n\t<div id=\"accordion-2114854492\" class=\"accordion-item\">\n\t\t<a id=\"accordion-2114854492-label\" class=\"accordion-title plain\" href=\"#accordion-item-\u00bfqu\u00e9-debo-hacer-si-necesito-registrarme-temprano?\" aria-expanded=\"false\" aria-controls=\"accordion-2114854492-content\">\n\t\t\t<button class=\"toggle\" aria-label=\"Toggle\"><i class=\"icon-angle-down\" aria-hidden=\"true\"><\/i><\/button>\n\t\t\t<span>\u00bfQu\u00e9 debo hacer si necesito registrarme temprano?<\/span>\n\t\t<\/a>\n\t\t<div id=\"accordion-2114854492-content\" class=\"accordion-inner\" aria-labelledby=\"accordion-2114854492-label\">\n\t\t\t\n<p>Nuestra hora de registro de entrada est\u00e1ndar es a las 3:00 PM. Si tiene una solicitud espec\u00edfica para un registro de entrada temprano, por favor p\u00f3ngase en contacto con nosotros con antelaci\u00f3n. El registro de entrada temprano est\u00e1 sujeto a disponibilidad y no puede garantizarse.  <\/p>\n\t\t<\/div>\n\t<\/div>\n\t\n\t<div id=\"accordion-879514983\" class=\"accordion-item\">\n\t\t<a id=\"accordion-879514983-label\" class=\"accordion-title plain\" href=\"#accordion-item-\u00bfqu\u00e9-pasa-si-necesito-una-asignaci\u00f3n-de-habitaci\u00f3n-especial?\" aria-expanded=\"false\" aria-controls=\"accordion-879514983-content\">\n\t\t\t<button class=\"toggle\" aria-label=\"Toggle\"><i class=\"icon-angle-down\" aria-hidden=\"true\"><\/i><\/button>\n\t\t\t<span>\u00bfQu\u00e9 pasa si necesito una asignaci\u00f3n de habitaci\u00f3n especial?<\/span>\n\t\t<\/a>\n\t\t<div id=\"accordion-879514983-content\" class=\"accordion-inner\" aria-labelledby=\"accordion-879514983-label\">\n\t\t\t\n<p>Por favor, p\u00f3ngase en contacto con nosotros antes de su llegada con su solicitud. Haremos todo lo posible por complacerle; sin embargo, todas las solicitudes especiales de habitaci\u00f3n est\u00e1n sujetas a disponibilidad. <\/p>\n\t\t<\/div>\n\t<\/div>\n\t\n\t<div id=\"accordion-3460538560\" class=\"accordion-item\">\n\t\t<a id=\"accordion-3460538560-label\" class=\"accordion-title plain\" href=\"#accordion-item-\u00bfpueden-los-hu\u00e9spedes-guardar-el-equipaje-antes-del-registro-de-entrada-o-despu\u00e9s-del-registro-de-salida?\" aria-expanded=\"false\" aria-controls=\"accordion-3460538560-content\">\n\t\t\t<button class=\"toggle\" aria-label=\"Toggle\"><i class=\"icon-angle-down\" aria-hidden=\"true\"><\/i><\/button>\n\t\t\t<span>\u00bfPueden los hu\u00e9spedes guardar el equipaje antes del registro de entrada o despu\u00e9s del registro de salida?<\/span>\n\t\t<\/a>\n\t\t<div id=\"accordion-3460538560-content\" class=\"accordion-inner\" aria-labelledby=\"accordion-3460538560-label\">\n\t\t\t\n<p>S\u00ed. Contamos con un servicio seguro de resguardo de equipaje disponible tanto antes del registro de entrada como despu\u00e9s del registro de salida. <\/p>\n\t\t<\/div>\n\t<\/div>\n\t\n\t<div id=\"accordion-3628979384\" class=\"accordion-item\">\n\t\t<a id=\"accordion-3628979384-label\" class=\"accordion-title plain\" href=\"#accordion-item-\u00bfc\u00f3mo-puedo-obtener-una-copia-de-la-confirmaci\u00f3n-o-del-itinerario?\" aria-expanded=\"false\" aria-controls=\"accordion-3628979384-content\">\n\t\t\t<button class=\"toggle\" aria-label=\"Toggle\"><i class=\"icon-angle-down\" aria-hidden=\"true\"><\/i><\/button>\n\t\t\t<span>\u00bfC\u00f3mo puedo obtener una copia de la confirmaci\u00f3n o del itinerario?<\/span>\n\t\t<\/a>\n\t\t<div id=\"accordion-3628979384-content\" class=\"accordion-inner\" aria-labelledby=\"accordion-3628979384-label\">\n\t\t\t\n<p>Su confirmaci\u00f3n de reserva y el itinerario se env\u00edan a la direcci\u00f3n de correo electr\u00f3nico utilizada al momento de realizar la reserva. Puede ponerse en contacto con nosotros para obtener m\u00e1s informaci\u00f3n. <\/p>\n\t\t<\/div>\n\t<\/div>\n\t\n\t<div id=\"accordion-3557380213\" class=\"accordion-item\">\n\t\t<a id=\"accordion-3557380213-label\" class=\"accordion-title plain\" href=\"#accordion-item-\u00bfc\u00f3mo-puedo-extender-mi-reserva-por-noches-adicionales?\" aria-expanded=\"false\" aria-controls=\"accordion-3557380213-content\">\n\t\t\t<button class=\"toggle\" aria-label=\"Toggle\"><i class=\"icon-angle-down\" aria-hidden=\"true\"><\/i><\/button>\n\t\t\t<span>\u00bfC\u00f3mo puedo extender mi reserva por noches adicionales?<\/span>\n\t\t<\/a>\n\t\t<div id=\"accordion-3557380213-content\" class=\"accordion-inner\" aria-labelledby=\"accordion-3557380213-label\">\n\t\t\t\n<p>Por favor, p\u00f3ngase en contacto con nosotros directamente y estaremos encantados de consultar la disponibilidad y ayudarle.<\/p>\n\t\t<\/div>\n\t<\/div>\n\t\n\t<div id=\"accordion-3560126014\" class=\"accordion-item\">\n\t\t<a id=\"accordion-3560126014-label\" class=\"accordion-title plain\" href=\"#accordion-item-\u00bfc\u00f3mo-puedo-eliminar-o-cancelar-una-de-las-noches-de-mi-estancia?\" aria-expanded=\"false\" aria-controls=\"accordion-3560126014-content\">\n\t\t\t<button class=\"toggle\" aria-label=\"Toggle\"><i class=\"icon-angle-down\" aria-hidden=\"true\"><\/i><\/button>\n\t\t\t<span>\u00bfC\u00f3mo puedo eliminar o cancelar una de las noches de mi estancia?<\/span>\n\t\t<\/a>\n\t\t<div id=\"accordion-3560126014-content\" class=\"accordion-inner\" aria-labelledby=\"accordion-3560126014-label\">\n\t\t\t\n<p>Por favor, p\u00f3ngase en contacto con nosotros directamente. Cualquier cambio est\u00e1 sujeto a los t\u00e9rminos y condiciones de su reserva. <\/p>\n\t\t<\/div>\n\t<\/div>\n\t\n<\/div>\n\t\t<\/div>\n\t\t\t\t\t<\/div>\n\n\t\n\n\t<div id=\"col-844271853\" class=\"col medium-6 small-12 large-6\"  >\n\t\t\t\t<div class=\"col-inner\"  >\n\t\t\t\n\t\t\t\n<div class=\"accordion\">\n\t<div id=\"accordion-3686506972\" class=\"accordion-item\">\n\t\t<a id=\"accordion-3686506972-label\" class=\"accordion-title plain\" href=\"#accordion-item-\u00bfpuedo-cambiar-las-fechas-de-estancia-en-mi-reserva?\" aria-expanded=\"false\" aria-controls=\"accordion-3686506972-content\">\n\t\t\t<button class=\"toggle\" aria-label=\"Toggle\"><i class=\"icon-angle-down\" aria-hidden=\"true\"><\/i><\/button>\n\t\t\t<span>\u00bfPuedo cambiar las fechas de estancia en mi reserva?<\/span>\n\t\t<\/a>\n\t\t<div id=\"accordion-3686506972-content\" class=\"accordion-inner\" aria-labelledby=\"accordion-3686506972-label\">\n\t\t\t\n<p>S\u00ed, los cambios de fecha son posibles, sujetos a disponibilidad y a los t\u00e9rminos de su reserva.<\/p>\n\t\t<\/div>\n\t<\/div>\n\t\n\t<div id=\"accordion-2919743883\" class=\"accordion-item\">\n\t\t<a id=\"accordion-2919743883-label\" class=\"accordion-title plain\" href=\"#accordion-item-\u00bfcu\u00e1les-son-las-pol\u00edticas-de-reserva-y-cancelaci\u00f3n?\" aria-expanded=\"false\" aria-controls=\"accordion-2919743883-content\">\n\t\t\t<button class=\"toggle\" aria-label=\"Toggle\"><i class=\"icon-angle-down\" aria-hidden=\"true\"><\/i><\/button>\n\t\t\t<span>\u00bfCu\u00e1les son las pol\u00edticas de reserva y cancelaci\u00f3n?<\/span>\n\t\t<\/a>\n\t\t<div id=\"accordion-2919743883-content\" class=\"accordion-inner\" aria-labelledby=\"accordion-2919743883-label\">\n\t\t\t\n<p>Las pol\u00edticas de cancelaci\u00f3n y pago var\u00edan seg\u00fan la tarifa seleccionada. Algunas tarifas <strong>no son reembolsables.<\/strong> Todas las condiciones se indican claramente durante la reserva y en el correo electr\u00f3nico de confirmaci\u00f3n. <\/p>\n\t\t<\/div>\n\t<\/div>\n\t\n\t<div id=\"accordion-1402930708\" class=\"accordion-item\">\n\t\t<a id=\"accordion-1402930708-label\" class=\"accordion-title plain\" href=\"#accordion-item-\u00bfcu\u00e1les-son-sus-pol\u00edticas-de-cancelaci\u00f3n-y-reembolso?\" aria-expanded=\"false\" aria-controls=\"accordion-1402930708-content\">\n\t\t\t<button class=\"toggle\" aria-label=\"Toggle\"><i class=\"icon-angle-down\" aria-hidden=\"true\"><\/i><\/button>\n\t\t\t<span>\u00bfCu\u00e1les son sus pol\u00edticas de cancelaci\u00f3n y reembolso?<\/span>\n\t\t<\/a>\n\t\t<div id=\"accordion-1402930708-content\" class=\"accordion-inner\" aria-labelledby=\"accordion-1402930708-label\">\n\t\t\t\n<p>Las pol\u00edticas de cancelaci\u00f3n y reembolso var\u00edan seg\u00fan la tarifa seleccionada. Se proporcionan todos los detalles al momento de realizar la reserva y en su correo electr\u00f3nico de confirmaci\u00f3n. <\/p>\n\t\t<\/div>\n\t<\/div>\n\t\n\t<div id=\"accordion-3839234775\" class=\"accordion-item\">\n\t\t<a id=\"accordion-3839234775-label\" class=\"accordion-title plain\" href=\"#accordion-item-\u00bfse-me-cobrar\u00e1-alg\u00fan-cargo-adicional-a-mi-llegada-al-hotel?\" aria-expanded=\"false\" aria-controls=\"accordion-3839234775-content\">\n\t\t\t<button class=\"toggle\" aria-label=\"Toggle\"><i class=\"icon-angle-down\" aria-hidden=\"true\"><\/i><\/button>\n\t\t\t<span>\u00bfSe me cobrar\u00e1 alg\u00fan cargo adicional a mi llegada al hotel?<\/span>\n\t\t<\/a>\n\t\t<div id=\"accordion-3839234775-content\" class=\"accordion-inner\" aria-labelledby=\"accordion-3839234775-label\">\n\t\t\t\n<p>No, no se cobran cargos obligatorios adicionales a su llegada.<\/p>\n\t\t<\/div>\n\t<\/div>\n\t\n\t<div id=\"accordion-2441002048\" class=\"accordion-item\">\n\t\t<a id=\"accordion-2441002048-label\" class=\"accordion-title plain\" href=\"#accordion-item-\u00bfpodr\u00e9-obtener-un-reembolso-en-una-reserva-no-reembolsable?\" aria-expanded=\"false\" aria-controls=\"accordion-2441002048-content\">\n\t\t\t<button class=\"toggle\" aria-label=\"Toggle\"><i class=\"icon-angle-down\" aria-hidden=\"true\"><\/i><\/button>\n\t\t\t<span>\u00bfPodr\u00e9 obtener un reembolso en una reserva no reembolsable?<\/span>\n\t\t<\/a>\n\t\t<div id=\"accordion-2441002048-content\" class=\"accordion-inner\" aria-labelledby=\"accordion-2441002048-label\">\n\t\t\t\n<p>No. Las reservas no reembolsables no son elegibles para reembolsos. Puede ponerse en contacto con nosotros para obtener m\u00e1s informaci\u00f3n.  <\/p>\n\t\t<\/div>\n\t<\/div>\n\t\n\t<div id=\"accordion-4093373128\" class=\"accordion-item\">\n\t\t<a id=\"accordion-4093373128-label\" class=\"accordion-title plain\" href=\"#accordion-item-\u00bfsi-cancelo-mi-reserva,-cu\u00e1ndo-recibir\u00e9-el-reembolso?\" aria-expanded=\"false\" aria-controls=\"accordion-4093373128-content\">\n\t\t\t<button class=\"toggle\" aria-label=\"Toggle\"><i class=\"icon-angle-down\" aria-hidden=\"true\"><\/i><\/button>\n\t\t\t<span>\u00bfSi cancelo mi reserva, cu\u00e1ndo recibir\u00e9 el reembolso?<\/span>\n\t\t<\/a>\n\t\t<div id=\"accordion-4093373128-content\" class=\"accordion-inner\" aria-labelledby=\"accordion-4093373128-label\">\n\t\t\t\n<p>Si su reserva es elegible para un reembolso, este se procesar\u00e1 seg\u00fan corresponda. Por favor, espere varios d\u00edas h\u00e1biles para que el reembolso aparezca en su m\u00e9todo de pago original, dependiendo de su banco. <\/p>\n\t\t<\/div>\n\t<\/div>\n\t\n\t<div id=\"accordion-1840664556\" class=\"accordion-item\">\n\t\t<a id=\"accordion-1840664556-label\" class=\"accordion-title plain\" href=\"#accordion-item-\u00bfd\u00f3nde-puedo-acceder-al-recibo-de-mi-reserva?\" aria-expanded=\"false\" aria-controls=\"accordion-1840664556-content\">\n\t\t\t<button class=\"toggle\" aria-label=\"Toggle\"><i class=\"icon-angle-down\" aria-hidden=\"true\"><\/i><\/button>\n\t\t\t<span>\u00bfD\u00f3nde puedo acceder al recibo de mi reserva?<\/span>\n\t\t<\/a>\n\t\t<div id=\"accordion-1840664556-content\" class=\"accordion-inner\" aria-labelledby=\"accordion-1840664556-label\">\n\t\t\t\n<p>Su recibo se encuentra en el correo electr\u00f3nico de confirmaci\u00f3n de su reserva.<\/p>\n\t\t<\/div>\n\t<\/div>\n\t\n\t<div id=\"accordion-3733265814\" class=\"accordion-item\">\n\t\t<a id=\"accordion-3733265814-label\" class=\"accordion-title plain\" href=\"#accordion-item-\u00bfse-me-cobrar\u00e1-una-noche-de-estancia-si-no-me-presento-a-mi-reserva-o-si-llego-tarde?\" aria-expanded=\"false\" aria-controls=\"accordion-3733265814-content\">\n\t\t\t<button class=\"toggle\" aria-label=\"Toggle\"><i class=\"icon-angle-down\" aria-hidden=\"true\"><\/i><\/button>\n\t\t\t<span>\u00bfSe me cobrar\u00e1 una noche de estancia si no me presento a mi reserva o si llego tarde?<\/span>\n\t\t<\/a>\n\t\t<div id=\"accordion-3733265814-content\" class=\"accordion-inner\" aria-labelledby=\"accordion-3733265814-label\">\n\t\t\t\n<p>Esto depende de la tarifa reservada y de las circunstancias. Por favor, p\u00f3ngase en contacto con nosotros lo antes posible para que podamos ayudarle. <\/p>\n\t\t<\/div>\n\t<\/div>\n\t\n<\/div>\n\t\t<\/div>\n\t\t\t\t\t<\/div>\n\n\t\n<\/div>\n\t<div id=\"text-2358539971\" class=\"text\">\n\t\t\n<h2 style=\"  font-weight: 300; font-size: 1.8rem; line-height: 2rem;\">Pago e Impuestos<\/h2>\n\t\t\n<style>\n#text-2358539971 {\n  text-align: left;\n}\n<\/style>\n\t<\/div>\n\t\n\t<div id=\"gap-1825067065\" class=\"gap-element clearfix\" style=\"display:block; height:auto;\">\n\t\t\n<style>\n#gap-1825067065 {\n  padding-top: 1rem;\n}\n<\/style>\n\t<\/div>\n\t\n<div class=\"accordion\">\n\t<div id=\"accordion-3077015018\" class=\"accordion-item\">\n\t\t<a id=\"accordion-3077015018-label\" class=\"accordion-title plain\" href=\"#accordion-item-\u00bfqu\u00e9-m\u00e9todos-de-pago-se-aceptan?\" aria-expanded=\"false\" aria-controls=\"accordion-3077015018-content\">\n\t\t\t<button class=\"toggle\" aria-label=\"Toggle\"><i class=\"icon-angle-down\" aria-hidden=\"true\"><\/i><\/button>\n\t\t\t<span>\u00bfQu\u00e9 m\u00e9todos de pago se aceptan?<\/span>\n\t\t<\/a>\n\t\t<div id=\"accordion-3077015018-content\" class=\"accordion-inner\" aria-labelledby=\"accordion-3077015018-label\">\n\t\t\t\n<p>Se aceptan las principales tarjetas de cr\u00e9dito y d\u00e9bito. Los hu\u00e9spedes pueden ponerse en contacto directamente con el hotel si tienen preguntas espec\u00edficas sobre el pago. <\/p>\n\t\t<\/div>\n\t<\/div>\n\t\n\t<div id=\"accordion-1089364895\" class=\"accordion-item\">\n\t\t<a id=\"accordion-1089364895-label\" class=\"accordion-title plain\" href=\"#accordion-item-\u00bfse-requiere-un-dep\u00f3sito?\" aria-expanded=\"false\" aria-controls=\"accordion-1089364895-content\">\n\t\t\t<button class=\"toggle\" aria-label=\"Toggle\"><i class=\"icon-angle-down\" aria-hidden=\"true\"><\/i><\/button>\n\t\t\t<span>\u00bfSe requiere un dep\u00f3sito?<\/span>\n\t\t<\/a>\n\t\t<div id=\"accordion-1089364895-content\" class=\"accordion-inner\" aria-labelledby=\"accordion-1089364895-label\">\n\t\t\t\n<p>Los requisitos de dep\u00f3sito dependen de la tarifa seleccionada y se muestran durante el proceso de reserva.<\/p>\n\t\t<\/div>\n\t<\/div>\n\t\n\t<div id=\"accordion-1283794778\" class=\"accordion-item\">\n\t\t<a id=\"accordion-1283794778-label\" class=\"accordion-title plain\" href=\"#accordion-item-\u00bfse-requiere-una-tarjeta-de-cr\u00e9dito-al-momento-del-registro-de-entrada?\" aria-expanded=\"false\" aria-controls=\"accordion-1283794778-content\">\n\t\t\t<button class=\"toggle\" aria-label=\"Toggle\"><i class=\"icon-angle-down\" aria-hidden=\"true\"><\/i><\/button>\n\t\t\t<span>\u00bfSe requiere una tarjeta de cr\u00e9dito al momento del registro de entrada?<\/span>\n\t\t<\/a>\n\t\t<div id=\"accordion-1283794778-content\" class=\"accordion-inner\" aria-labelledby=\"accordion-1283794778-label\">\n\t\t\t\n<p>S\u00ed. Normalmente se requiere una tarjeta de cr\u00e9dito v\u00e1lida al momento del registro de entrada para fines de verificaci\u00f3n y gastos imprevistos. <\/p>\n\t\t<\/div>\n\t<\/div>\n\t\n\t<div id=\"accordion-1229880613\" class=\"accordion-item\">\n\t\t<a id=\"accordion-1229880613-label\" class=\"accordion-title plain\" href=\"#accordion-item-\u00bfest\u00e1n-incluidos-los-impuestos-y-cargos-por-servicio-en-la-tarifa?\" aria-expanded=\"false\" aria-controls=\"accordion-1229880613-content\">\n\t\t\t<button class=\"toggle\" aria-label=\"Toggle\"><i class=\"icon-angle-down\" aria-hidden=\"true\"><\/i><\/button>\n\t\t\t<span>\u00bfEst\u00e1n incluidos los impuestos y cargos por servicio en la tarifa?<\/span>\n\t\t<\/a>\n\t\t<div id=\"accordion-1229880613-content\" class=\"accordion-inner\" aria-labelledby=\"accordion-1229880613-label\">\n\t\t\t\n<p>S\u00ed. Los impuestos aplicables y los cargos por servicio suelen estar incluidos, a menos que se indique lo contrario durante el proceso de reserva. <\/p>\n\t\t<\/div>\n\t<\/div>\n\t\n\t<div id=\"accordion-3164098193\" class=\"accordion-item\">\n\t\t<a id=\"accordion-3164098193-label\" class=\"accordion-title plain\" href=\"#accordion-item-\u00bfhay-alg\u00fan-cargo-tur\u00edstico-o-local?\" aria-expanded=\"false\" aria-controls=\"accordion-3164098193-content\">\n\t\t\t<button class=\"toggle\" aria-label=\"Toggle\"><i class=\"icon-angle-down\" aria-hidden=\"true\"><\/i><\/button>\n\t\t\t<span>\u00bfHay alg\u00fan cargo tur\u00edstico o local?<\/span>\n\t\t<\/a>\n\t\t<div id=\"accordion-3164098193-content\" class=\"accordion-inner\" aria-labelledby=\"accordion-3164098193-label\">\n\t\t\t\n<p>No. No hay cargos locales obligatorios adicionales m\u00e1s all\u00e1 del precio de reserva confirmado. <\/p>\n\t\t<\/div>\n\t<\/div>\n\t\n<\/div>\n\t<div id=\"gap-632198552\" class=\"gap-element clearfix\" style=\"display:block; height:auto;\">\n\t\t\n<style>\n#gap-632198552 {\n  padding-top: 3rem;\n}\n<\/style>\n\t<\/div>\n\t\n\t<div id=\"text-3310159371\" class=\"text\">\n\t\t\n<h2 style=\"  font-weight: 300; font-size: 1.8rem; line-height: 2rem;\">Servicio y Asistencia al Hu\u00e9sped<\/h2>\n\t\t\n<style>\n#text-3310159371 {\n  text-align: left;\n}\n<\/style>\n\t<\/div>\n\t\n\t<div id=\"gap-87646856\" class=\"gap-element clearfix\" style=\"display:block; height:auto;\">\n\t\t\n<style>\n#gap-87646856 {\n  padding-top: 1rem;\n}\n<\/style>\n\t<\/div>\n\t\n<div class=\"accordion\">\n\t<div id=\"accordion-1596111229\" class=\"accordion-item\">\n\t\t<a id=\"accordion-1596111229-label\" class=\"accordion-title plain\" href=\"#accordion-item-\u00bfc\u00f3mo-puedo-ponerme-en-contacto-con-el-hotel?\" aria-expanded=\"false\" aria-controls=\"accordion-1596111229-content\">\n\t\t\t<button class=\"toggle\" aria-label=\"Toggle\"><i class=\"icon-angle-down\" aria-hidden=\"true\"><\/i><\/button>\n\t\t\t<span>\u00bfC\u00f3mo puedo ponerme en contacto con el hotel?<\/span>\n\t\t<\/a>\n\t\t<div id=\"accordion-1596111229-content\" class=\"accordion-inner\" aria-labelledby=\"accordion-1596111229-label\">\n\t\t\t\n<p style=\"text-align: left;\">Puede ponerse en contacto con nosotros por correo electr\u00f3nico o por tel\u00e9fono.<br \/><strong>Tel\u00e9fono:<\/strong> <a href=\"tel:+59996601335\" target=\"_blank\" rel=\"nofollow noopener\">+599 9 660 1335<\/a><br \/><strong>Correo electr\u00f3nico:<\/strong> <a href=\"mailto:info@kurabotanica.com\" target=\"_blank\" rel=\"nofollow noopener\">info@kurabotanica.com<\/a><br \/>Nuestros datos de contacto tambi\u00e9n figuran en nuestro sitio web y en su confirmaci\u00f3n de reserva.<\/p>\n\t\t<\/div>\n\t<\/div>\n\t\n\t<div id=\"accordion-600890892\" class=\"accordion-item\">\n\t\t<a id=\"accordion-600890892-label\" class=\"accordion-title plain\" href=\"#accordion-item-\u00bfofrece-el-hotel-servicios-adicionales?\" aria-expanded=\"false\" aria-controls=\"accordion-600890892-content\">\n\t\t\t<button class=\"toggle\" aria-label=\"Toggle\"><i class=\"icon-angle-down\" aria-hidden=\"true\"><\/i><\/button>\n\t\t\t<span>\u00bfOfrece el hotel servicios adicionales?<\/span>\n\t\t<\/a>\n\t\t<div id=\"accordion-600890892-content\" class=\"accordion-inner\" aria-labelledby=\"accordion-600890892-label\">\n\t\t\t\n<p>S\u00ed. Los servicios incluyen:<br \/>Asistencia de conserjer\u00eda personalizada<br \/>Organizaci\u00f3n de tours y excursiones<br \/>Traslados al aeropuerto (pueden aplicarse cargos adicionales)<br \/>Estacionamiento p\u00fablico gratuito<br \/>Personal multiling\u00fce (ingl\u00e9s, holand\u00e9s, espa\u00f1ol) <\/p>\n\t\t<\/div>\n\t<\/div>\n\t\n\t<div id=\"accordion-4249305307\" class=\"accordion-item\">\n\t\t<a id=\"accordion-4249305307-label\" class=\"accordion-title plain\" href=\"#accordion-item-\u00bfhay-un-servicio-de-conserjer\u00eda-para-ayudar-con-las-reservas-en-restaurantes?\" aria-expanded=\"false\" aria-controls=\"accordion-4249305307-content\">\n\t\t\t<button class=\"toggle\" aria-label=\"Toggle\"><i class=\"icon-angle-down\" aria-hidden=\"true\"><\/i><\/button>\n\t\t\t<span>\u00bfHay un servicio de conserjer\u00eda para ayudar con las reservas en restaurantes?<\/span>\n\t\t<\/a>\n\t\t<div id=\"accordion-4249305307-content\" class=\"accordion-inner\" aria-labelledby=\"accordion-4249305307-label\">\n\t\t\t\n<p>S\u00ed, nuestro equipo de recepci\u00f3n puede ayudarle con reservas en restaurantes, recomendaciones locales y cualquier pregunta que pueda tener sobre su estancia.<\/p>\n\t\t<\/div>\n\t<\/div>\n\t\n\t<div id=\"accordion-4162602931\" class=\"accordion-item\">\n\t\t<a id=\"accordion-4162602931-label\" class=\"accordion-title plain\" href=\"#accordion-item-\u00bfpuede-el-hotel-gestionar-el-alquiler-de-coches-para-los-hu\u00e9spedes?\" aria-expanded=\"false\" aria-controls=\"accordion-4162602931-content\">\n\t\t\t<button class=\"toggle\" aria-label=\"Toggle\"><i class=\"icon-angle-down\" aria-hidden=\"true\"><\/i><\/button>\n\t\t\t<span>\u00bfPuede el hotel gestionar el alquiler de coches para los hu\u00e9spedes?<\/span>\n\t\t<\/a>\n\t\t<div id=\"accordion-4162602931-content\" class=\"accordion-inner\" aria-labelledby=\"accordion-4162602931-label\">\n\t\t\t\n<p>S\u00ed. El alquiler de coches se puede organizar a trav\u00e9s de nuestra recepci\u00f3n. Se recomienda avisar con antelaci\u00f3n para asegurar la disponibilidad y el tipo de veh\u00edculo preferido.  <\/p>\n\t\t<\/div>\n\t<\/div>\n\t\n\t<div id=\"accordion-3933481776\" class=\"accordion-item\">\n\t\t<a id=\"accordion-3933481776-label\" class=\"accordion-title plain\" href=\"#accordion-item-\u00bfofrece-el-hotel-servicios-de-lavander\u00eda-o-tintorer\u00eda?\" aria-expanded=\"false\" aria-controls=\"accordion-3933481776-content\">\n\t\t\t<button class=\"toggle\" aria-label=\"Toggle\"><i class=\"icon-angle-down\" aria-hidden=\"true\"><\/i><\/button>\n\t\t\t<span>\u00bfOfrece el hotel servicios de lavander\u00eda o tintorer\u00eda?<\/span>\n\t\t<\/a>\n\t\t<div id=\"accordion-3933481776-content\" class=\"accordion-inner\" aria-labelledby=\"accordion-3933481776-label\">\n\t\t\t\n<p>S\u00ed. Los servicios de lavander\u00eda y tintorer\u00eda est\u00e1n disponibles a petici\u00f3n. <\/p>\n\t\t<\/div>\n\t<\/div>\n\t\n\t<div id=\"accordion-815336909\" class=\"accordion-item\">\n\t\t<a id=\"accordion-815336909-label\" class=\"accordion-title plain\" href=\"#accordion-item-\u00bfofrece-el-hotel-adaptadores-o-estaciones-de-carga-para-dispositivos-electr\u00f3nicos?\" aria-expanded=\"false\" aria-controls=\"accordion-815336909-content\">\n\t\t\t<button class=\"toggle\" aria-label=\"Toggle\"><i class=\"icon-angle-down\" aria-hidden=\"true\"><\/i><\/button>\n\t\t\t<span>\u00bfOfrece el hotel adaptadores o estaciones de carga para dispositivos electr\u00f3nicos?<\/span>\n\t\t<\/a>\n\t\t<div id=\"accordion-815336909-content\" class=\"accordion-inner\" aria-labelledby=\"accordion-815336909-label\">\n\t\t\t\n<p>El hotel ofrece enchufes de estilo europeo en todas las habitaciones. Si su dispositivo requiere un tipo de enchufe diferente, hay adaptadores disponibles a petici\u00f3n en la recepci\u00f3n. <\/p>\n\t\t<\/div>\n\t<\/div>\n\t\n\t<div id=\"accordion-3475271502\" class=\"accordion-item\">\n\t\t<a id=\"accordion-3475271502-label\" class=\"accordion-title plain\" href=\"#accordion-item-\u00bfest\u00e1n-disponibles-para-la-compra-tarjetas-sim-locales-o-amplificadores-de-wi-fi?\" aria-expanded=\"false\" aria-controls=\"accordion-3475271502-content\">\n\t\t\t<button class=\"toggle\" aria-label=\"Toggle\"><i class=\"icon-angle-down\" aria-hidden=\"true\"><\/i><\/button>\n\t\t\t<span>\u00bfEst\u00e1n disponibles para la compra tarjetas SIM locales o amplificadores de Wi-Fi?<\/span>\n\t\t<\/a>\n\t\t<div id=\"accordion-3475271502-content\" class=\"accordion-inner\" aria-labelledby=\"accordion-3475271502-label\">\n\t\t\t\n<p>No, el hotel no vende tarjetas SIM ni amplificadores de Wi-Fi. Sin embargo, puede adquirirlos en Willemstad, y nuestro equipo de recepci\u00f3n estar\u00e1 encantado de orientarle. <\/p>\n\t\t<\/div>\n\t<\/div>\n\t\n<\/div>\n\t<div id=\"gap-1872370371\" class=\"gap-element clearfix\" style=\"display:block; height:auto;\">\n\t\t\n<style>\n#gap-1872370371 {\n  padding-top: 3rem;\n}\n<\/style>\n\t<\/div>\n\t\n\t<div id=\"text-1794918938\" class=\"text\">\n\t\t\n<h2 style=\"  font-weight: 300; font-size: 1.8rem; line-height: 2rem;\">Explorando Willemstad y Actividades<\/h2>\n\t\t\n<style>\n#text-1794918938 {\n  text-align: left;\n}\n<\/style>\n\t<\/div>\n\t\n\t<div id=\"gap-2105925630\" class=\"gap-element clearfix\" style=\"display:block; height:auto;\">\n\t\t\n<style>\n#gap-2105925630 {\n  padding-top: 1rem;\n}\n<\/style>\n\t<\/div>\n\t\n<div class=\"accordion\">\n\t<div id=\"accordion-21786987\" class=\"accordion-item\">\n\t\t<a id=\"accordion-21786987-label\" class=\"accordion-title plain\" href=\"#accordion-item-\u00bfqu\u00e9-atracciones-hay-cerca-del-hotel?\" aria-expanded=\"false\" aria-controls=\"accordion-21786987-content\">\n\t\t\t<button class=\"toggle\" aria-label=\"Toggle\"><i class=\"icon-angle-down\" aria-hidden=\"true\"><\/i><\/button>\n\t\t\t<span>\u00bfQu\u00e9 atracciones hay cerca del hotel?<\/span>\n\t\t<\/a>\n\t\t<div id=\"accordion-21786987-content\" class=\"accordion-inner\" aria-labelledby=\"accordion-21786987-label\">\n\t\t\t\n<p>El hotel est\u00e1 ubicado en Kura Hulanda Village, junto al ic\u00f3nico Puente de Pontones Reina Emma, con f\u00e1cil acceso a tiendas, restaurantes, museos, el puerto hist\u00f3rico y el centro de la ciudad de Willemstad.<\/p>\n\t\t<\/div>\n\t<\/div>\n\t\n\t<div id=\"accordion-331976117\" class=\"accordion-item\">\n\t\t<a id=\"accordion-331976117-label\" class=\"accordion-title plain\" href=\"#accordion-item-\u00bfhay-alguna-exposici\u00f3n-de-arte-o-cultural-dentro-de-kura-hulanda-village?\" aria-expanded=\"false\" aria-controls=\"accordion-331976117-content\">\n\t\t\t<button class=\"toggle\" aria-label=\"Toggle\"><i class=\"icon-angle-down\" aria-hidden=\"true\"><\/i><\/button>\n\t\t\t<span>\u00bfHay alguna exposici\u00f3n de arte o cultural dentro de Kura Hulanda Village?<\/span>\n\t\t<\/a>\n\t\t<div id=\"accordion-331976117-content\" class=\"accordion-inner\" aria-labelledby=\"accordion-331976117-label\">\n\t\t\t\n<p>S\u00ed. Kura Hulanda Village alberga varios museos, galer\u00edas y exhibiciones culturales que muestran la historia, el arte y el patrimonio local. Los hu\u00e9spedes son bienvenidos a explorar el pueblo a su propio ritmo. <\/p>\n\t\t<\/div>\n\t<\/div>\n\t\n\t<div id=\"accordion-3575324993\" class=\"accordion-item\">\n\t\t<a id=\"accordion-3575324993-label\" class=\"accordion-title plain\" href=\"#accordion-item-\u00bfproporciona-el-hotel-mapas-o-orientaci\u00f3n-para-explorar-willemstad-a-pie?\" aria-expanded=\"false\" aria-controls=\"accordion-3575324993-content\">\n\t\t\t<button class=\"toggle\" aria-label=\"Toggle\"><i class=\"icon-angle-down\" aria-hidden=\"true\"><\/i><\/button>\n\t\t\t<span>\u00bfProporciona el hotel mapas o orientaci\u00f3n para explorar Willemstad a pie?<\/span>\n\t\t<\/a>\n\t\t<div id=\"accordion-3575324993-content\" class=\"accordion-inner\" aria-labelledby=\"accordion-3575324993-label\">\n\t\t\t\n<p>S\u00ed. El personal de nuestra recepci\u00f3n puede proporcionarle mapas, rutas a pie y orientaci\u00f3n personalizada para ayudarle a explorar los sitios hist\u00f3ricos, tiendas y atracciones de Willemstad. <\/p>\n\t\t<\/div>\n\t<\/div>\n\t\n\t<div id=\"accordion-944266109\" class=\"accordion-item\">\n\t\t<a id=\"accordion-944266109-label\" class=\"accordion-title plain\" href=\"#accordion-item-\u00bfcu\u00e1les-son-las-opciones-gastron\u00f3micas-a-poca-distancia-a-pie-del-hotel?\" aria-expanded=\"false\" aria-controls=\"accordion-944266109-content\">\n\t\t\t<button class=\"toggle\" aria-label=\"Toggle\"><i class=\"icon-angle-down\" aria-hidden=\"true\"><\/i><\/button>\n\t\t\t<span>\u00bfCu\u00e1les son las opciones gastron\u00f3micas a poca distancia a pie del hotel?<\/span>\n\t\t<\/a>\n\t\t<div id=\"accordion-944266109-content\" class=\"accordion-inner\" aria-labelledby=\"accordion-944266109-label\">\n\t\t\t\n<p>El hotel est\u00e1 ubicado en Kura Hulanda Village, rodeado de restaurantes y cafeter\u00edas que ofrecen cocina local de Curazao, sabores caribe\u00f1os y muchos platos internacionales.<\/p>\n\t\t<\/div>\n\t<\/div>\n\t\n\t<div id=\"accordion-1225226958\" class=\"accordion-item\">\n\t\t<a id=\"accordion-1225226958-label\" class=\"accordion-title plain\" href=\"#accordion-item-\u00bfofrecen-servicios-de-traslado-a-lugares-tur\u00edsticos-populares?\" aria-expanded=\"false\" aria-controls=\"accordion-1225226958-content\">\n\t\t\t<button class=\"toggle\" aria-label=\"Toggle\"><i class=\"icon-angle-down\" aria-hidden=\"true\"><\/i><\/button>\n\t\t\t<span>\u00bfOfrecen servicios de traslado a lugares tur\u00edsticos populares?<\/span>\n\t\t<\/a>\n\t\t<div id=\"accordion-1225226958-content\" class=\"accordion-inner\" aria-labelledby=\"accordion-1225226958-label\">\n\t\t\t\n<p>No, los servicios de traslado (shuttle) no est\u00e1n disponibles. Sin embargo, estaremos encantados de organizar un taxi para usted. <\/p>\n\t\t<\/div>\n\t<\/div>\n\t\n\t<div id=\"accordion-698869907\" class=\"accordion-item\">\n\t\t<a id=\"accordion-698869907-label\" class=\"accordion-title plain\" href=\"#accordion-item-\u00bfpuede-el-hotel-proporcionar-transporte-desde-y-hacia-las-playas-locales?\" aria-expanded=\"false\" aria-controls=\"accordion-698869907-content\">\n\t\t\t<button class=\"toggle\" aria-label=\"Toggle\"><i class=\"icon-angle-down\" aria-hidden=\"true\"><\/i><\/button>\n\t\t\t<span>\u00bfPuede el hotel proporcionar transporte desde y hacia las playas locales?<\/span>\n\t\t<\/a>\n\t\t<div id=\"accordion-698869907-content\" class=\"accordion-inner\" aria-labelledby=\"accordion-698869907-label\">\n\t\t\t\n<p>S\u00ed, nuestra recepci\u00f3n puede ayudarle a organizar taxis hacia las playas locales.<\/p>\n\t\t<\/div>\n\t<\/div>\n\t\n\t<div id=\"accordion-2103688205\" class=\"accordion-item\">\n\t\t<a id=\"accordion-2103688205-label\" class=\"accordion-title plain\" href=\"#accordion-item-\u00bfpuede-el-hotel-ayudar-con-la-reserva-de-excursiones-en-barco-o-actividades-acu\u00e1ticas?\" aria-expanded=\"false\" aria-controls=\"accordion-2103688205-content\">\n\t\t\t<button class=\"toggle\" aria-label=\"Toggle\"><i class=\"icon-angle-down\" aria-hidden=\"true\"><\/i><\/button>\n\t\t\t<span>\u00bfPuede el hotel ayudar con la reserva de excursiones en barco o actividades acu\u00e1ticas?<\/span>\n\t\t<\/a>\n\t\t<div id=\"accordion-2103688205-content\" class=\"accordion-inner\" aria-labelledby=\"accordion-2103688205-label\">\n\t\t\t\n<p>S\u00ed, nuestro equipo de recepci\u00f3n puede ayudarle a organizar excursiones en barco, esn\u00f3rquel, buceo y otras actividades acu\u00e1ticas durante su estancia. <\/p>\n\t\t<\/div>\n\t<\/div>\n\t\n\t<div id=\"accordion-3749134074\" class=\"accordion-item\">\n\t\t<a id=\"accordion-3749134074-label\" class=\"accordion-title plain\" href=\"#accordion-item-\u00bfest\u00e1-el-kura-botanica-cerca-de-handelskade-y-del-puente-de-la-reina-emma?\" aria-expanded=\"false\" aria-controls=\"accordion-3749134074-content\">\n\t\t\t<button class=\"toggle\" aria-label=\"Toggle\"><i class=\"icon-angle-down\" aria-hidden=\"true\"><\/i><\/button>\n\t\t\t<span>\u00bfEst\u00e1 el Kura Botanica cerca de Handelskade y del puente de la Reina Emma?<\/span>\n\t\t<\/a>\n\t\t<div id=\"accordion-3749134074-content\" class=\"accordion-inner\" aria-labelledby=\"accordion-3749134074-label\">\n\t\t\t\n<p>S\u00ed. El hotel se encuentra a pocos pasos del puente de la Reina Emma y a poca distancia a pie de Handelskade. <\/p>\n\t\t<\/div>\n\t<\/div>\n\t\n\t<div id=\"accordion-2611348339\" class=\"accordion-item\">\n\t\t<a id=\"accordion-2611348339-label\" class=\"accordion-title plain\" href=\"#accordion-item-\u00bfhay-alg\u00fan-evento-especial-en-willemstad-durante-mi-estancia?\" aria-expanded=\"false\" aria-controls=\"accordion-2611348339-content\">\n\t\t\t<button class=\"toggle\" aria-label=\"Toggle\"><i class=\"icon-angle-down\" aria-hidden=\"true\"><\/i><\/button>\n\t\t\t<span>\u00bfHay alg\u00fan evento especial en Willemstad durante mi estancia?<\/span>\n\t\t<\/a>\n\t\t<div id=\"accordion-2611348339-content\" class=\"accordion-inner\" aria-labelledby=\"accordion-2611348339-label\">\n\t\t\t\n<p>Kura Botanica hosts a wide range of events throughout the year. Follow us on Instagram to stay up to date with upcoming specials and events. <a href=\"https:\/\/www.instagram.com\/kurabotanicahotelcuracao\" target=\"_blank\" rel=\"nofollow noopener\">https:\/\/www.instagram.com\/kurabotanicahotelcuracao<\/a><br \/>Also, please check the following website for up-to-date information on events and festivals in Willemstad: <a href=\"https:\/\/www.mycuracaoguide.com\/en\/events\/list?months=0#agenda-filter-container\" target=\"_blank\" rel=\"nofollow noopener\">https:\/\/www.mycuracaoguide.com\/en\/events\/<\/a> <\/p>\n\t\t<\/div>\n\t<\/div>\n\t\n<\/div>\n\t<div id=\"gap-1887564325\" class=\"gap-element clearfix\" style=\"display:block; height:auto;\">\n\t\t\n<style>\n#gap-1887564325 {\n  padding-top: 3rem;\n}\n<\/style>\n\t<\/div>\n\t\n\t<div id=\"text-2907560490\" class=\"text\">\n\t\t\n<h2 style=\"  font-weight: 300; font-size: 1.8rem; line-height: 2rem;\">Eventos y Cultura<\/h2>\n\t\t\n<style>\n#text-2907560490 {\n  text-align: left;\n}\n<\/style>\n\t<\/div>\n\t\n\t<div id=\"gap-1940192801\" class=\"gap-element clearfix\" style=\"display:block; height:auto;\">\n\t\t\n<style>\n#gap-1940192801 {\n  padding-top: 1rem;\n}\n<\/style>\n\t<\/div>\n\t\n<div class=\"accordion\">\n\t<div id=\"accordion-2771162407\" class=\"accordion-item\">\n\t\t<a id=\"accordion-2771162407-label\" class=\"accordion-title plain\" href=\"#accordion-item-\u00bfqu\u00e9-tipo-de-eventos-se-llevan-a-cabo-en-kura-botanica-hotel?\" aria-expanded=\"false\" aria-controls=\"accordion-2771162407-content\">\n\t\t\t<button class=\"toggle\" aria-label=\"Toggle\"><i class=\"icon-angle-down\" aria-hidden=\"true\"><\/i><\/button>\n\t\t\t<span>\u00bfQu\u00e9 tipo de eventos se llevan a cabo en Kura Botanica Hotel?<\/span>\n\t\t<\/a>\n\t\t<div id=\"accordion-2771162407-content\" class=\"accordion-inner\" aria-labelledby=\"accordion-2771162407-label\">\n\t\t\t\n<p>El hotel organiza ocasionalmente sesiones de bienestar, actividades culturales, veladas culinarias especiales y m\u00fasica en vivo ocasional, dependiendo de la temporada y la programaci\u00f3n.<\/p>\n\t\t<\/div>\n\t<\/div>\n\t\n\t<div id=\"accordion-2139187068\" class=\"accordion-item\">\n\t\t<a id=\"accordion-2139187068-label\" class=\"accordion-title plain\" href=\"#accordion-item-\u00bfqu\u00e9-tipos-de-eventos-se-llevan-a-cabo-en-kura-hulanda-village?\" aria-expanded=\"false\" aria-controls=\"accordion-2139187068-content\">\n\t\t\t<button class=\"toggle\" aria-label=\"Toggle\"><i class=\"icon-angle-down\" aria-hidden=\"true\"><\/i><\/button>\n\t\t\t<span>\u00bfQu\u00e9 tipos de eventos se llevan a cabo en Kura Hulanda Village?<\/span>\n\t\t<\/a>\n\t\t<div id=\"accordion-2139187068-content\" class=\"accordion-inner\" aria-labelledby=\"accordion-2139187068-label\">\n\t\t\t\n<p>El pueblo organiza regularmente eventos culturales, m\u00fasica en vivo, experiencias culinarias y programaci\u00f3n de temporada.<\/p>\n\t\t<\/div>\n\t<\/div>\n\t\n\t<div id=\"accordion-1205269344\" class=\"accordion-item\">\n\t\t<a id=\"accordion-1205269344-label\" class=\"accordion-title plain\" href=\"#accordion-item-\u00bfhay-m\u00fasica-en-vivo-o-programaci\u00f3n-cultural-cerca?\" aria-expanded=\"false\" aria-controls=\"accordion-1205269344-content\">\n\t\t\t<button class=\"toggle\" aria-label=\"Toggle\"><i class=\"icon-angle-down\" aria-hidden=\"true\"><\/i><\/button>\n\t\t\t<span>\u00bfHay m\u00fasica en vivo o programaci\u00f3n cultural cerca?<\/span>\n\t\t<\/a>\n\t\t<div id=\"accordion-1205269344-content\" class=\"accordion-inner\" aria-labelledby=\"accordion-1205269344-label\">\n\t\t\t\n<p>S\u00ed. Con frecuencia hay m\u00fasica en vivo y programaci\u00f3n cultural disponible en Kura Hulanda Village y en el centro de Willemstad. <\/p>\n\t\t<\/div>\n\t<\/div>\n\t\n\t<div id=\"accordion-2696385496\" class=\"accordion-item\">\n\t\t<a id=\"accordion-2696385496-label\" class=\"accordion-title plain\" href=\"#accordion-item-\u00bfqu\u00e9-eventos-se-llevan-a-cabo-en-willemstad?\" aria-expanded=\"false\" aria-controls=\"accordion-2696385496-content\">\n\t\t\t<button class=\"toggle\" aria-label=\"Toggle\"><i class=\"icon-angle-down\" aria-hidden=\"true\"><\/i><\/button>\n\t\t\t<span>\u00bfQu\u00e9 eventos se llevan a cabo en Willemstad?<\/span>\n\t\t<\/a>\n\t\t<div id=\"accordion-2696385496-content\" class=\"accordion-inner\" aria-labelledby=\"accordion-2696385496-label\">\n\t\t\t\n<p>Willemstad acoge un vibrante calendario de festivales culturales, m\u00fasica en vivo, encuentros culinarios y celebraciones estacionales durante todo el a\u00f1o. Uno de los eventos m\u00e1s destacados y reconocidos de la isla es el Cura\u00e7ao North Sea Jazz Festival a finales de agosto, el cual atrae a artistas de renombre internacional y visitantes de todo el mundo. Otros eventos notables incluyen el creativo Festival Kaya Kaya en Otrobanda, el KLM Cura\u00e7ao Marathon en noviembre, el animado Cura\u00e7ao International BlueSeas Festival y las coloridas celebraciones de Carnaval que se llevan a cabo en enero y febrero.  <\/p>\n\t\t<\/div>\n\t<\/div>\n\t\n<\/div>\n\t<div id=\"gap-1206566876\" class=\"gap-element clearfix\" style=\"display:block; height:auto;\">\n\t\t\n<style>\n#gap-1206566876 {\n  padding-top: 1rem;\n}\n<\/style>\n\t<\/div>\n\t\n\t\t<\/div>\n\t\t\t\t\t<\/div>\n\n\t\n\n\t<div id=\"col-718114919\" class=\"col medium-6 small-12 large-6\"  >\n\t\t\t\t<div class=\"col-inner\"  >\n\t\t\t\n\t<div class=\"is-border\"\n\t\tstyle=\"border-width:0px 1px 0px 0px;\">\n\t<\/div>\n\t\t\t\n\t<div id=\"text-4138273716\" class=\"text\">\n\t\t\n<h2 style=\"  font-weight: 300; font-size: 1.5rem; line-height: 2rem;\">Localizaci\u00f3n y c\u00f3mo llegar<\/h2>\n\t\t\n<style>\n#text-4138273716 {\n  text-align: left;\n}\n<\/style>\n\t<\/div>\n\t\n<div class=\"accordion\">\n\t<div id=\"accordion-3781122476\" class=\"accordion-item\">\n\t\t<a id=\"accordion-3781122476-label\" class=\"accordion-title plain\" href=\"#accordion-item-\u00bfd\u00f3nde-se-encuentra-ubicado-kura-botanica-hotel?\" aria-expanded=\"false\" aria-controls=\"accordion-3781122476-content\">\n\t\t\t<button class=\"toggle\" aria-label=\"Toggle\"><i class=\"icon-angle-down\" aria-hidden=\"true\"><\/i><\/button>\n\t\t\t<span>\u00bfD\u00f3nde se encuentra ubicado Kura Botanica Hotel?<\/span>\n\t\t<\/a>\n\t\t<div id=\"accordion-3781122476-content\" class=\"accordion-inner\" aria-labelledby=\"accordion-3781122476-label\">\n\t\t\t\n<p>El hotel est\u00e1 ubicado en <strong>Otrobanda, Willemstad,<\/strong> dentro del hist\u00f3rico <strong>Kura Hulanda Village<\/strong>, un sitio declarado <strong>Patrimonio de la Humanidad por la UNESCO<\/strong>. Los hu\u00e9spedes disfrutan de un entorno bot\u00e1nico tranquilo a pocos pasos del centro de la ciudad, restaurantes, museos como el Museo Kura Hulanda y el ic\u00f3nico P<strong>uente de Pontones Reina Emma.<\/strong><\/p>\n\t\t<\/div>\n\t<\/div>\n\t\n\t<div id=\"accordion-4245630720\" class=\"accordion-item\">\n\t\t<a id=\"accordion-4245630720-label\" class=\"accordion-title plain\" href=\"#accordion-item-\u00bfc\u00f3mo-podemos-llegar-al-hotel?\" aria-expanded=\"false\" aria-controls=\"accordion-4245630720-content\">\n\t\t\t<button class=\"toggle\" aria-label=\"Toggle\"><i class=\"icon-angle-down\" aria-hidden=\"true\"><\/i><\/button>\n\t\t\t<span>\u00bfC\u00f3mo podemos llegar al hotel?<\/span>\n\t\t<\/a>\n\t\t<div id=\"accordion-4245630720-content\" class=\"accordion-inner\" aria-labelledby=\"accordion-4245630720-label\">\n\t\t\t\n<p>Kura Botanica Hotel est\u00e1 ubicado dentro de Kura Hulanda Village en Otrobanda, Willemstad, Curazao. La propiedad es f\u00e1cilmente accesible en coche o taxi y se encuentra a pocos pasos del Puente de Pontones Reina Emma. <strong>Direcci\u00f3n<\/strong>: 70 IJzerstraat, Willemstad, Curazao. El hotel est\u00e1 aproximadamente a 20 minutos en coche del Aeropuerto Internacional de Curazao (Aeropuerto Hato)  <\/p>\n\t\t<\/div>\n\t<\/div>\n\t\n\t<div id=\"accordion-2391946471\" class=\"accordion-item\">\n\t\t<a id=\"accordion-2391946471-label\" class=\"accordion-title plain\" href=\"#accordion-item-\u00bfofrece-el-hotel-transporte-al-aeropuerto?\" aria-expanded=\"false\" aria-controls=\"accordion-2391946471-content\">\n\t\t\t<button class=\"toggle\" aria-label=\"Toggle\"><i class=\"icon-angle-down\" aria-hidden=\"true\"><\/i><\/button>\n\t\t\t<span>\u00bfOfrece el hotel transporte al aeropuerto?<\/span>\n\t\t<\/a>\n\t\t<div id=\"accordion-2391946471-content\" class=\"accordion-inner\" aria-labelledby=\"accordion-2391946471-label\">\n\t\t\t\n<p>S\u00ed. El transporte al aeropuerto se puede organizar a petici\u00f3n por un cargo adicional de 40 USD. Se recomienda avisar con antelaci\u00f3n.  <\/p>\n\t\t<\/div>\n\t<\/div>\n\t\n\t<div id=\"accordion-3228815624\" class=\"accordion-item\">\n\t\t<a id=\"accordion-3228815624-label\" class=\"accordion-title plain\" href=\"#accordion-item-\u00bfhay-estacionamiento-disponible-en-el-sitio?\" aria-expanded=\"false\" aria-controls=\"accordion-3228815624-content\">\n\t\t\t<button class=\"toggle\" aria-label=\"Toggle\"><i class=\"icon-angle-down\" aria-hidden=\"true\"><\/i><\/button>\n\t\t\t<span>\u00bfHay estacionamiento disponible en el sitio?<\/span>\n\t\t<\/a>\n\t\t<div id=\"accordion-3228815624-content\" class=\"accordion-inner\" aria-labelledby=\"accordion-3228815624-label\">\n\t\t\t\n<p>S\u00ed. Hay estacionamiento de cortes\u00eda disponible para los hu\u00e9spedes en el \u00e1rea de estacionamiento de Kura Hulanda Village, accesible por la calle Arubastraat. <\/p>\n\t\t<\/div>\n\t<\/div>\n\t\n\t<div id=\"accordion-2843155293\" class=\"accordion-item\">\n\t\t<a id=\"accordion-2843155293-label\" class=\"accordion-title plain\" href=\"#accordion-item-\u00bfse-puede-recorrer-willemstad-a-pie-desde-el-hotel?\" aria-expanded=\"false\" aria-controls=\"accordion-2843155293-content\">\n\t\t\t<button class=\"toggle\" aria-label=\"Toggle\"><i class=\"icon-angle-down\" aria-hidden=\"true\"><\/i><\/button>\n\t\t\t<span>\u00bfSe puede recorrer Willemstad a pie desde el hotel?<\/span>\n\t\t<\/a>\n\t\t<div id=\"accordion-2843155293-content\" class=\"accordion-inner\" aria-labelledby=\"accordion-2843155293-label\">\n\t\t\t\n<p>S\u00ed. El hotel Kura Botanica est\u00e1 ubicado dentro de Kura Hulanda Village, en el centro de Willemstad. A poca distancia a pie encontrar\u00e1 restaurantes, cafeter\u00edas, museos, Handelskade y el puente de la Reina Emma.  <\/p>\n\t\t<\/div>\n\t<\/div>\n\t\n\t<div id=\"accordion-2552629283\" class=\"accordion-item\">\n\t\t<a id=\"accordion-2552629283-label\" class=\"accordion-title plain\" href=\"#accordion-item-\u00bfnecesito-un-coche-de-alquiler-en-curazao?\" aria-expanded=\"false\" aria-controls=\"accordion-2552629283-content\">\n\t\t\t<button class=\"toggle\" aria-label=\"Toggle\"><i class=\"icon-angle-down\" aria-hidden=\"true\"><\/i><\/button>\n\t\t\t<span>\u00bfNecesito un coche de alquiler en Curazao?<\/span>\n\t\t<\/a>\n\t\t<div id=\"accordion-2552629283-content\" class=\"accordion-inner\" aria-labelledby=\"accordion-2552629283-label\">\n\t\t\t\n<p>Se recomienda un coche de alquiler si planea explorar varias playas y diferentes partes de la isla. Willemstad en s\u00ed es muy f\u00e1cil de recorrer a pie. Nuestro equipo puede ayudarle a organizar el alquiler de coches con tarifas locales competitivas. Los hu\u00e9spedes pueden ponerse en contacto con el hotel con antelaci\u00f3n. Hay plazas de aparcamiento exclusivas para el Hotel Kura Botanica disponibles dentro de Kura Hulanda Village.    <\/p>\n\t\t<\/div>\n\t<\/div>\n\t\n\t<div id=\"accordion-1890034312\" class=\"accordion-item\">\n\t\t<a id=\"accordion-1890034312-label\" class=\"accordion-title plain\" href=\"#accordion-item-\u00bfse-puede-acceder-a-las-playas-sin-coche?\" aria-expanded=\"false\" aria-controls=\"accordion-1890034312-content\">\n\t\t\t<button class=\"toggle\" aria-label=\"Toggle\"><i class=\"icon-angle-down\" aria-hidden=\"true\"><\/i><\/button>\n\t\t\t<span>\u00bfSe puede acceder a las playas sin coche?<\/span>\n\t\t<\/a>\n\t\t<div id=\"accordion-1890034312-content\" class=\"accordion-inner\" aria-labelledby=\"accordion-1890034312-label\">\n\t\t\t\n<p>S\u00ed. Se puede llegar a algunas playas en taxi o desde el centro de Willemstad, dependiendo de su preferencia y de la distancia a pie. Para explorar varias playas, se recomienda un coche de alquiler.  <\/p>\n\t\t<\/div>\n\t<\/div>\n\t\n<\/div>\n\t<div id=\"gap-786196928\" class=\"gap-element clearfix\" style=\"display:block; height:auto;\">\n\t\t\n<style>\n#gap-786196928 {\n  padding-top: 1rem;\n}\n<\/style>\n\t<\/div>\n\t\n\t\t<\/div>\n\t\t\t\t\t<\/div>\n\n\t\n\n\t<div id=\"col-839962500\" class=\"col medium-6 small-12 large-6\"  >\n\t\t\t\t<div class=\"col-inner\"  >\n\t\t\t\n\t<div class=\"is-border\"\n\t\tstyle=\"border-width:0px 1px 0px 0px;\">\n\t<\/div>\n\t\t\t\n\t<div id=\"text-2281975457\" class=\"text\">\n\t\t\n<h2 style=\"  font-weight: 300; font-size: 1.5rem; line-height: 2rem;\">Seguridad y protecci\u00f3n<\/h2>\n\t\t\n<style>\n#text-2281975457 {\n  text-align: left;\n}\n<\/style>\n\t<\/div>\n\t\n<div class=\"accordion\">\n\t<div id=\"accordion-593792677\" class=\"accordion-item\">\n\t\t<a id=\"accordion-593792677-label\" class=\"accordion-title plain\" href=\"#accordion-item-\u00bfes-seguro-willemstad?\" aria-expanded=\"false\" aria-controls=\"accordion-593792677-content\">\n\t\t\t<button class=\"toggle\" aria-label=\"Toggle\"><i class=\"icon-angle-down\" aria-hidden=\"true\"><\/i><\/button>\n\t\t\t<span>\u00bfEs seguro Willemstad?<\/span>\n\t\t<\/a>\n\t\t<div id=\"accordion-593792677-content\" class=\"accordion-inner\" aria-labelledby=\"accordion-593792677-label\">\n\t\t\t\n<p>S\u00ed. Willemstad generalmente se considera seguro para los turistas, especialmente en los distritos hist\u00f3ricos centrales. Kura Botanica est\u00e1 ubicado dentro de Kura Hulanda Village, que cuenta con presencia de seguridad en el lugar. Aun as\u00ed, los hu\u00e9spedes deben seguir las precauciones normales de seguridad al viajar.   <\/p>\n\t\t<\/div>\n\t<\/div>\n\t\n\t<div id=\"accordion-4244111435\" class=\"accordion-item\">\n\t\t<a id=\"accordion-4244111435-label\" class=\"accordion-title plain\" href=\"#accordion-item-\u00bfes-seguro-otrobanda-para-los-turistas?\" aria-expanded=\"false\" aria-controls=\"accordion-4244111435-content\">\n\t\t\t<button class=\"toggle\" aria-label=\"Toggle\"><i class=\"icon-angle-down\" aria-hidden=\"true\"><\/i><\/button>\n\t\t\t<span>\u00bfEs seguro Otrobanda para los turistas?<\/span>\n\t\t<\/a>\n\t\t<div id=\"accordion-4244111435-content\" class=\"accordion-inner\" aria-labelledby=\"accordion-4244111435-label\">\n\t\t\t\n<p>S\u00ed. Otrobanda es un distrito cultural hist\u00f3rico frecuentado por turistas. Kura Botanica est\u00e1 ubicado dentro de Kura Hulanda Village, que cuenta con presencia de seguridad en el lugar.  <\/p>\n\t\t<\/div>\n\t<\/div>\n\t\n\t<div id=\"accordion-444095900\" class=\"accordion-item\">\n\t\t<a id=\"accordion-444095900-label\" class=\"accordion-title plain\" href=\"#accordion-item-\u00bfes-segura-para-los-turistas-la-zona-que-rodea-al-kura-botanica?\" aria-expanded=\"false\" aria-controls=\"accordion-444095900-content\">\n\t\t\t<button class=\"toggle\" aria-label=\"Toggle\"><i class=\"icon-angle-down\" aria-hidden=\"true\"><\/i><\/button>\n\t\t\t<span>\u00bfEs segura para los turistas la zona que rodea al Kura Botanica?<\/span>\n\t\t<\/a>\n\t\t<div id=\"accordion-444095900-content\" class=\"accordion-inner\" aria-labelledby=\"accordion-444095900-label\">\n\t\t\t\n<p>S\u00ed. El hotel est\u00e1 ubicado dentro de Kura Hulanda Village, una zona hist\u00f3rica muy conocida que cuenta con presencia de seguridad en el lugar. <\/p>\n\t\t<\/div>\n\t<\/div>\n\t\n\t<div id=\"accordion-2464867724\" class=\"accordion-item\">\n\t\t<a id=\"accordion-2464867724-label\" class=\"accordion-title plain\" href=\"#accordion-item-\u00bfes-segura-la-zona-para-caminar-de-noche?\" aria-expanded=\"false\" aria-controls=\"accordion-2464867724-content\">\n\t\t\t<button class=\"toggle\" aria-label=\"Toggle\"><i class=\"icon-angle-down\" aria-hidden=\"true\"><\/i><\/button>\n\t\t\t<span>\u00bfEs segura la zona para caminar de noche?<\/span>\n\t\t<\/a>\n\t\t<div id=\"accordion-2464867724-content\" class=\"accordion-inner\" aria-labelledby=\"accordion-2464867724-label\">\n\t\t\t\n<p>S\u00ed. Las calles principales y la zona del complejo se consideran seguras en general. Al igual que en cualquier ciudad, utilice calles bien iluminadas y mant\u00e9ngase atento a su entorno.  <\/p>\n\t\t<\/div>\n\t<\/div>\n\t\n\t<div id=\"accordion-3906844184\" class=\"accordion-item\">\n\t\t<a id=\"accordion-3906844184-label\" class=\"accordion-title plain\" href=\"#accordion-item-\u00bfes-seguro-el-hotel?\" aria-expanded=\"false\" aria-controls=\"accordion-3906844184-content\">\n\t\t\t<button class=\"toggle\" aria-label=\"Toggle\"><i class=\"icon-angle-down\" aria-hidden=\"true\"><\/i><\/button>\n\t\t\t<span>\u00bfEs seguro el hotel?<\/span>\n\t\t<\/a>\n\t\t<div id=\"accordion-3906844184-content\" class=\"accordion-inner\" aria-labelledby=\"accordion-3906844184-label\">\n\t\t\t\n<p>S\u00ed. El hotel aplica los procedimientos est\u00e1ndar de seguridad hotelera y se encuentra dentro de un complejo gestionado que cuenta con presencia de seguridad. <\/p>\n\t\t<\/div>\n\t<\/div>\n\t\n\t<div id=\"accordion-975270559\" class=\"accordion-item\">\n\t\t<a id=\"accordion-975270559-label\" class=\"accordion-title plain\" href=\"#accordion-item-\u00bfexisten-medidas-de-seguridad-en-la-propiedad?\" aria-expanded=\"false\" aria-controls=\"accordion-975270559-content\">\n\t\t\t<button class=\"toggle\" aria-label=\"Toggle\"><i class=\"icon-angle-down\" aria-hidden=\"true\"><\/i><\/button>\n\t\t\t<span>\u00bfExisten medidas de seguridad en la propiedad?<\/span>\n\t\t<\/a>\n\t\t<div id=\"accordion-975270559-content\" class=\"accordion-inner\" aria-labelledby=\"accordion-975270559-label\">\n\t\t\t\n<p>S\u00ed. El hotel cuenta con \u00e1reas de acceso controlado para los hu\u00e9spedes y presencia de personal en las instalaciones. El complejo tambi\u00e9n cuenta con seguridad.  <\/p>\n\t\t<\/div>\n\t<\/div>\n\t\n<\/div>\n\t\t<\/div>\n\t\t\t\t\t<\/div>\n\n\t\n<\/div>\n\t\t<\/div>\n\n\t\t\n<style>\n#section_2091404311 {\n  padding-top: 30px;\n  padding-bottom: 30px;\n}\n<\/style>\n\t<\/section>\n\t\n\n\t<section class=\"section\" id=\"section_1252537920\">\n\t\t<div class=\"section-bg fill\" >\n\t\t\t<img decoding=\"async\" width=\"1600\" height=\"1067\" src=\"https:\/\/kurabotanica.com\/wp-content\/uploads\/2025\/07\/Kura-Botanica-Hotel-Curacao-Superior-Junior-Suite-Balcony-9.webp\" class=\"bg attachment- size-\" alt=\"\" \/>\t\t\t\t\t\t<div class=\"section-bg-overlay absolute fill\"><\/div>\n\t\t\t\n\n\t\t<\/div>\n\n\t\t\n\n\t\t<div class=\"section-content relative\">\n\t\t\t\n\n\t<div id=\"gap-272809175\" class=\"gap-element clearfix\" style=\"display:block; height:auto;\">\n\t\t\n<style>\n#gap-272809175 {\n  padding-top: 30px;\n}\n<\/style>\n\t<\/div>\n\t\n\n\t<div id=\"text-3811769716\" class=\"text\">\n\t\t\n\n<h3 style=\"font-family: New Spirit;\">Beneficios exclusivos al reservar directo<\/h3>\n\t\t\n<style>\n#text-3811769716 {\n  font-size: 1.05rem;\n  line-height: 0.75;\n  text-align: center;\n  color: rgb(255,255,255);\n}\n#text-3811769716 > * {\n  color: rgb(255,255,255);\n}\n<\/style>\n\t<\/div>\n\t\n\t<div id=\"gap-738842393\" class=\"gap-element clearfix\" style=\"display:block; height:auto;\">\n\t\t\n<style>\n#gap-738842393 {\n  padding-top: 20px;\n}\n<\/style>\n\t<\/div>\n\t\n\n<div class=\"row row-collapse align-center\"  id=\"row-1036018421\">\n\n\n\t<div id=\"col-1555699927\" class=\"col medium-3 small-6 large-3\"  >\n\t\t\t\t<div class=\"col-inner\"  >\n\t\t\t\n\t\t\t\n\n\t<div id=\"text-2237198261\" class=\"text\">\n\t\t\n\n<p><i class=\"fa-sharp fa-thin fa-champagne-glasses\"><\/i> <span style=\"font-size: 65%;\">Bebida de bienvenida<\/span><\/p>\n\n\t\t\n<style>\n#text-2237198261 {\n  font-size: 1.5rem;\n  line-height: 0.75;\n  text-align: center;\n  color: rgb(255,255,255);\n}\n#text-2237198261 > * {\n  color: rgb(255,255,255);\n}\n<\/style>\n\t<\/div>\n\t\n\t<div id=\"gap-1116483377\" class=\"gap-element clearfix\" style=\"display:block; height:auto;\">\n\t\t\n<style>\n#gap-1116483377 {\n  padding-top: 5px;\n}\n<\/style>\n\t<\/div>\n\t\n\n\n\t\t<\/div>\n\t\t\t\t\n<style>\n#col-1555699927 > .col-inner {\n  padding: 0px 0px 0px 0px;\n  margin: 0px 0px 0px 0px;\n}\n<\/style>\n\t<\/div>\n\n\t\n\n\t<div id=\"col-1516993930\" class=\"col medium-3 small-6 large-3\"  >\n\t\t\t\t<div class=\"col-inner\"  >\n\t\t\t\n\t\t\t\n\n\t<div id=\"text-2835746891\" class=\"text\">\n\t\t\n\n<p><i class=\"fa-sharp fa-thin fa-clock-eleven\"><\/i><span style=\"font-size: 65%;\"> Early check-in*<\/span><\/p>\n\n\t\t\n<style>\n#text-2835746891 {\n  font-size: 1.5rem;\n  line-height: 0.75;\n  text-align: center;\n  color: rgb(255,255,255);\n}\n#text-2835746891 > * {\n  color: rgb(255,255,255);\n}\n<\/style>\n\t<\/div>\n\t\n\t<div id=\"gap-1178828869\" class=\"gap-element clearfix\" style=\"display:block; height:auto;\">\n\t\t\n<style>\n#gap-1178828869 {\n  padding-top: 5px;\n}\n<\/style>\n\t<\/div>\n\t\n\n\n\t\t<\/div>\n\t\t\t\t\n<style>\n#col-1516993930 > .col-inner {\n  padding: 0px 0px 0px 0px;\n  margin: 0px 0px 0px 0px;\n}\n<\/style>\n\t<\/div>\n\n\t\n\n\t<div id=\"col-1826246499\" class=\"col medium-3 small-6 large-3\"  >\n\t\t\t\t<div class=\"col-inner\"  >\n\t\t\t\n\t\t\t\n\n\t<div id=\"text-3293700764\" class=\"text\">\n\t\t\n\n<p><i class=\"fa-thin fa-clock-one\"><\/i><span style=\"font-size: 65%;\"> Late check-out*<\/span><\/p>\n\n\t\t\n<style>\n#text-3293700764 {\n  font-size: 1.5rem;\n  line-height: 0.75;\n  text-align: center;\n  color: rgb(255,255,255);\n}\n#text-3293700764 > * {\n  color: rgb(255,255,255);\n}\n<\/style>\n\t<\/div>\n\t\n\t<div id=\"gap-950431052\" class=\"gap-element clearfix\" style=\"display:block; height:auto;\">\n\t\t\n<style>\n#gap-950431052 {\n  padding-top: 5px;\n}\n<\/style>\n\t<\/div>\n\t\n\n\n\t\t<\/div>\n\t\t\t\t\n<style>\n#col-1826246499 > .col-inner {\n  padding: 0px 0px 0px 0px;\n  margin: 0px 0px 0px 0px;\n}\n<\/style>\n\t<\/div>\n\n\t\n\n\t<div id=\"col-354305523\" class=\"col medium-3 small-6 large-3\"  >\n\t\t\t\t<div class=\"col-inner\"  >\n\t\t\t\n\t\t\t\n\n\t<div id=\"text-909219620\" class=\"text\">\n\t\t\n\n<p><i class=\"fa-graphite fa-thin fa-bed\"><\/i><span style=\"font-size: 65%;\"> Upgrade gratis*<\/span><\/p>\n\n\t\t\n<style>\n#text-909219620 {\n  font-size: 1.5rem;\n  line-height: 0.75;\n  text-align: center;\n  color: rgb(255,255,255);\n}\n#text-909219620 > * {\n  color: rgb(255,255,255);\n}\n<\/style>\n\t<\/div>\n\t\n\n\t\t<\/div>\n\t\t\t\t\n<style>\n#col-354305523 > .col-inner {\n  padding: 0px 0px 0px 0px;\n  margin: 0px 0px 0px 0px;\n}\n<\/style>\n\t<\/div>\n\n\t\n\n<\/div>\n\n\t\t<\/div>\n\n\t\t\n<style>\n#section_1252537920 {\n  padding-top: 10px;\n  padding-bottom: 10px;\n}\n#section_1252537920 .section-bg-overlay {\n  background-color: rgba(205, 131, 122, 0.983);\n}\n<\/style>\n\t<\/section>\n\t\n\n\t<section class=\"section\" id=\"section_1459274935\">\n\t\t<div class=\"section-bg fill\" >\n\t\t\t\t\t\t\t\t\t\n\t\t\t\n\n\t\t<\/div>\n\n\t\t\n\n\t\t<div class=\"section-content relative\">\n\t\t\t\n\n\t<div id=\"gap-806891050\" class=\"gap-element clearfix\" style=\"display:block; height:auto;\">\n\t\t\n<style>\n#gap-806891050 {\n  padding-top: 3rem;\n}\n<\/style>\n\t<\/div>\n\t\n\n<div class=\"row row-collapse align-middle align-center\"  id=\"row-71714987\">\n\n\n\t<div id=\"col-1888367450\" class=\"col small-12 large-12\"  >\n\t\t\t\t<div class=\"col-inner text-center\"  >\n\t\t\t\n\t\t\t\n\n\t<div id=\"text-3100241587\" class=\"text\">\n\t\t\n\n<p style=\"color:#cd837a;\">Hotel Kura Botanica Cura\u00e7ao <\/p>\n<p style=\"font-family:New Spirit;font-size:2.5rem; line-height:2.5rem; margin:1.5rem;\">Estamos deseando que llegue<\/br> para darle la bienvenida.<\/p>\n\t\t\n<style>\n#text-3100241587 {\n  color: rgb(0,0,0);\n}\n#text-3100241587 > * {\n  color: rgb(0,0,0);\n}\n<\/style>\n\t<\/div>\n\t\n\t<div id=\"gap-1092105303\" class=\"gap-element clearfix\" style=\"display:block; height:auto;\">\n\t\t\n<style>\n#gap-1092105303 {\n  padding-top: 20px;\n}\n<\/style>\n\t<\/div>\n\t\n\n<p><a data-clock-pms-wbe-button class=\"button alert\"><span>RESERVE HOY MISMO SU ESTANCIA<\/span><\/a><\/p>\n\n\n\t\t<\/div>\n\t\t\t\t\t<\/div>\n\n\t\n\n<\/div>\n\n\t\t<\/div>\n\n\t\t\n<style>\n#section_1459274935 {\n  padding-top: 30px;\n  padding-bottom: 30px;\n}\n<\/style>\n\t<\/section>\n\t\n","protected":false},"excerpt":{"rendered":"","protected":false},"author":4,"featured_media":0,"parent":0,"menu_order":0,"comment_status":"closed","ping_status":"closed","template":"page-blank.php","meta":{"footnotes":""},"class_list":["post-2235","page","type-page","status-publish","hentry"],"_links":{"self":[{"href":"https:\/\/kurabotanica.com\/es\/wp-json\/wp\/v2\/pages\/2235","targetHints":{"allow":["GET"]}}],"collection":[{"href":"https:\/\/kurabotanica.com\/es\/wp-json\/wp\/v2\/pages"}],"about":[{"href":"https:\/\/kurabotanica.com\/es\/wp-json\/wp\/v2\/types\/page"}],"author":[{"embeddable":true,"href":"https:\/\/kurabotanica.com\/es\/wp-json\/wp\/v2\/users\/4"}],"replies":[{"embeddable":true,"href":"https:\/\/kurabotanica.com\/es\/wp-json\/wp\/v2\/comments?post=2235"}],"version-history":[{"count":0,"href":"https:\/\/kurabotanica.com\/es\/wp-json\/wp\/v2\/pages\/2235\/revisions"}],"wp:attachment":[{"href":"https:\/\/kurabotanica.com\/es\/wp-json\/wp\/v2\/media?parent=2235"}],"curies":[{"name":"wp","href":"https:\/\/api.w.org\/{rel}","templated":true}]}}